{"id":75,"date":"2022-03-14T01:57:57","date_gmt":"2022-03-14T01:57:57","guid":{"rendered":"https:\/\/cpaleo.uqam.ca\/?page_id=75"},"modified":"2025-11-27T02:46:39","modified_gmt":"2025-11-27T02:46:39","slug":"stagiaires","status":"publish","type":"page","link":"https:\/\/cpaleo.uqam.ca\/en\/stagiaires\/","title":{"rendered":"Interns"},"content":{"rendered":"<div class=\"wp-block-cover alignfull is-light has-custom-content-position is-position-top-center\" style=\"min-height:250px;aspect-ratio:unset;\"><img loading=\"lazy\" decoding=\"async\" width=\"2272\" height=\"1704\" class=\"wp-block-cover__image-background wp-image-361\" alt=\"\" src=\"https:\/\/cpaleo.uqam.ca\/wp-content\/uploads\/2022\/03\/Laforge7_Ours-1.jpg\" style=\"object-position:53% 25%\" data-object-fit=\"cover\" data-object-position=\"53% 25%\" srcset=\"https:\/\/cpaleo.uqam.ca\/wp-content\/uploads\/2022\/03\/Laforge7_Ours-1.jpg 2272w, https:\/\/cpaleo.uqam.ca\/wp-content\/uploads\/2022\/03\/Laforge7_Ours-1-300x225.jpg 300w, https:\/\/cpaleo.uqam.ca\/wp-content\/uploads\/2022\/03\/Laforge7_Ours-1-1024x768.jpg 1024w, https:\/\/cpaleo.uqam.ca\/wp-content\/uploads\/2022\/03\/Laforge7_Ours-1-768x576.jpg 768w, https:\/\/cpaleo.uqam.ca\/wp-content\/uploads\/2022\/03\/Laforge7_Ours-1-1536x1152.jpg 1536w, https:\/\/cpaleo.uqam.ca\/wp-content\/uploads\/2022\/03\/Laforge7_Ours-1-2048x1536.jpg 2048w\" sizes=\"auto, (max-width: 2272px) 100vw, 2272px\" \/><span aria-hidden=\"true\" class=\"wp-block-cover__background has-background-dim-0 has-background-dim\"><\/span><div class=\"wp-block-cover__inner-container is-layout-flow wp-block-cover-is-layout-flow\">\n<p class=\"has-text-align-center\" style=\"font-size:30px\"><\/p>\n<\/div><\/div>\n\n\n\n<h2 class=\"wp-block-heading has-text-align-center\">Undergraduate<sup>.<\/sup> interns<\/h2>\n\n\n\n<div class=\"wp-block-columns is-layout-flex wp-container-core-columns-is-layout-9d6595d7 wp-block-columns-is-layout-flex\">\n<div class=\"wp-block-column is-layout-flow wp-block-column-is-layout-flow\" style=\"flex-basis:33.33%\">\n<h2 class=\"wp-block-heading has-text-align-right\">2025<\/h2>\n<\/div>\n\n\n\n<div class=\"wp-block-column is-layout-flow wp-block-column-is-layout-flow\" style=\"flex-basis:66.66%\">\n<p><strong>Rapha\u00eblle <strong>Gr\u00e9goire<\/strong><\/strong> : Quantifying carbon stocks in peatlands of temperate and boreal boreal regions of Canada<br><strong>Jo\u00eblle<\/strong> <strong>Cormier<\/strong> : Quantifying carbon stocks in peatlands of temperate and boreal boreal regions of Canada<br><strong>Guillaume Provost <\/strong> : Quantifying carbon stocks in peatlands of temperate and boreal boreal regions of Canada<br><strong>Arno Landry : <\/strong>: Quantifying carbon stocks in peatlands of temperate and boreal boreal regions of Canada<br><strong>Mireille Adam :<\/strong> Quantification and cartography of carbon reserves stored in wetlands of southern Qu\u00e9bec<strong><br>Camille Thibodeau<\/strong> : Evaluating the impacts of anthropogenic perturbations on the carbon storage capacity of ombrotrophic peatlands of southern Qu\u00e9bec<br><\/p>\n<\/div>\n<\/div>\n\n\n\n<div class=\"wp-block-columns is-layout-flex wp-container-core-columns-is-layout-9d6595d7 wp-block-columns-is-layout-flex\">\n<div class=\"wp-block-column is-layout-flow wp-block-column-is-layout-flow\" style=\"flex-basis:33.33%\">\n<h2 class=\"wp-block-heading has-text-align-right\">2024<\/h2>\n<\/div>\n\n\n\n<div class=\"wp-block-column is-layout-flow wp-block-column-is-layout-flow\" style=\"flex-basis:66.66%\">\n<p><strong>Laurianne Toupin <\/strong>Impact of total cutting on carbon sequestration and storage in forested peatlands of southern Quebec<br><strong>Enzo Durand <\/strong> Impact of total cutting on carbon sequestration and storage in forested peatlands of southern Quebec<br><strong>Gauthier Genez<\/strong> Carbon Quantification in Southern Quebec Wetlands and Park Canada Peatlands<br><strong>Didier Philippo<\/strong> Characterization of shrub carbon stocks in swamps and forested peatlands of southern Quebec<\/p>\n<\/div>\n<\/div>\n\n\n\n<div class=\"wp-block-columns is-layout-flex wp-container-core-columns-is-layout-9d6595d7 wp-block-columns-is-layout-flex\">\n<div class=\"wp-block-column is-layout-flow wp-block-column-is-layout-flow\" style=\"flex-basis:33.33%\">\n<h2 class=\"wp-block-heading has-text-align-right\">2023<\/h2>\n<\/div>\n\n\n\n<div class=\"wp-block-column is-layout-flow wp-block-column-is-layout-flow\" style=\"flex-basis:66.66%\">\n<p><strong>Didier Philippo <\/strong>: Carbon budget in natural and disturbed wetlands of southern Qu\u00e9bec<br><strong>Fr\u00e9d\u00e9rique Turmel<\/strong> : Mapping carbon reserves in wetlands of southern Qu\u00e9bec<br><strong>Maxim Nicolle<\/strong> : Carbon budget in natural and disturbed wetlands of southern Qu\u00e9bec<br><strong>Elsie Tom<\/strong> : Literature review and writing: explaining the afforestation of Lanoraie peatland<br><strong>Reno Bouchard<\/strong> : Participating in updating the C-PALEO database<\/p>\n<\/div>\n<\/div>\n\n\n\n<div class=\"wp-block-columns is-layout-flex wp-container-core-columns-is-layout-9d6595d7 wp-block-columns-is-layout-flex\">\n<div class=\"wp-block-column is-layout-flow wp-block-column-is-layout-flow\" style=\"flex-basis:33.33%\">\n<h2 class=\"wp-block-heading has-text-align-right\">2022<\/h2>\n<\/div>\n\n\n\n<div class=\"wp-block-column is-layout-flow wp-block-column-is-layout-flow\" style=\"flex-basis:66.66%\">\n<p><strong>Alexandre Gauthier<\/strong> : Participating in updating the C-PALEO website<br><strong>Didier Philippo<\/strong> : Impacts of the construction of the National Road 138 on the carbon dynamics of boreal peatlands of the C\u00f4te-Nord region<br><strong>Reno Bouchard<\/strong> : Participating in updating the C-PALEO database<\/p>\n<\/div>\n<\/div>\n\n\n\n<div class=\"wp-block-columns is-layout-flex wp-container-core-columns-is-layout-9d6595d7 wp-block-columns-is-layout-flex\">\n<div class=\"wp-block-column is-layout-flow wp-block-column-is-layout-flow\" style=\"flex-basis:33.33%\">\n<h2 class=\"wp-block-heading has-text-align-right\">2021<\/h2>\n<\/div>\n\n\n\n<div class=\"wp-block-column is-layout-flow wp-block-column-is-layout-flow\" style=\"flex-basis:66.66%\">\n<p><strong>Alexandre Gauthier<\/strong> : Carbon dynamics of marshes in the St. Lawrence Estuary; Loss on ignition analyses<br><strong>Reno Bouchard<\/strong>: Loss on ignition analyses<br><strong>Chlo\u00e9 Giraud<\/strong> : Carbon dynamics of marshes in the St. Lawrence Estuary<\/p>\n<\/div>\n<\/div>\n\n\n\n<div class=\"wp-block-columns is-layout-flex wp-container-core-columns-is-layout-9d6595d7 wp-block-columns-is-layout-flex\">\n<div class=\"wp-block-column is-layout-flow wp-block-column-is-layout-flow\" style=\"flex-basis:33.33%\">\n<h2 class=\"wp-block-heading has-text-align-right\">2020<\/h2>\n<\/div>\n\n\n\n<div class=\"wp-block-column is-layout-flow wp-block-column-is-layout-flow\" style=\"flex-basis:66.66%\">\n<p><strong>Alexandra Th\u00e9roux<\/strong>: Carbon dynamics of marshes in the St. Lawrence Estuary<\/p>\n<\/div>\n<\/div>\n\n\n\n<div class=\"wp-block-columns is-layout-flex wp-container-core-columns-is-layout-9d6595d7 wp-block-columns-is-layout-flex\">\n<div class=\"wp-block-column is-layout-flow wp-block-column-is-layout-flow\" style=\"flex-basis:33.33%\">\n<h2 class=\"wp-block-heading has-text-align-right\">2019<\/h2>\n<\/div>\n\n\n\n<div class=\"wp-block-column is-layout-flow wp-block-column-is-layout-flow\" style=\"flex-basis:66.66%\">\n<p><strong>Charles Bonneau<\/strong>: Carbon dynamics of peatlands in the Romaine River drainage basin<br><strong>J\u00e9r\u00e9mie Maill\u00e9-Bizier<\/strong> : Ecohydrological and carbon dynamics of maritime peatlands on Anticosti Island; Carbon dynamics of permafrost peatlands in Nunavik<br><strong>Karelle Trottier<\/strong> : Carbon dynamics of peatlands in the Romaine River drainage basin<br><strong>P\u00e9n\u00e9lope Germain Chartrand<\/strong>: Carbon dynamics of peatlands in the Romaine River drainage basin<\/p>\n<\/div>\n<\/div>\n\n\n\n<div class=\"wp-block-columns is-layout-flex wp-container-core-columns-is-layout-9d6595d7 wp-block-columns-is-layout-flex\">\n<div class=\"wp-block-column is-layout-flow wp-block-column-is-layout-flow\" style=\"flex-basis:33.33%\">\n<h2 class=\"wp-block-heading has-text-align-right\">2018<\/h2>\n<\/div>\n\n\n\n<div class=\"wp-block-column is-layout-flow wp-block-column-is-layout-flow\" style=\"flex-basis:66.66%\">\n<p><strong>Camille Girard<\/strong> : Carbon dynamics of peatlands in the Romaine River drainage basin<br><strong>Charles-Elie Dub\u00e9-Poirier<\/strong> : Carbon dynamics of peatlands in the Romaine River drainage basin<br><strong>Fran\u00e7ois Perron<\/strong> : Palynology in the subarctic peatlands of Qu\u00e9bec<br><strong>L\u00e9onie Perrier<\/strong> : Carbon dynamics of peatlands in the Romaine River drainage basin<\/p>\n<\/div>\n<\/div>\n\n\n\n<div class=\"wp-block-columns is-layout-flex wp-container-core-columns-is-layout-9d6595d7 wp-block-columns-is-layout-flex\">\n<div class=\"wp-block-column is-layout-flow wp-block-column-is-layout-flow\" style=\"flex-basis:33.33%\">\n<h2 class=\"wp-block-heading has-text-align-right\">2017<\/h2>\n<\/div>\n\n\n\n<div class=\"wp-block-column is-layout-flow wp-block-column-is-layout-flow\" style=\"flex-basis:66.66%\">\n<p><strong>Nolann Chaumont<\/strong> : Recent changes in subarctic peatlands<\/p>\n<\/div>\n<\/div>\n\n\n\n<div class=\"wp-block-columns is-layout-flex wp-container-core-columns-is-layout-9d6595d7 wp-block-columns-is-layout-flex\">\n<div class=\"wp-block-column is-layout-flow wp-block-column-is-layout-flow\" style=\"flex-basis:33.33%\">\n<h2 class=\"wp-block-heading has-text-align-right\">2016<\/h2>\n<\/div>\n\n\n\n<div class=\"wp-block-column is-layout-flow wp-block-column-is-layout-flow\" style=\"flex-basis:66.66%\">\n<p><strong>Joannie Beaulne-Raymond\u202f<\/strong>: Potential of thecamoebiens as paleoindicators of hydrological conditions in boreal forested peatlands <\/p>\n<\/div>\n<\/div>\n\n\n\n<div class=\"wp-block-columns is-layout-flex wp-container-core-columns-is-layout-9d6595d7 wp-block-columns-is-layout-flex\">\n<div class=\"wp-block-column is-layout-flow wp-block-column-is-layout-flow\" style=\"flex-basis:33.33%\">\n<h2 class=\"wp-block-heading has-text-align-right\">2015<\/h2>\n<\/div>\n\n\n\n<div class=\"wp-block-column is-layout-flow wp-block-column-is-layout-flow\" style=\"flex-basis:66.66%\">\n<p><strong>Joannie Beaulne-Raymond <\/strong>: Ecohydrological dynamics of the Lac-\u00e0-la-Tortue bog, Shawinigan<\/p>\n<\/div>\n<\/div>\n\n\n\n<div class=\"wp-block-columns is-layout-flex wp-container-core-columns-is-layout-9d6595d7 wp-block-columns-is-layout-flex\">\n<div class=\"wp-block-column is-layout-flow wp-block-column-is-layout-flow\" style=\"flex-basis:33.33%\">\n<h2 class=\"wp-block-heading has-text-align-right\">2014<\/h2>\n<\/div>\n\n\n\n<div class=\"wp-block-column is-layout-flow wp-block-column-is-layout-flow\" style=\"flex-basis:66.66%\">\n<p><strong>Aur\u00e9lie Dessain<\/strong>: Recent changes in vegetation and hydrology at the Lac-\u00e0-la-Tortue bog<br><strong>Xavier Fournier Tr\u00e9hout<\/strong>: Isotope analysis of <sup>18<\/sup>O from sphagnum moss<\/p>\n<\/div>\n<\/div>\n\n\n\n<div class=\"wp-block-columns is-layout-flex wp-container-core-columns-is-layout-9d6595d7 wp-block-columns-is-layout-flex\">\n<div class=\"wp-block-column is-layout-flow wp-block-column-is-layout-flow\" style=\"flex-basis:33.33%\">\n<h2 class=\"wp-block-heading has-text-align-right\">2013<\/h2>\n<\/div>\n\n\n\n<div class=\"wp-block-column is-layout-flow wp-block-column-is-layout-flow\" style=\"flex-basis:66.66%\">\n<p><strong>Maude C\u00f4t\u00e9-Desrosiers<\/strong> : Carbon budget of natural, exploited and restored peatlands <\/p>\n<\/div>\n<\/div>\n\n\n\n<div class=\"wp-block-columns is-layout-flex wp-container-core-columns-is-layout-9d6595d7 wp-block-columns-is-layout-flex\">\n<div class=\"wp-block-column is-layout-flow wp-block-column-is-layout-flow\" style=\"flex-basis:33.33%\">\n<h2 class=\"wp-block-heading has-text-align-right\">2011<\/h2>\n<\/div>\n\n\n\n<div class=\"wp-block-column is-layout-flow wp-block-column-is-layout-flow\" style=\"flex-basis:66.66%\">\n<p><strong>Annie Lamalice : <\/strong>C\u00f4te-Nord peatlands GHG assessment&nbsp;<br><strong>Arabelle Sauv\u00e9 :<\/strong> Holocene carbon dynamics of C\u00f4te-Nord peatlands&nbsp;<br><strong>Sabrina Longchamps\u202f:<\/strong> Paleohydrology and Holocene carbon cycle of C\u00f4te-Nord peatlands&nbsp;<br><strong>S\u00e9bastien Lacoste\u202f:<\/strong> Paleohydrology and Holocene carbon cycle of C\u00f4te-Nord peatlands and characterization of pond morphology in C\u00f4te-Nord peatlands&nbsp;<br><strong>Val\u00e9rie Lefran\u00e7ois :<\/strong> C\u00f4te-Nord peatlands GHG assessment&nbsp;<\/p>\n<\/div>\n<\/div>\n\n\n\n<div class=\"wp-block-columns is-layout-flex wp-container-core-columns-is-layout-9d6595d7 wp-block-columns-is-layout-flex\">\n<div class=\"wp-block-column is-layout-flow wp-block-column-is-layout-flow\" style=\"flex-basis:33.33%\">\n<h2 class=\"wp-block-heading has-text-align-right\">2010<\/h2>\n<\/div>\n\n\n\n<div class=\"wp-block-column is-layout-flow wp-block-column-is-layout-flow\" style=\"flex-basis:66.66%\">\n<p><strong>Alexandre Turcotte\u202f:<\/strong> Holocene carbon dynamics of C\u00f4te-Nord peatlands&nbsp;<br><strong>Antoine Thibault :<\/strong> Holocene carbon dynamics of C\u00f4te-Nord peatlands&nbsp;<br><strong>Arabelle Sauv\u00e9 :<\/strong> Holocene carbon dynamics of C\u00f4te-Nord peatlands&nbsp;<br><strong>S\u00e9bastien Lacoste :<\/strong> Holocene carbon dynamics of C\u00f4te-Nord peatlands&nbsp;<\/p>\n<\/div>\n<\/div>","protected":false},"excerpt":{"rendered":"<p>Stagiaires de 1er cycle 2025 Rapha\u00eblle Gr\u00e9goire : Quantification des r\u00e9servoirs de carbone dans les tourbi\u00e8res des r\u00e9gions temp\u00e9r\u00e9es et bor\u00e9ales du CanadaJo\u00eblle Cormier : Quantification des r\u00e9servoirs de carbone dans les tourbi\u00e8res des r\u00e9gions temp\u00e9r\u00e9es et bor\u00e9ales du CanadaGuillaume Provost : Quantification des r\u00e9servoirs de carbone dans les tourbi\u00e8res des r\u00e9gions temp\u00e9r\u00e9es et bor\u00e9ales&#8230;<\/p>","protected":false},"author":4,"featured_media":0,"parent":0,"menu_order":0,"comment_status":"closed","ping_status":"closed","template":"","meta":{"_kad_post_transparent":"","_kad_post_title":"","_kad_post_layout":"","_kad_post_sidebar_id":"","_kad_post_content_style":"","_kad_post_vertical_padding":"","_kad_post_feature":"","_kad_post_feature_position":"","_kad_post_header":false,"_kad_post_footer":false,"_kad_post_classname":"","footnotes":""},"class_list":["post-75","page","type-page","status-publish","hentry"],"_links":{"self":[{"href":"https:\/\/cpaleo.uqam.ca\/en\/wp-json\/wp\/v2\/pages\/75","targetHints":{"allow":["GET"]}}],"collection":[{"href":"https:\/\/cpaleo.uqam.ca\/en\/wp-json\/wp\/v2\/pages"}],"about":[{"href":"https:\/\/cpaleo.uqam.ca\/en\/wp-json\/wp\/v2\/types\/page"}],"author":[{"embeddable":true,"href":"https:\/\/cpaleo.uqam.ca\/en\/wp-json\/wp\/v2\/users\/4"}],"replies":[{"embeddable":true,"href":"https:\/\/cpaleo.uqam.ca\/en\/wp-json\/wp\/v2\/comments?post=75"}],"version-history":[{"count":27,"href":"https:\/\/cpaleo.uqam.ca\/en\/wp-json\/wp\/v2\/pages\/75\/revisions"}],"predecessor-version":[{"id":2194,"href":"https:\/\/cpaleo.uqam.ca\/en\/wp-json\/wp\/v2\/pages\/75\/revisions\/2194"}],"wp:attachment":[{"href":"https:\/\/cpaleo.uqam.ca\/en\/wp-json\/wp\/v2\/media?parent=75"}],"curies":[{"name":"wp","href":"https:\/\/api.w.org\/{rel}","templated":true}]}}