{"id":73,"date":"2022-03-14T01:57:42","date_gmt":"2022-03-14T01:57:42","guid":{"rendered":"https:\/\/cpaleo.uqam.ca\/?page_id=73"},"modified":"2025-06-10T18:44:00","modified_gmt":"2025-06-10T18:44:00","slug":"etudiants","status":"publish","type":"page","link":"https:\/\/cpaleo.uqam.ca\/en\/etudiants\/","title":{"rendered":"\u00c9tudiants"},"content":{"rendered":"<div class=\"wp-block-cover alignfull is-light has-custom-content-position is-position-top-center\" style=\"min-height:250px;aspect-ratio:unset;\"><img loading=\"lazy\" decoding=\"async\" width=\"2272\" height=\"1704\" class=\"wp-block-cover__image-background wp-image-361\" alt=\"\" src=\"https:\/\/cpaleo.uqam.ca\/wp-content\/uploads\/2022\/03\/Laforge7_Ours-1.jpg\" style=\"object-position:53% 25%\" data-object-fit=\"cover\" data-object-position=\"53% 25%\" srcset=\"https:\/\/cpaleo.uqam.ca\/wp-content\/uploads\/2022\/03\/Laforge7_Ours-1.jpg 2272w, https:\/\/cpaleo.uqam.ca\/wp-content\/uploads\/2022\/03\/Laforge7_Ours-1-300x225.jpg 300w, https:\/\/cpaleo.uqam.ca\/wp-content\/uploads\/2022\/03\/Laforge7_Ours-1-1024x768.jpg 1024w, https:\/\/cpaleo.uqam.ca\/wp-content\/uploads\/2022\/03\/Laforge7_Ours-1-768x576.jpg 768w, https:\/\/cpaleo.uqam.ca\/wp-content\/uploads\/2022\/03\/Laforge7_Ours-1-1536x1152.jpg 1536w, https:\/\/cpaleo.uqam.ca\/wp-content\/uploads\/2022\/03\/Laforge7_Ours-1-2048x1536.jpg 2048w\" sizes=\"auto, (max-width: 2272px) 100vw, 2272px\" \/><span aria-hidden=\"true\" class=\"wp-block-cover__background has-background-dim-0 has-background-dim\"><\/span><div class=\"wp-block-cover__inner-container is-layout-flow wp-block-cover-is-layout-flow\">\n<p class=\"has-text-align-center\" style=\"font-size:30px\"><\/p>\n<\/div><\/div>\n\n\n\n<p class=\"has-text-align-center has-medium-font-size\">Current students<\/p>\n\n\n\n<div class=\"wp-block-media-text alignwide is-stacked-on-mobile\"><figure class=\"wp-block-media-text__media\"><img loading=\"lazy\" decoding=\"async\" width=\"1024\" height=\"768\" src=\"https:\/\/cpaleo.uqam.ca\/wp-content\/uploads\/2025\/06\/photo_sabrina_compressee-1-1024x768.jpg\" alt=\"\" class=\"wp-image-2170 size-full\" srcset=\"https:\/\/cpaleo.uqam.ca\/wp-content\/uploads\/2025\/06\/photo_sabrina_compressee-1-1024x768.jpg 1024w, https:\/\/cpaleo.uqam.ca\/wp-content\/uploads\/2025\/06\/photo_sabrina_compressee-1-300x225.jpg 300w, https:\/\/cpaleo.uqam.ca\/wp-content\/uploads\/2025\/06\/photo_sabrina_compressee-1-768x576.jpg 768w, https:\/\/cpaleo.uqam.ca\/wp-content\/uploads\/2025\/06\/photo_sabrina_compressee-1-1536x1152.jpg 1536w, https:\/\/cpaleo.uqam.ca\/wp-content\/uploads\/2025\/06\/photo_sabrina_compressee-1-2048x1536.jpg 2048w, https:\/\/cpaleo.uqam.ca\/wp-content\/uploads\/2025\/06\/photo_sabrina_compressee-1-16x12.jpg 16w\" sizes=\"auto, (max-width: 1024px) 100vw, 1024px\" \/><\/figure><div class=\"wp-block-media-text__content\">\n<p class=\"has-medium-font-size\">Sabrina St-Georges | Maitrise en biologie (2025 \u2013 &#8230;)<\/p>\n\n\n\n<p><em><em>Evaluating the impacts of anthropogenic perturbations on the carbon storage capacity of ombrotrophic peatlands of southern Qu\u00e9bec. <\/em><\/em><\/p>\n\n\n\n<p><br>Supervisor: Michelle Garneau (UQAM)<br>Email: <a href=\"mailto:primeau.guillaume@courrier.uqam.ca\" data-type=\"mailto\" data-id=\"mailto:bouchard.reno@courrier.uqam.ca\" target=\"_blank\" rel=\"noreferrer noopener\">st-georges.sabrina@courrier.uqam.ca<\/a><br><a href=\"https:\/\/cpaleo.uqam.ca\/en\/quantification-et-cartographie-des-reserves-de-carbone-mesure-1-11-1-1\/\" data-type=\"URL\" data-id=\"https:\/\/cpaleo.uqam.ca\/quantification-et-cartographie-des-reserves-de-carbone-mesure-1-11-1-1\/\">Learn more about the project<\/a>\u00a0<\/p>\n<\/div><\/div>\n\n\n\n<div class=\"wp-block-media-text alignwide is-stacked-on-mobile\"><figure class=\"wp-block-media-text__media\"><img loading=\"lazy\" decoding=\"async\" width=\"1024\" height=\"771\" src=\"https:\/\/cpaleo.uqam.ca\/wp-content\/uploads\/2024\/07\/4ec2d5da-853b-4280-a665-dba69bd3269a-min-1024x771.jpg\" alt=\"\" class=\"wp-image-1990 size-full\" srcset=\"https:\/\/cpaleo.uqam.ca\/wp-content\/uploads\/2024\/07\/4ec2d5da-853b-4280-a665-dba69bd3269a-min-1024x771.jpg 1024w, https:\/\/cpaleo.uqam.ca\/wp-content\/uploads\/2024\/07\/4ec2d5da-853b-4280-a665-dba69bd3269a-min-300x226.jpg 300w, https:\/\/cpaleo.uqam.ca\/wp-content\/uploads\/2024\/07\/4ec2d5da-853b-4280-a665-dba69bd3269a-min-768x578.jpg 768w, https:\/\/cpaleo.uqam.ca\/wp-content\/uploads\/2024\/07\/4ec2d5da-853b-4280-a665-dba69bd3269a-min-1536x1157.jpg 1536w, https:\/\/cpaleo.uqam.ca\/wp-content\/uploads\/2024\/07\/4ec2d5da-853b-4280-a665-dba69bd3269a-min-16x12.jpg 16w, https:\/\/cpaleo.uqam.ca\/wp-content\/uploads\/2024\/07\/4ec2d5da-853b-4280-a665-dba69bd3269a-min.jpg 2040w\" sizes=\"auto, (max-width: 1024px) 100vw, 1024px\" \/><\/figure><div class=\"wp-block-media-text__content\">\n<p class=\"has-medium-font-size\">Didier Philippo | Master's degree in Biology (2024 \u2013 \u2026) <\/p>\n\n\n\n<p><em>Characterization of shrub carbon stocks in swamps and forested peatlands of southern Quebec<\/em><\/p>\n\n\n\n<p><br>Direction: Vincent Maire (UQTR) and Co-direction: Michelle Garneau (UQAM)<br>Email: <a href=\"mailto:primeau.guillaume@courrier.uqam.ca\" data-type=\"mailto\" data-id=\"mailto:bouchard.reno@courrier.uqam.ca\" target=\"_blank\" rel=\"noreferrer noopener\">philippo.didier@courrier.uqam.ca<\/a><br><a href=\"https:\/\/cpaleo.uqam.ca\/en\/etude-des-bilans-de-carbone-dans-les-milieux-humides-naturels-et-perturbes-du-quebec-meridional\/\" data-type=\"URL\" data-id=\"https:\/\/cpaleo.uqam.ca\/quantification-et-cartographie-des-reserves-de-carbone-mesure-1-11-1-1\/\">Learn more about the project<\/a>&nbsp;<\/p>\n<\/div><\/div>\n\n\n\n<div class=\"wp-block-media-text alignwide is-stacked-on-mobile\"><figure class=\"wp-block-media-text__media\"><img loading=\"lazy\" decoding=\"async\" width=\"1024\" height=\"768\" src=\"https:\/\/cpaleo.uqam.ca\/wp-content\/uploads\/2024\/07\/Boulard-J.-C-PALEO-min-1-1024x768.jpg\" alt=\"\" class=\"wp-image-1989 size-full\" srcset=\"https:\/\/cpaleo.uqam.ca\/wp-content\/uploads\/2024\/07\/Boulard-J.-C-PALEO-min-1-1024x768.jpg 1024w, https:\/\/cpaleo.uqam.ca\/wp-content\/uploads\/2024\/07\/Boulard-J.-C-PALEO-min-1-300x225.jpg 300w, https:\/\/cpaleo.uqam.ca\/wp-content\/uploads\/2024\/07\/Boulard-J.-C-PALEO-min-1-768x576.jpg 768w, https:\/\/cpaleo.uqam.ca\/wp-content\/uploads\/2024\/07\/Boulard-J.-C-PALEO-min-1-1536x1152.jpg 1536w, https:\/\/cpaleo.uqam.ca\/wp-content\/uploads\/2024\/07\/Boulard-J.-C-PALEO-min-1-2048x1536.jpg 2048w, https:\/\/cpaleo.uqam.ca\/wp-content\/uploads\/2024\/07\/Boulard-J.-C-PALEO-min-1-16x12.jpg 16w\" sizes=\"auto, (max-width: 1024px) 100vw, 1024px\" \/><\/figure><div class=\"wp-block-media-text__content\">\n<p class=\"has-medium-font-size\">Joanie Boulard | Master's degree in Biology (2024 \u2013 \u2026) <\/p>\n\n\n\n<p><em>Influence of afforestation on carbon storage capacity in ombrotrophic peatlands of southern Quebec<\/em><\/p>\n\n\n\n<p><br>Supervisor: Michelle Garneau (UQAM)<br>Email: <a href=\"mailto:primeau.guillaume@courrier.uqam.ca\" data-type=\"mailto\" data-id=\"mailto:bouchard.reno@courrier.uqam.ca\" target=\"_blank\" rel=\"noreferrer noopener\">boulard.joanie@courrier.uqam.ca<\/a><br><a href=\"https:\/\/cpaleo.uqam.ca\/en\/etude-des-bilans-de-carbone-dans-les-milieux-humides-naturels-et-perturbes-du-quebec-meridional\/\" data-type=\"URL\" data-id=\"https:\/\/cpaleo.uqam.ca\/quantification-et-cartographie-des-reserves-de-carbone-mesure-1-11-1-1\/\">Learn more about the project<\/a>&nbsp;<\/p>\n<\/div><\/div>\n\n\n\n<div class=\"wp-block-media-text alignwide is-stacked-on-mobile\"><figure class=\"wp-block-media-text__media\"><img loading=\"lazy\" decoding=\"async\" width=\"1024\" height=\"768\" src=\"https:\/\/cpaleo.uqam.ca\/wp-content\/uploads\/2024\/07\/c713e330-4414-4470-aa1e-8fc5143cc146-min-1-1024x768.jpg\" alt=\"\" class=\"wp-image-1988 size-full\" srcset=\"https:\/\/cpaleo.uqam.ca\/wp-content\/uploads\/2024\/07\/c713e330-4414-4470-aa1e-8fc5143cc146-min-1-1024x768.jpg 1024w, https:\/\/cpaleo.uqam.ca\/wp-content\/uploads\/2024\/07\/c713e330-4414-4470-aa1e-8fc5143cc146-min-1-300x225.jpg 300w, https:\/\/cpaleo.uqam.ca\/wp-content\/uploads\/2024\/07\/c713e330-4414-4470-aa1e-8fc5143cc146-min-1-768x576.jpg 768w, https:\/\/cpaleo.uqam.ca\/wp-content\/uploads\/2024\/07\/c713e330-4414-4470-aa1e-8fc5143cc146-min-1-1536x1152.jpg 1536w, https:\/\/cpaleo.uqam.ca\/wp-content\/uploads\/2024\/07\/c713e330-4414-4470-aa1e-8fc5143cc146-min-1-16x12.jpg 16w, https:\/\/cpaleo.uqam.ca\/wp-content\/uploads\/2024\/07\/c713e330-4414-4470-aa1e-8fc5143cc146-min-1.jpg 1824w\" sizes=\"auto, (max-width: 1024px) 100vw, 1024px\" \/><\/figure><div class=\"wp-block-media-text__content\">\n<p class=\"has-medium-font-size\">Fr\u00e9d\u00e9rique Turmel | Master's degree in Biology  (2024 \u2013 \u2026)<\/p>\n\n\n\n<p><em>Carbon balance of a salt marsh on the Malbaie barachois in Gasp\u00e9sie<\/em><\/p>\n\n\n\n<p><br>Supervisor: Michelle Garneau (UQAM)<br>Email: <a href=\"mailto:primeau.guillaume@courrier.uqam.ca\" data-type=\"mailto\" data-id=\"mailto:bouchard.reno@courrier.uqam.ca\" target=\"_blank\" rel=\"noreferrer noopener\">turmel.frederique@courrier.uqam.ca<\/a><\/p>\n<\/div><\/div>\n\n\n\n<div class=\"wp-block-media-text alignwide is-stacked-on-mobile\"><figure class=\"wp-block-media-text__media\"><img loading=\"lazy\" decoding=\"async\" width=\"1024\" height=\"683\" src=\"https:\/\/cpaleo.uqam.ca\/wp-content\/uploads\/2022\/03\/Guillaume-Primeau-1024x683.jpg\" alt=\"\" class=\"wp-image-754 size-full\" srcset=\"https:\/\/cpaleo.uqam.ca\/wp-content\/uploads\/2022\/03\/Guillaume-Primeau-1024x683.jpg 1024w, https:\/\/cpaleo.uqam.ca\/wp-content\/uploads\/2022\/03\/Guillaume-Primeau-300x200.jpg 300w, https:\/\/cpaleo.uqam.ca\/wp-content\/uploads\/2022\/03\/Guillaume-Primeau-768x512.jpg 768w, https:\/\/cpaleo.uqam.ca\/wp-content\/uploads\/2022\/03\/Guillaume-Primeau-1536x1025.jpg 1536w, https:\/\/cpaleo.uqam.ca\/wp-content\/uploads\/2022\/03\/Guillaume-Primeau.jpg 2048w\" sizes=\"auto, (max-width: 1024px) 100vw, 1024px\" \/><\/figure><div class=\"wp-block-media-text__content\">\n<p class=\"has-medium-font-size\">Guillaume Primeau | Doctorat en sciences de l&rsquo;environnement (2024 \u2013 &#8230;) ; Ma\u00eetrise en g\u00e9ographie (2016 \u2013 2020)&nbsp;<\/p>\n\n\n\n<p><em>Quantification and cartography of carbon reserves stored in wetlands of southern Qu\u00e9bec<\/em><br>Supervisor: Michelle Garneau (UQAM)<br>Email: <a href=\"mailto:primeau.guillaume@courrier.uqam.ca\" data-type=\"mailto\" data-id=\"mailto:bouchard.reno@courrier.uqam.ca\" target=\"_blank\" rel=\"noreferrer noopener\">primeau.guillaume@courrier.uqam.ca<\/a><br><a href=\"https:\/\/cpaleo.uqam.ca\/en\/quantification-et-cartographie-des-reserves-de-carbone-mesure-1-11-1-1\/\" data-type=\"URL\" data-id=\"https:\/\/cpaleo.uqam.ca\/quantification-et-cartographie-des-reserves-de-carbone-mesure-1-11-1-1\/\">Learn more about the project<\/a>&nbsp;<\/p>\n\n\n\n<p><em><a href=\"https:\/\/archipel.uqam.ca\/14749\/\" target=\"_blank\" rel=\"noreferrer noopener\">Reconstitution des conditions \u00e9cohydrologiques et accumulation du carbone dans les tourbi\u00e8res du bassin versant de la rivi\u00e8re Romaine, Minganie, Qu\u00e9bec<\/a><\/em><br>Supervisor: Michelle Garneau (UQAM)&nbsp;<br><a href=\"https:\/\/cpaleo.uqam.ca\/en\/romaine\/\" data-type=\"page\" data-id=\"154\">Learn more about the project<\/a>&nbsp;<\/p>\n<\/div><\/div>\n\n\n\n<div class=\"wp-block-media-text alignwide is-stacked-on-mobile\"><figure class=\"wp-block-media-text__media\"><img loading=\"lazy\" decoding=\"async\" width=\"1024\" height=\"768\" src=\"https:\/\/cpaleo.uqam.ca\/wp-content\/uploads\/2023\/05\/RENO-1024x768.jpg\" alt=\"\" class=\"wp-image-1721 size-full\" srcset=\"https:\/\/cpaleo.uqam.ca\/wp-content\/uploads\/2023\/05\/RENO-1024x768.jpg 1024w, https:\/\/cpaleo.uqam.ca\/wp-content\/uploads\/2023\/05\/RENO-300x225.jpg 300w, https:\/\/cpaleo.uqam.ca\/wp-content\/uploads\/2023\/05\/RENO-768x576.jpg 768w, https:\/\/cpaleo.uqam.ca\/wp-content\/uploads\/2023\/05\/RENO-1536x1152.jpg 1536w, https:\/\/cpaleo.uqam.ca\/wp-content\/uploads\/2023\/05\/RENO-2048x1537.jpg 2048w\" sizes=\"auto, (max-width: 1024px) 100vw, 1024px\" \/><\/figure><div class=\"wp-block-media-text__content\">\n<p class=\"has-medium-font-size\">Reno Bouchard | Master's degree in Biology (2023 \u2013 \u2026 )<\/p>\n\n\n\n<p><em>Evaluating the impacts of anthropogenic perturbations on the carbon storage capacity of ombrotrophic peatlands of southern Qu\u00e9bec.&nbsp;<\/em><br>Supervisor: Michelle Garneau (UQAM)<br>Email: <a href=\"mailto:bouchard.reno@courrier.uqam.ca\" data-type=\"mailto\" data-id=\"mailto:bouchard.reno@courrier.uqam.ca\" target=\"_blank\" rel=\"noreferrer noopener\">bouchard.reno@courrier.uqam.ca<\/a><\/p>\n\n\n\n<p><a href=\"https:\/\/cpaleo.uqam.ca\/en\/quantification-et-cartographie-des-reserves-de-carbone-mesure-1-11-1-1\/\" data-type=\"URL\" data-id=\"https:\/\/cpaleo.uqam.ca\/quantification-et-cartographie-des-reserves-de-carbone-mesure-1-11-1-1\/\">Learn more about the project<\/a>&nbsp;<\/p>\n<\/div><\/div>\n\n\n\n<div class=\"wp-block-media-text alignwide is-stacked-on-mobile\"><figure class=\"wp-block-media-text__media\"><img loading=\"lazy\" decoding=\"async\" width=\"1024\" height=\"770\" src=\"https:\/\/cpaleo.uqam.ca\/wp-content\/uploads\/2023\/06\/Joannie-1024x770.jpg\" alt=\"\" class=\"wp-image-1745 size-full\" srcset=\"https:\/\/cpaleo.uqam.ca\/wp-content\/uploads\/2023\/06\/Joannie-1024x770.jpg 1024w, https:\/\/cpaleo.uqam.ca\/wp-content\/uploads\/2023\/06\/Joannie-300x225.jpg 300w, https:\/\/cpaleo.uqam.ca\/wp-content\/uploads\/2023\/06\/Joannie-768x577.jpg 768w, https:\/\/cpaleo.uqam.ca\/wp-content\/uploads\/2023\/06\/Joannie-1536x1155.jpg 1536w, https:\/\/cpaleo.uqam.ca\/wp-content\/uploads\/2023\/06\/Joannie-2048x1539.jpg 2048w\" sizes=\"auto, (max-width: 1024px) 100vw, 1024px\" \/><\/figure><div class=\"wp-block-media-text__content\">\n<p class=\"has-medium-font-size\">Joannie Beaulne | Doctorate in Forest Sciences (2023 - ...); Master's degree in Geography (2017 - 2020)&nbsp;&nbsp;<\/p>\n\n\n\n<p><em>Dynamique de s\u00e9questration de carbone dans les tourbi\u00e8res bois\u00e9es et les mar\u00e9cages arborescents du sud du Qu\u00e9bec<\/em><br>Supervisors: \u00c9velyne Thiffault (ULaval) and Michelle Garneau (UQAM)<br>Email: <a href=\"mailto:joannie.beaulne-raymond.1@ulaval.ca\" data-type=\"mailto\" data-id=\"mailto:joannie.beaulne-raymond.1@ulaval.ca\" target=\"_blank\" rel=\"noreferrer noopener\">joannie.beaulne-raymond.1@ulaval.ca<\/a><br><a href=\"https:\/\/cpaleo.uqam.ca\/en\/bilan-de-carbone-mesure-1-13-1-1\/\" data-type=\"URL\" data-id=\"https:\/\/cpaleo.uqam.ca\/bilan-de-carbone-mesure-1-13-1-1\/\">Learn more about the project<\/a>&nbsp;<\/p>\n\n\n\n<p><em><a rel=\"noreferrer noopener\" href=\"https:\/\/archipel.uqam.ca\/14929\/\" target=\"_blank\">Croissance de l\u2019\u00e9pinette noire et s\u00e9questration du carbone dans les tourbi\u00e8res foresti\u00e8res de la pessi\u00e8re \u00e0 mousses de l\u2019ouest du Qu\u00e9bec<\/a><\/em>&nbsp;<br>Supervisors : Michelle Garneau (UQAM)\u00a0and \u00c9tienne Boucher (UQAM)&nbsp;                                                                                                                    <a href=\"https:\/\/cpaleo.uqam.ca\/en\/abitibi\/\" data-type=\"page\" data-id=\"174\">Learn more about the project<\/a>&nbsp;<\/p>\n<\/div><\/div>\n\n\n\n<div class=\"wp-block-media-text alignwide is-stacked-on-mobile\"><figure class=\"wp-block-media-text__media\"><img loading=\"lazy\" decoding=\"async\" width=\"1024\" height=\"683\" src=\"https:\/\/cpaleo.uqam.ca\/wp-content\/uploads\/2023\/05\/IMG_6957-1024x683.jpg\" alt=\"\" class=\"wp-image-1575 size-full\" srcset=\"https:\/\/cpaleo.uqam.ca\/wp-content\/uploads\/2023\/05\/IMG_6957-1024x683.jpg 1024w, https:\/\/cpaleo.uqam.ca\/wp-content\/uploads\/2023\/05\/IMG_6957-300x200.jpg 300w, https:\/\/cpaleo.uqam.ca\/wp-content\/uploads\/2023\/05\/IMG_6957-768x512.jpg 768w, https:\/\/cpaleo.uqam.ca\/wp-content\/uploads\/2023\/05\/IMG_6957-1536x1024.jpg 1536w, https:\/\/cpaleo.uqam.ca\/wp-content\/uploads\/2023\/05\/IMG_6957-2048x1365.jpg 2048w\" sizes=\"auto, (max-width: 1024px) 100vw, 1024px\" \/><\/figure><div class=\"wp-block-media-text__content\">\n<p class=\"has-medium-font-size\">Maxime Shaienks-Desrochers | Master's degree in Geography (2023 \u2013 \u2026 )<\/p>\n\n\n\n<p><em>Cartographie des stocks de carbone a\u0300 l\u2019\u00e9chelle du territoire nordique qu\u00e9b\u00e9cois pour les diff\u00e9rents types de milieux naturels qui y sont retrouv\u00e9s<\/em><br>Supervisor: Michelle Garneau (UQAM)<br>Email: <a href=\"mailto:shaienks-desrochers.maxime@courrier.uqam.ca\" data-type=\"mailto\" data-id=\"mailto:shaienks-desrochers.maxime@courrier.uqam.ca\" target=\"_blank\" rel=\"noreferrer noopener\">shaienks-desrochers.maxime@courrier.uqam.ca<\/a><\/p>\n\n\n\n<p><a href=\"https:\/\/cpaleo.uqam.ca\/en\/reservoirs-de-carbone-du-quebec-nordique\/\" data-type=\"URL\" data-id=\"https:\/\/cpaleo.uqam.ca\/reservoirs-de-carbone-du-quebec-nordique\/\">Learn more about the project<\/a>&nbsp;<\/p>\n<\/div><\/div>\n\n\n\n<div class=\"wp-block-media-text alignwide is-stacked-on-mobile\"><figure class=\"wp-block-media-text__media\"><img loading=\"lazy\" decoding=\"async\" width=\"1024\" height=\"768\" src=\"https:\/\/cpaleo.uqam.ca\/wp-content\/uploads\/2023\/05\/EAF_tourbiere_Frontenac_rogne-1024x768.png\" alt=\"\" class=\"wp-image-1579 size-full\" srcset=\"https:\/\/cpaleo.uqam.ca\/wp-content\/uploads\/2023\/05\/EAF_tourbiere_Frontenac_rogne-1024x768.png 1024w, https:\/\/cpaleo.uqam.ca\/wp-content\/uploads\/2023\/05\/EAF_tourbiere_Frontenac_rogne-300x225.png 300w, https:\/\/cpaleo.uqam.ca\/wp-content\/uploads\/2023\/05\/EAF_tourbiere_Frontenac_rogne-768x576.png 768w, https:\/\/cpaleo.uqam.ca\/wp-content\/uploads\/2023\/05\/EAF_tourbiere_Frontenac_rogne.png 1536w\" sizes=\"auto, (max-width: 1024px) 100vw, 1024px\" \/><\/figure><div class=\"wp-block-media-text__content\">\n<p class=\"has-medium-font-size\">\u00c9dith Auclair Fournier | Master's degree in Geography (2023 \u2013 \u2026 )<\/p>\n\n\n\n<p><em>\u00c9valuer l\u2019impact de l\u2019\u00e9volution r\u00e9cente de certains puits de carbone pour le r\u00e9seau d\u2019aires prot\u00e9g\u00e9es et de territoires de conservation (augmentation de l\u2019accumulation, expansion lat\u00e9rale) en lien avec le r\u00e9chauffement climatique<\/em><br>Supervisor : Pascale Roy-L\u00e9veill\u00e9 (ULaval) and co-supervisor Michelle Garneau (UQAM)<br>Email: <a href=\"mailto:edith.auclair-fournier.1@ulaval.ca\" data-type=\"mailto\" data-id=\"mailto:edith.auclair-fournier.1@ulaval.ca\" target=\"_blank\" rel=\"noreferrer noopener\">edith.auclair-fournier.1@ulaval.ca<\/a><\/p>\n\n\n\n<p><a href=\"https:\/\/cpaleo.uqam.ca\/en\/reservoirs-de-carbone-du-quebec-nordique\/\" data-type=\"URL\" data-id=\"https:\/\/cpaleo.uqam.ca\/reservoirs-de-carbone-du-quebec-nordique\/\">Learn more about the project<\/a>&nbsp;<\/p>\n<\/div><\/div>\n\n\n\n<div class=\"wp-block-media-text alignwide is-stacked-on-mobile\"><figure class=\"wp-block-media-text__media\"><img loading=\"lazy\" decoding=\"async\" width=\"1024\" height=\"770\" src=\"https:\/\/cpaleo.uqam.ca\/wp-content\/uploads\/2023\/05\/Chloe_Giraud-1024x770.jpeg\" alt=\"\" class=\"wp-image-1672 size-full\" srcset=\"https:\/\/cpaleo.uqam.ca\/wp-content\/uploads\/2023\/05\/Chloe_Giraud-1024x770.jpeg 1024w, https:\/\/cpaleo.uqam.ca\/wp-content\/uploads\/2023\/05\/Chloe_Giraud-300x226.jpeg 300w, https:\/\/cpaleo.uqam.ca\/wp-content\/uploads\/2023\/05\/Chloe_Giraud-768x578.jpeg 768w, https:\/\/cpaleo.uqam.ca\/wp-content\/uploads\/2023\/05\/Chloe_Giraud-1536x1156.jpeg 1536w, https:\/\/cpaleo.uqam.ca\/wp-content\/uploads\/2023\/05\/Chloe_Giraud-2048x1541.jpeg 2048w\" sizes=\"auto, (max-width: 1024px) 100vw, 1024px\" \/><\/figure><div class=\"wp-block-media-text__content\">\n<p class=\"has-medium-font-size\">Chlo\u00e9 Giraud | Master's degree in Biology (2022 \u2013 \u2026 )<\/p>\n\n\n\n<p><em><em>Impacts de la prolongation de la route 138 sur la capacit\u00e9 de s\u00e9questration des tourbi\u00e8res de la Basse-C\u00f4te-Nord<\/em>&nbsp;<\/em>&nbsp;<br>Supervisor: Michelle Garneau (UQAM)<br>Email: <a rel=\"noreferrer noopener\" href=\"mailto:giraud.chloe@courrier.uqam.ca\" target=\"_blank\">giraud.chloe@courrier.uqam.ca<\/a><\/p>\n\n\n\n<p><a href=\"https:\/\/cpaleo.uqam.ca\/en\/impacts-de-la-construction-de-la-route-nationale-138-sur-la-dynamique-du-carbone-des-tourbieres-boreales-de-la-cote-nord\/\" data-type=\"URL\" data-id=\"https:\/\/cpaleo.uqam.ca\/impacts-de-la-construction-de-la-route-nationale-138-sur-la-dynamique-du-carbone-des-tourbieres-boreales-de-la-cote-nord\/\">Learn more about the project<\/a>&nbsp;<\/p>\n<\/div><\/div>\n\n\n\n<div class=\"wp-block-media-text alignwide is-stacked-on-mobile\"><figure class=\"wp-block-media-text__media\"><img loading=\"lazy\" decoding=\"async\" width=\"1024\" height=\"576\" src=\"https:\/\/cpaleo.uqam.ca\/wp-content\/uploads\/2023\/05\/photo_aurelien_martin-1024x576.png\" alt=\"\" class=\"wp-image-1577 size-full\" srcset=\"https:\/\/cpaleo.uqam.ca\/wp-content\/uploads\/2023\/05\/photo_aurelien_martin-1024x576.png 1024w, https:\/\/cpaleo.uqam.ca\/wp-content\/uploads\/2023\/05\/photo_aurelien_martin-300x169.png 300w, https:\/\/cpaleo.uqam.ca\/wp-content\/uploads\/2023\/05\/photo_aurelien_martin-768x432.png 768w, https:\/\/cpaleo.uqam.ca\/wp-content\/uploads\/2023\/05\/photo_aurelien_martin-1536x864.png 1536w, https:\/\/cpaleo.uqam.ca\/wp-content\/uploads\/2023\/05\/photo_aurelien_martin-2048x1152.png 2048w\" sizes=\"auto, (max-width: 1024px) 100vw, 1024px\" \/><\/figure><div class=\"wp-block-media-text__content\">\n<p class=\"has-medium-font-size\">Aur\u00e9lien Martin | Master's degree in Geography (2022 \u2013 \u2026 )<\/p>\n\n\n\n<p><em>\u00c9volution \u00e9cog\u00e9omorphologique des marais du Kamouraska et de l\u2019Isle-Verte depuis l\u2019Holoc\u00e8ne sup\u00e9rieur:&nbsp; implications pour les services \u00e9cologiques<\/em><br>Supervisor: Pascal Bernatchez (UQAR) and co-supervisor Michelle Garneau (UQAM)<br>Email: <a href=\"mailto:Aurelien.Martin@uqar.ca\" data-type=\"mailto\" data-id=\"mailto:Aurelien.Martin@uqar.ca\" target=\"_blank\" rel=\"noreferrer noopener\">Aurelien.Martin@uqar.ca<\/a><\/p>\n\n\n\n<p><a href=\"https:\/\/cpaleo.uqam.ca\/en\/evolution-ecogeomorphologique-des-marais-du-kamouraska-et-de-lisle-verte-depuis-lholocene-superieur-implications-pour-les-services-ecologiques\/\" data-type=\"URL\" data-id=\"https:\/\/cpaleo.uqam.ca\/evolution-ecogeomorphologique-des-marais-du-kamouraska-et-de-lisle-verte-depuis-lholocene-superieur-implications-pour-les-services-ecologiques\/\">Learn more about the project<\/a>&nbsp;<\/p>\n<\/div><\/div>\n\n\n\n<div class=\"wp-block-media-text alignwide is-stacked-on-mobile\"><figure class=\"wp-block-media-text__media\"><img loading=\"lazy\" decoding=\"async\" width=\"1024\" height=\"768\" src=\"https:\/\/cpaleo.uqam.ca\/wp-content\/uploads\/2023\/05\/Alexandra_theroux-1024x768.jpg\" alt=\"\" class=\"wp-image-1715 size-full\" srcset=\"https:\/\/cpaleo.uqam.ca\/wp-content\/uploads\/2023\/05\/Alexandra_theroux-1024x768.jpg 1024w, https:\/\/cpaleo.uqam.ca\/wp-content\/uploads\/2023\/05\/Alexandra_theroux-300x225.jpg 300w, https:\/\/cpaleo.uqam.ca\/wp-content\/uploads\/2023\/05\/Alexandra_theroux-768x576.jpg 768w, https:\/\/cpaleo.uqam.ca\/wp-content\/uploads\/2023\/05\/Alexandra_theroux-1536x1152.jpg 1536w, https:\/\/cpaleo.uqam.ca\/wp-content\/uploads\/2023\/05\/Alexandra_theroux.jpg 2048w\" sizes=\"auto, (max-width: 1024px) 100vw, 1024px\" \/><\/figure><div class=\"wp-block-media-text__content\">\n<p class=\"has-medium-font-size\">Alexandra Th\u00e9roux | Master's degree in Geography (2022 \u2013 \u2026 )<\/p>\n\n\n\n<p><em>R\u00e9ponse \u00e9cog\u00e9omorphologique des marais maritimes des \u00eeles de la Madeleine a la hausse r\u00e9cente du niveau marin<\/em><br>Supervisor: Pascal Bernatchez (UQAR) and co-supervisor Michelle Garneau (UQAM)<br>Email: <a rel=\"noreferrer noopener\" href=\"mailto:Alexandra.Theroux@uqar.ca\" data-type=\"mailto\" data-id=\"mailto:Alexandra.Theroux@uqar.ca\" target=\"_blank\">Theroux.Alexandra@uqar.ca<\/a><\/p>\n\n\n\n<p><a href=\"https:\/\/cpaleo.uqam.ca\/en\/reponse-ecogeomorphologique-des-marais-maritimes-des-iles-de-la-madeleine-a-la-hausse-recente-du-niveau-marin\/\" data-type=\"URL\" data-id=\"https:\/\/cpaleo.uqam.ca\/reponse-ecogeomorphologique-des-marais-maritimes-des-iles-de-la-madeleine-a-la-hausse-recente-du-niveau-marin\/\">Learn more about the project<\/a>&nbsp;<\/p>\n<\/div><\/div>\n\n\n\n<p class=\"has-text-align-center has-medium-font-size\">Former students<\/p>\n\n\n\n<div class=\"wp-block-media-text alignwide is-stacked-on-mobile\"><figure class=\"wp-block-media-text__media\"><img loading=\"lazy\" decoding=\"async\" width=\"761\" height=\"570\" src=\"https:\/\/cpaleo.uqam.ca\/wp-content\/uploads\/2022\/03\/CamilleGirard3.jpg\" alt=\"\" class=\"wp-image-752 size-full\" srcset=\"https:\/\/cpaleo.uqam.ca\/wp-content\/uploads\/2022\/03\/CamilleGirard3.jpg 761w, https:\/\/cpaleo.uqam.ca\/wp-content\/uploads\/2022\/03\/CamilleGirard3-300x225.jpg 300w\" sizes=\"auto, (max-width: 761px) 100vw, 761px\" \/><\/figure><div class=\"wp-block-media-text__content\">\n<p class=\"has-medium-font-size\">Camille Girard | Master's degree in Geography  (2019 \u2013 2022)<\/p>\n\n\n\n<p><em><a href=\"https:\/\/archipel.uqam.ca\/17129\/\" data-type=\"link\" data-id=\"https:\/\/archipel.uqam.ca\/17129\/\"><em>R\u00e9ponse synchrone des tourbi\u00e8res \u00e0 perg\u00e9lisol face au r\u00e9chauffement climatique r\u00e9cent le long d\u2019un gradient latitudinal au Nunavik, dans l\u2019est du Canada<\/em>&nbsp;<\/a><\/em><br>Supervisor: Michelle Garneau (UQAM)<br><\/p>\n\n\n\n<p><a href=\"https:\/\/cpaleo.uqam.ca\/en\/les-effets-du-rechauffement-climatique-recent-sur-la-dynamique-du-carbone-des-tourbieres-a-pergelisol\/\" data-type=\"URL\" data-id=\"https:\/\/cpaleo.uqam.ca\/les-effets-du-rechauffement-climatique-recent-sur-la-dynamique-du-carbone-des-tourbieres-a-pergelisol\/\">Learn more about the project<\/a>&nbsp;<\/p>\n<\/div><\/div>\n\n\n\n<div class=\"wp-block-media-text alignwide is-stacked-on-mobile\"><figure class=\"wp-block-media-text__media\"><img loading=\"lazy\" decoding=\"async\" width=\"2452\" height=\"1839\" src=\"https:\/\/cpaleo.uqam.ca\/wp-content\/uploads\/2022\/04\/PENE.jpg\" alt=\"\" class=\"wp-image-860 size-full\" srcset=\"https:\/\/cpaleo.uqam.ca\/wp-content\/uploads\/2022\/04\/PENE.jpg 2452w, https:\/\/cpaleo.uqam.ca\/wp-content\/uploads\/2022\/04\/PENE-300x225.jpg 300w, https:\/\/cpaleo.uqam.ca\/wp-content\/uploads\/2022\/04\/PENE-1024x768.jpg 1024w, https:\/\/cpaleo.uqam.ca\/wp-content\/uploads\/2022\/04\/PENE-768x576.jpg 768w, https:\/\/cpaleo.uqam.ca\/wp-content\/uploads\/2022\/04\/PENE-1536x1152.jpg 1536w, https:\/\/cpaleo.uqam.ca\/wp-content\/uploads\/2022\/04\/PENE-2048x1536.jpg 2048w\" sizes=\"auto, (max-width: 2452px) 100vw, 2452px\" \/><\/figure><div class=\"wp-block-media-text__content\">\n<p class=\"has-medium-font-size\">P\u00e9n\u00e9lope Germain Chartrand | Master's degree in Geography  (2019 \u2013 2022)<\/p>\n\n\n\n<p><a href=\"https:\/\/archipel.uqam.ca\/17029\/\" data-type=\"link\" data-id=\"https:\/\/archipel.uqam.ca\/17029\/\"><em>Dynamique de l&rsquo;accumulation r\u00e9cente du carbone dans les tourbi\u00e8res \u00e0 perg\u00e9lisol suivant un gradient de nordicit\u00e9 aux Territoires du Nord-Ouest, Canada<\/em>&nbsp;<\/a><br>Supervisor: Michelle Garneau (UQAM)<br>Co-supervisor: Olivier Sonnentag (Universit\u00e9 de Montr\u00e9al)<br><\/p>\n\n\n\n<p><a href=\"https:\/\/cpaleo.uqam.ca\/en\/les-effets-du-rechauffement-climatique-recent-sur-la-dynamique-du-carbone-des-tourbieres-a-pergelisol\/\" data-type=\"URL\" data-id=\"https:\/\/cpaleo.uqam.ca\/les-effets-du-rechauffement-climatique-recent-sur-la-dynamique-du-carbone-des-tourbieres-a-pergelisol\/\">Learn more about the project<\/a>&nbsp;<\/p>\n<\/div><\/div>\n\n\n\n<div class=\"wp-block-media-text alignwide is-stacked-on-mobile\"><figure class=\"wp-block-media-text__media\"><img loading=\"lazy\" decoding=\"async\" width=\"1024\" height=\"679\" src=\"https:\/\/cpaleo.uqam.ca\/wp-content\/uploads\/2022\/03\/000002890004-1024x679.jpg\" alt=\"\" class=\"wp-image-196 size-full\" srcset=\"https:\/\/cpaleo.uqam.ca\/wp-content\/uploads\/2022\/03\/000002890004-1024x679.jpg 1024w, https:\/\/cpaleo.uqam.ca\/wp-content\/uploads\/2022\/03\/000002890004-300x199.jpg 300w, https:\/\/cpaleo.uqam.ca\/wp-content\/uploads\/2022\/03\/000002890004-768x509.jpg 768w, https:\/\/cpaleo.uqam.ca\/wp-content\/uploads\/2022\/03\/000002890004-1536x1019.jpg 1536w, https:\/\/cpaleo.uqam.ca\/wp-content\/uploads\/2022\/03\/000002890004-2048x1358.jpg 2048w\" sizes=\"auto, (max-width: 1024px) 100vw, 1024px\" \/><\/figure><div class=\"wp-block-media-text__content\">\n<p class=\"has-medium-font-size\">L\u00e9onie Perrier |  Master's degree in Geography (2019 \u2013 2021)&nbsp;&nbsp;<\/p>\n\n\n\n<p><a href=\"https:\/\/archipel.uqam.ca\/16181\/\" data-type=\"URL\" data-id=\"https:\/\/archipel.uqam.ca\/16181\/\" target=\"_blank\" rel=\"noreferrer noopener\"><em>Influence <em>du for\u00e7age climatique Holoc\u00e8ne sur les dynamiques \u00e9cohydrologiques et du carbone de deux tourbi\u00e8res maritimes de l&rsquo;\u00eele d&rsquo;Anticosti, golfe du Saint-Laurent, Qu\u00e9bec<\/em><\/em>&nbsp;<\/a><br>Supervisor: Michelle Garneau (UQAM)&nbsp;<br><\/p>\n\n\n\n<p><a href=\"https:\/\/cpaleo.uqam.ca\/en\/anticosti\/\" data-type=\"page\" data-id=\"172\">Learn more about the project<\/a>&nbsp;<\/p>\n<\/div><\/div>\n\n\n\n<div class=\"wp-block-media-text alignwide is-stacked-on-mobile\"><figure class=\"wp-block-media-text__media\"><img loading=\"lazy\" decoding=\"async\" width=\"1024\" height=\"768\" src=\"https:\/\/cpaleo.uqam.ca\/wp-content\/uploads\/2022\/04\/Antonin_Prijac_1-1024x768.jpg\" alt=\"\" class=\"wp-image-863 size-full\" srcset=\"https:\/\/cpaleo.uqam.ca\/wp-content\/uploads\/2022\/04\/Antonin_Prijac_1-1024x768.jpg 1024w, https:\/\/cpaleo.uqam.ca\/wp-content\/uploads\/2022\/04\/Antonin_Prijac_1-300x225.jpg 300w, https:\/\/cpaleo.uqam.ca\/wp-content\/uploads\/2022\/04\/Antonin_Prijac_1-768x576.jpg 768w, https:\/\/cpaleo.uqam.ca\/wp-content\/uploads\/2022\/04\/Antonin_Prijac_1-1536x1152.jpg 1536w, https:\/\/cpaleo.uqam.ca\/wp-content\/uploads\/2022\/04\/Antonin_Prijac_1.jpg 1899w\" sizes=\"auto, (max-width: 1024px) 100vw, 1024px\" \/><\/figure><div class=\"wp-block-media-text__content\">\n<p class=\"has-medium-font-size\">Antonin Prijac | Doctorate in Environmental Sciences (2018 \u2013 2022)<\/p>\n\n\n\n<p><em><a href=\"https:\/\/archipel.uqam.ca\/16906\/\" data-type=\"link\" data-id=\"https:\/\/archipel.uqam.ca\/16906\/\">Compr\u00e9hension des processus associ\u00e9s \u00e0 la composition et au transport de la mati\u00e8re organique dissoute \u00e0 l\u2019interface entre les milieux terrestres et aquatiques d\u2019une tourbi\u00e8re bor\u00e9ale ombrotrophe de l\u2019est du Canada<\/a><\/em><br>Supervisor: Michelle Garneau (UQAM)&nbsp;<br><\/p>\n\n\n\n<p><a href=\"https:\/\/cpaleo.uqam.ca\/en\/romaine\/\" data-type=\"page\" data-id=\"154\">Learn more about the project<\/a>&nbsp;<\/p>\n<\/div><\/div>\n\n\n\n<div class=\"wp-block-media-text alignwide is-stacked-on-mobile\"><figure class=\"wp-block-media-text__media\"><img loading=\"lazy\" decoding=\"async\" width=\"828\" height=\"621\" src=\"https:\/\/cpaleo.uqam.ca\/wp-content\/uploads\/2022\/04\/Genevieve_Corneau_1.jpg\" alt=\"\" class=\"wp-image-864 size-full\" srcset=\"https:\/\/cpaleo.uqam.ca\/wp-content\/uploads\/2022\/04\/Genevieve_Corneau_1.jpg 828w, https:\/\/cpaleo.uqam.ca\/wp-content\/uploads\/2022\/04\/Genevieve_Corneau_1-300x225.jpg 300w, https:\/\/cpaleo.uqam.ca\/wp-content\/uploads\/2022\/04\/Genevieve_Corneau_1-768x576.jpg 768w\" sizes=\"auto, (max-width: 828px) 100vw, 828px\" \/><\/figure><div class=\"wp-block-media-text__content\">\n<p class=\"has-medium-font-size\">Genevi\u00e8ve Corneau | Master's degree in Geography (2018 \u2013 2021)&nbsp;<\/p>\n\n\n\n<p><a rel=\"noreferrer noopener\" href=\"https:\/\/archipel.uqam.ca\/15058\/\" target=\"_blank\"><em>Assessment of vegetation changes in Canadian high-latitude non-forested peatlands between 1985 and 2017 from Landsat image time series<\/em>&nbsp;<\/a><br>Supervisor: Michelle Garneau (UQAM)&nbsp;<br>Co-supervisor: Koreen Millard (Carleton University)&nbsp;<br><\/p>\n\n\n\n<p><a href=\"https:\/\/cpaleo.uqam.ca\/en\/les-effets-du-rechauffement-climatique-recent-sur-la-dynamique-du-carbone-des-tourbieres-a-pergelisol\/\" data-type=\"URL\" data-id=\"https:\/\/cpaleo.uqam.ca\/les-effets-du-rechauffement-climatique-recent-sur-la-dynamique-du-carbone-des-tourbieres-a-pergelisol\/\">Learn more about the project<\/a>&nbsp;<\/p>\n<\/div><\/div>\n\n\n\n<div class=\"wp-block-media-text alignwide is-stacked-on-mobile\"><figure class=\"wp-block-media-text__media\"><img loading=\"lazy\" decoding=\"async\" width=\"1024\" height=\"680\" src=\"https:\/\/cpaleo.uqam.ca\/wp-content\/uploads\/2022\/03\/la_pref_de_Mylene-1024x680.jpg\" alt=\"\" class=\"wp-image-755 size-full\" srcset=\"https:\/\/cpaleo.uqam.ca\/wp-content\/uploads\/2022\/03\/la_pref_de_Mylene-1024x680.jpg 1024w, https:\/\/cpaleo.uqam.ca\/wp-content\/uploads\/2022\/03\/la_pref_de_Mylene-300x199.jpg 300w, https:\/\/cpaleo.uqam.ca\/wp-content\/uploads\/2022\/03\/la_pref_de_Mylene-768x510.jpg 768w, https:\/\/cpaleo.uqam.ca\/wp-content\/uploads\/2022\/03\/la_pref_de_Mylene-1536x1020.jpg 1536w, https:\/\/cpaleo.uqam.ca\/wp-content\/uploads\/2022\/03\/la_pref_de_Mylene.jpg 2041w\" sizes=\"auto, (max-width: 1024px) 100vw, 1024px\" \/><\/figure><div class=\"wp-block-media-text__content\">\n<p class=\"has-medium-font-size\">Myl\u00e8ne Robitaille | Master's degree in Geography (2016 \u2013 2019)&nbsp;<\/p>\n\n\n\n<p><a rel=\"noreferrer noopener\" href=\"https:\/\/archipel.uqam.ca\/14502\/\" target=\"_blank\"><em>Paleoecology and paleohydrology of two structured peatlands in the Monts Otish region, north-central Qu\u00e9bec<\/em>&nbsp;<\/a><br>Supervisor: Michelle Garneau (UQAM)&nbsp;<br><\/p>\n\n\n\n<p><a href=\"https:\/\/cpaleo.uqam.ca\/en\/paleoecologie-et-paleohydrologie-de-deux-tourbieres-structurees-de-la-region-des-monts-otish-centre-nord-du-quebec\/\" data-type=\"URL\" data-id=\"https:\/\/cpaleo.uqam.ca\/paleoecologie-et-paleohydrologie-de-deux-tourbieres-structurees-de-la-region-des-monts-otish-centre-nord-du-quebec\/\">Learn more about the project&nbsp;<\/a>&nbsp;<\/p>\n<\/div><\/div>\n\n\n\n<div class=\"wp-block-media-text alignwide is-stacked-on-mobile\"><figure class=\"wp-block-media-text__media\"><img loading=\"lazy\" decoding=\"async\" width=\"1024\" height=\"650\" src=\"https:\/\/cpaleo.uqam.ca\/wp-content\/uploads\/2022\/04\/DSCF5439-1-1024x650.jpg\" alt=\"\" class=\"wp-image-982 size-full\" srcset=\"https:\/\/cpaleo.uqam.ca\/wp-content\/uploads\/2022\/04\/DSCF5439-1-1024x650.jpg 1024w, https:\/\/cpaleo.uqam.ca\/wp-content\/uploads\/2022\/04\/DSCF5439-1-300x190.jpg 300w, https:\/\/cpaleo.uqam.ca\/wp-content\/uploads\/2022\/04\/DSCF5439-1-768x487.jpg 768w, https:\/\/cpaleo.uqam.ca\/wp-content\/uploads\/2022\/04\/DSCF5439-1-1536x974.jpg 1536w, https:\/\/cpaleo.uqam.ca\/wp-content\/uploads\/2022\/04\/DSCF5439-1-2048x1299.jpg 2048w\" sizes=\"auto, (max-width: 1024px) 100vw, 1024px\" \/><\/figure><div class=\"wp-block-media-text__content\">\n<p class=\"has-medium-font-size\">\u00c9loise Le Stum-Boivin | Master's degree in Geography (2015 \u2013 2018)&nbsp;&nbsp;<\/p>\n\n\n\n<p><em><a rel=\"noreferrer noopener\" href=\"https:\/\/archipel.uqam.ca\/12385\/\" target=\"_blank\">Reconstitution des conditions initiales de la paludification dans la pessi\u00e8re noire \u00e0 mousses du Qu\u00e9bec bor\u00e9al par l\u2019analyse pal\u00e9o\u00e9cologique de d\u00e9p\u00f4ts de tourbe <\/a><\/em>&nbsp;<br>Supervisor: Michelle Garneau (UQAM)&nbsp;<br>Co-supervisor: Nicole Fenton (UQAT)&nbsp;<br><\/p>\n\n\n\n<p><a href=\"https:\/\/cpaleo.uqam.ca\/en\/abitibi\/\" data-type=\"page\" data-id=\"174\">Learn more about the project&nbsp;<\/a><\/p>\n<\/div><\/div>\n\n\n\n<div class=\"wp-block-media-text alignwide is-stacked-on-mobile\"><figure class=\"wp-block-media-text__media\"><img loading=\"lazy\" decoding=\"async\" width=\"1024\" height=\"630\" src=\"https:\/\/cpaleo.uqam.ca\/wp-content\/uploads\/2022\/04\/photoprofil_LouisMartin-3-1024x630.jpg\" alt=\"\" class=\"wp-image-985 size-full\" srcset=\"https:\/\/cpaleo.uqam.ca\/wp-content\/uploads\/2022\/04\/photoprofil_LouisMartin-3-1024x630.jpg 1024w, https:\/\/cpaleo.uqam.ca\/wp-content\/uploads\/2022\/04\/photoprofil_LouisMartin-3-300x184.jpg 300w, https:\/\/cpaleo.uqam.ca\/wp-content\/uploads\/2022\/04\/photoprofil_LouisMartin-3-768x472.jpg 768w, https:\/\/cpaleo.uqam.ca\/wp-content\/uploads\/2022\/04\/photoprofil_LouisMartin-3-1536x944.jpg 1536w, https:\/\/cpaleo.uqam.ca\/wp-content\/uploads\/2022\/04\/photoprofil_LouisMartin-3-2048x1259.jpg 2048w\" sizes=\"auto, (max-width: 1024px) 100vw, 1024px\" \/><\/figure><div class=\"wp-block-media-text__content\">\n<p class=\"has-medium-font-size\">Louis-Martin Pilote | Master's degree in Geography  (2014 \u2013 2018)&nbsp;&nbsp;<\/p>\n\n\n\n<p><a rel=\"noreferrer noopener\" href=\"https:\/\/archipel.uqam.ca\/12355\/\" target=\"_blank\"><em>Paleoecological reconstruction of the initial development conditions of the Lac-\u00e0-la-Tortue peat complex, Mauricie, Qu\u00e9bec<\/em>&nbsp;<\/a><br>Supervisor: Michelle Garneau (UQAM)&nbsp;<br><\/p>\n\n\n\n<p><a href=\"https:\/\/cpaleo.uqam.ca\/en\/lac-a-la-tortue\/\" data-type=\"page\" data-id=\"160\">Learn more about the project<\/a>&nbsp;<\/p>\n<\/div><\/div>\n\n\n\n<div class=\"wp-block-media-text alignwide is-stacked-on-mobile\"><figure class=\"wp-block-media-text__media\"><img loading=\"lazy\" decoding=\"async\" width=\"1024\" height=\"682\" src=\"https:\/\/cpaleo.uqam.ca\/wp-content\/uploads\/2022\/03\/Steve-3-1024x682.jpg\" alt=\"\" class=\"wp-image-638 size-full\" srcset=\"https:\/\/cpaleo.uqam.ca\/wp-content\/uploads\/2022\/03\/Steve-3-1024x682.jpg 1024w, https:\/\/cpaleo.uqam.ca\/wp-content\/uploads\/2022\/03\/Steve-3-300x200.jpg 300w, https:\/\/cpaleo.uqam.ca\/wp-content\/uploads\/2022\/03\/Steve-3-768x512.jpg 768w, https:\/\/cpaleo.uqam.ca\/wp-content\/uploads\/2022\/03\/Steve-3-1536x1024.jpg 1536w, https:\/\/cpaleo.uqam.ca\/wp-content\/uploads\/2022\/03\/Steve-3.jpg 1712w\" sizes=\"auto, (max-width: 1024px) 100vw, 1024px\" \/><\/figure><div class=\"wp-block-media-text__content\">\n<p class=\"has-medium-font-size\">Steve Pratte | Doctorate in Earth and Atmospheric Sciences (2012 \u2013 2016) ; Master's degree in Earth and Planetary Sciences (2012)<\/p>\n\n\n\n<p><em><a rel=\"noreferrer noopener\" href=\"https:\/\/escholarship.mcgill.ca\/concern\/theses\/37720h47k?locale=en\" target=\"_blank\">History of atmospheric trace metal deposition along the St. Lawrence Valley (Quebec) using peat bog records<\/a><\/em>&nbsp;<br>Supervisor: Alfonso Mucci (McGill University)&nbsp;<br>Co-supervisor: Michelle Garneau (UQAM)&nbsp;<br><em><a rel=\"noreferrer noopener\" href=\"https:\/\/archipel.uqam.ca\/8960\/\" target=\"_blank\">Les tourbi\u00e8res ombrotrophes en tant qu\u2019archives de la variabilit\u00e9 des apports de poussi\u00e8res atmosph\u00e9riques holoc\u00e8nes au Qu\u00e9bec bor\u00e9al <\/a><\/em><br>Supervisor: Michelle Garneau (UQAM)&nbsp;<br>Co-supervisor:  Fran\u00e7ois de Vleeschouwer (EcoLab, CNRS)&nbsp;<br><\/p>\n\n\n\n<p><a href=\"https:\/\/cpaleo.uqam.ca\/en\/reconstruction-de-lhistorique-des-apports-atmospheriques-dans-la-vallee-du-saint-laurent-et-au-quebec-boreal\/\" data-type=\"URL\" data-id=\"https:\/\/cpaleo.uqam.ca\/reconstruction-de-lhistorique-des-apports-atmospheriques-dans-la-vallee-du-saint-laurent-et-au-quebec-boreal\/\">Learn more about the project<\/a>&nbsp;<\/p>\n<\/div><\/div>\n\n\n\n<div class=\"wp-block-media-text alignwide is-stacked-on-mobile\"><figure class=\"wp-block-media-text__media\"><img loading=\"lazy\" decoding=\"async\" width=\"1024\" height=\"768\" src=\"https:\/\/cpaleo.uqam.ca\/wp-content\/uploads\/2022\/04\/La-Grande7-1024x768.jpg\" alt=\"\" class=\"wp-image-1250 size-full\" srcset=\"https:\/\/cpaleo.uqam.ca\/wp-content\/uploads\/2022\/04\/La-Grande7-1024x768.jpg 1024w, https:\/\/cpaleo.uqam.ca\/wp-content\/uploads\/2022\/04\/La-Grande7-300x225.jpg 300w, https:\/\/cpaleo.uqam.ca\/wp-content\/uploads\/2022\/04\/La-Grande7-768x576.jpg 768w, https:\/\/cpaleo.uqam.ca\/wp-content\/uploads\/2022\/04\/La-Grande7.jpg 1280w\" sizes=\"auto, (max-width: 1024px) 100vw, 1024px\" \/><\/figure><div class=\"wp-block-media-text__content\">\n<p class=\"has-medium-font-size\">Val\u00e9rie Lefran\u00e7ois | Master's degree in Geography (2012 \u2013 2015)<\/p>\n\n\n\n<p><em><em><em><a rel=\"noreferrer noopener\" href=\"https:\/\/archipel.uqam.ca\/7701\/\" target=\"_blank\">Bilan de carbone (CO<sub>2<\/sub>, CH<sub>4<\/sub>\u202fet COD) des tourbi\u00e8res en r\u00e9colte, et restaur\u00e9es et naturelles des r\u00e9gions du Lac-Saint-Jean et de Manicouagan, Qu\u00e9bec<\/a><\/em>&nbsp;<br><\/em><\/em>Supervisor: Michelle Garneau (UQAM)&nbsp;<\/p>\n<\/div><\/div>\n\n\n\n<div class=\"wp-block-media-text alignwide is-stacked-on-mobile\"><figure class=\"wp-block-media-text__media\"><img loading=\"lazy\" decoding=\"async\" width=\"1024\" height=\"683\" src=\"https:\/\/cpaleo.uqam.ca\/wp-content\/uploads\/2022\/04\/NicoleSanderson2_etudiant-1024x683.jpg\" alt=\"\" class=\"wp-image-865 size-full\" srcset=\"https:\/\/cpaleo.uqam.ca\/wp-content\/uploads\/2022\/04\/NicoleSanderson2_etudiant-1024x683.jpg 1024w, https:\/\/cpaleo.uqam.ca\/wp-content\/uploads\/2022\/04\/NicoleSanderson2_etudiant-300x200.jpg 300w, https:\/\/cpaleo.uqam.ca\/wp-content\/uploads\/2022\/04\/NicoleSanderson2_etudiant-768x512.jpg 768w, https:\/\/cpaleo.uqam.ca\/wp-content\/uploads\/2022\/04\/NicoleSanderson2_etudiant-1536x1024.jpg 1536w, https:\/\/cpaleo.uqam.ca\/wp-content\/uploads\/2022\/04\/NicoleSanderson2_etudiant-2048x1365.jpg 2048w\" sizes=\"auto, (max-width: 1024px) 100vw, 1024px\" \/><\/figure><div class=\"wp-block-media-text__content\">\n<p class=\"has-medium-font-size\">Nicole Sanderson | Doctorate in Physical Geography (2011 \u2013 2016)&nbsp;<\/p>\n\n\n\n<p>PhD Physical Geography, University of Exeter, <br><a rel=\"noreferrer noopener\" href=\"https:\/\/ore.exeter.ac.uk\/repository\/handle\/10871\/24223\" target=\"_blank\"><em>Patterns and Drivers of Recent Peatland Carbon Accumulation in Northeastern Canada<\/em> <\/a>&nbsp;<br>Supervisor: Dan Charman (University of Exeter)&nbsp;<br>Co-supervisors : Michelle Garneau (UQAM) and Iain Hartley (University of Exeter)&nbsp;<br><\/p>\n\n\n\n<p><a href=\"http:\/\/epository\/handle\/10871\/24223\">Learn more about the project<\/a>&nbsp;<\/p>\n<\/div><\/div>\n\n\n\n<div class=\"wp-block-media-text alignwide is-stacked-on-mobile\"><figure class=\"wp-block-media-text__media\"><img loading=\"lazy\" decoding=\"async\" width=\"1024\" height=\"683\" src=\"https:\/\/cpaleo.uqam.ca\/wp-content\/uploads\/2022\/03\/Arabelle-Sauve-1024x683.jpg\" alt=\"\" class=\"wp-image-647 size-full\" srcset=\"https:\/\/cpaleo.uqam.ca\/wp-content\/uploads\/2022\/03\/Arabelle-Sauve-1024x683.jpg 1024w, https:\/\/cpaleo.uqam.ca\/wp-content\/uploads\/2022\/03\/Arabelle-Sauve-300x200.jpg 300w, https:\/\/cpaleo.uqam.ca\/wp-content\/uploads\/2022\/03\/Arabelle-Sauve-768x512.jpg 768w, https:\/\/cpaleo.uqam.ca\/wp-content\/uploads\/2022\/03\/Arabelle-Sauve-1536x1024.jpg 1536w, https:\/\/cpaleo.uqam.ca\/wp-content\/uploads\/2022\/03\/Arabelle-Sauve-2048x1366.jpg 2048w\" sizes=\"auto, (max-width: 1024px) 100vw, 1024px\" \/><\/figure><div class=\"wp-block-media-text__content\">\n<p class=\"has-medium-font-size\">Arabelle Sauv\u00e9 | Master's degree in Geography (2011 \u2013 2016)<\/p>\n\n\n\n<p><em><a rel=\"noreferrer noopener\" href=\"https:\/\/archipel.uqam.ca\/8942\/\" target=\"_blank\">Reconstitution holoc\u00e8ne de la v\u00e9g\u00e9tation et du climat pour les r\u00e9gions de Baie-Comeau et d&rsquo;Havre-Saint-Pierre, Qu\u00e9bec<\/a><\/em>&nbsp;<br>Supervisor: Michelle Garneau (UQAM)&nbsp;<br>Co-supervisor: Martin Lavoie (Universit\u00e9 Laval)&nbsp;<br><\/p>\n\n\n\n<p><a href=\"https:\/\/cpaleo.uqam.ca\/en\/cote-nord\/\" data-type=\"page\" data-id=\"168\">Learn more about the project<\/a>&nbsp;<\/p>\n<\/div><\/div>\n\n\n\n<div class=\"wp-block-media-text alignwide is-stacked-on-mobile\"><figure class=\"wp-block-media-text__media\"><img loading=\"lazy\" decoding=\"async\" width=\"1024\" height=\"768\" src=\"https:\/\/cpaleo.uqam.ca\/wp-content\/uploads\/2022\/04\/La-Grande7-1024x768.jpg\" alt=\"\" class=\"wp-image-1250 size-full\" srcset=\"https:\/\/cpaleo.uqam.ca\/wp-content\/uploads\/2022\/04\/La-Grande7-1024x768.jpg 1024w, https:\/\/cpaleo.uqam.ca\/wp-content\/uploads\/2022\/04\/La-Grande7-300x225.jpg 300w, https:\/\/cpaleo.uqam.ca\/wp-content\/uploads\/2022\/04\/La-Grande7-768x576.jpg 768w, https:\/\/cpaleo.uqam.ca\/wp-content\/uploads\/2022\/04\/La-Grande7.jpg 1280w\" sizes=\"auto, (max-width: 1024px) 100vw, 1024px\" \/><\/figure><div class=\"wp-block-media-text__content\">\n<p class=\"has-medium-font-size\">Mathieu Lemay-Tougas | Master's degree in Geography (2011 \u2013 2015)<\/p>\n\n\n\n<p><em><em><a rel=\"noreferrer noopener\" href=\"https:\/\/archipel.uqam.ca\/7241\/\" target=\"_blank\">Distribution des palynomorphes dans les s\u00e9diments marins au large de Pointe-des-Monts : \u00c9tude sur l\u2019\u00e9volution des \u00e9cosyst\u00e8mes tourbeux de la C\u00f4te-Nord du Qu\u00e9bec au cours de l\u2019Holoc\u00e8ne<\/a><\/em>&nbsp;<br><\/em>Supervisor: Michelle Garneau (UQAM)<em><br><\/em>Co-supervisor: Anne de Vernal (UQAM)&nbsp;<br><\/p>\n\n\n\n<p><a href=\"https:\/\/archipel.uqam.ca\/7241\/\">Learn more about the project<\/a><\/p>\n<\/div><\/div>\n\n\n\n<div class=\"wp-block-media-text alignwide is-stacked-on-mobile\"><figure class=\"wp-block-media-text__media\"><img loading=\"lazy\" decoding=\"async\" width=\"1024\" height=\"727\" src=\"https:\/\/cpaleo.uqam.ca\/wp-content\/uploads\/2022\/04\/101_8400-1-1024x727.jpg\" alt=\"\" class=\"wp-image-977 size-full\" srcset=\"https:\/\/cpaleo.uqam.ca\/wp-content\/uploads\/2022\/04\/101_8400-1-1024x727.jpg 1024w, https:\/\/cpaleo.uqam.ca\/wp-content\/uploads\/2022\/04\/101_8400-1-300x213.jpg 300w, https:\/\/cpaleo.uqam.ca\/wp-content\/uploads\/2022\/04\/101_8400-1-768x545.jpg 768w, https:\/\/cpaleo.uqam.ca\/wp-content\/uploads\/2022\/04\/101_8400-1-1536x1090.jpg 1536w, https:\/\/cpaleo.uqam.ca\/wp-content\/uploads\/2022\/04\/101_8400-1.jpg 2043w\" sizes=\"auto, (max-width: 1024px) 100vw, 1024px\" \/><\/figure><div class=\"wp-block-media-text__content\">\n<p class=\"has-medium-font-size\">Antoine Thibault | Master's degree in Geography (2011 \u2013 2014)<\/p>\n\n\n\n<p><em><a rel=\"noreferrer noopener\" href=\"https:\/\/archipel.uqam.ca\/7503\/\" target=\"_blank\">Caract\u00e9risation morphologique des mares de deux tourbi\u00e8res ombrotrophiques dans les r\u00e9gions de Baie Comeau et Havre-Saint-Pierre, C\u00f4te-Nord, Qu\u00e9bec<\/a><\/em>&nbsp;<br>Supervisor: Michelle Garneau (UQAM)&nbsp;<br><\/p>\n\n\n\n<p><a href=\"https:\/\/cpaleo.uqam.ca\/en\/cote-nord\/\" data-type=\"page\" data-id=\"168\">Learn more about the project<\/a><\/p>\n<\/div><\/div>\n\n\n\n<div class=\"wp-block-media-text alignwide is-stacked-on-mobile\"><figure class=\"wp-block-media-text__media\"><img loading=\"lazy\" decoding=\"async\" width=\"1024\" height=\"718\" src=\"https:\/\/cpaleo.uqam.ca\/wp-content\/uploads\/2022\/04\/NoemieCliche-Trudeau1-1024x718.jpg\" alt=\"\" class=\"wp-image-1034 size-full\" srcset=\"https:\/\/cpaleo.uqam.ca\/wp-content\/uploads\/2022\/04\/NoemieCliche-Trudeau1-1024x718.jpg 1024w, https:\/\/cpaleo.uqam.ca\/wp-content\/uploads\/2022\/04\/NoemieCliche-Trudeau1-300x210.jpg 300w, https:\/\/cpaleo.uqam.ca\/wp-content\/uploads\/2022\/04\/NoemieCliche-Trudeau1-768x539.jpg 768w, https:\/\/cpaleo.uqam.ca\/wp-content\/uploads\/2022\/04\/NoemieCliche-Trudeau1-1536x1077.jpg 1536w, https:\/\/cpaleo.uqam.ca\/wp-content\/uploads\/2022\/04\/NoemieCliche-Trudeau1.jpg 1943w\" sizes=\"auto, (max-width: 1024px) 100vw, 1024px\" \/><\/figure><div class=\"wp-block-media-text__content\">\n<p class=\"has-medium-font-size\">No\u00e9mie Cliche-Trudeau | Master's degree in Geography (2010 \u2013 2012)<\/p>\n\n\n\n<p><em><a rel=\"noreferrer noopener\" href=\"https:\/\/archipel.uqam.ca\/4595\/\" target=\"_blank\">Variabilit\u00e9 interannuelle du budget du carbone dans une tourbi\u00e8re aqualys\u00e9e de la portion nord est du bassin versant de la rivi\u00e8re La Grande<\/a><\/em>&nbsp;<br>Supervisor: Michelle Garneau (UQAM)&nbsp;<br><\/p>\n\n\n\n<p><a href=\"https:\/\/cpaleo.uqam.ca\/en\/aqualyse\/\" data-type=\"page\" data-id=\"170\">Learn more about the project<\/a><\/p>\n<\/div><\/div>\n\n\n\n<div class=\"wp-block-media-text alignwide is-stacked-on-mobile\"><figure class=\"wp-block-media-text__media\"><img loading=\"lazy\" decoding=\"async\" width=\"1024\" height=\"768\" src=\"https:\/\/cpaleo.uqam.ca\/wp-content\/uploads\/2022\/04\/La-Grande7-1024x768.jpg\" alt=\"\" class=\"wp-image-1250 size-full\" srcset=\"https:\/\/cpaleo.uqam.ca\/wp-content\/uploads\/2022\/04\/La-Grande7-1024x768.jpg 1024w, https:\/\/cpaleo.uqam.ca\/wp-content\/uploads\/2022\/04\/La-Grande7-300x225.jpg 300w, https:\/\/cpaleo.uqam.ca\/wp-content\/uploads\/2022\/04\/La-Grande7-768x576.jpg 768w, https:\/\/cpaleo.uqam.ca\/wp-content\/uploads\/2022\/04\/La-Grande7.jpg 1280w\" sizes=\"auto, (max-width: 1024px) 100vw, 1024px\" \/><\/figure><div class=\"wp-block-media-text__content\">\n<p class=\"has-medium-font-size\">Pierre-Luc Dallaire | Master's degree in Geography (2010)&nbsp;&nbsp;<\/p>\n\n\n\n<p><em><a rel=\"noreferrer noopener\" href=\"https:\/\/archipel.uqam.ca\/3912\/\" target=\"_blank\">Utilisation d&rsquo;un g\u00e9oradar afin de caract\u00e9riser la stratigraphie de la tourbe et estimer le carbone organique accumul\u00e9 dans une tourbi\u00e8re bor\u00e9ale, r\u00e9gion d&rsquo;Eastmain, Baie James, Qu\u00e9bec<\/a><\/em>&nbsp;<br>Supervisor: Michelle Garneau (UQAM)&nbsp;<br><\/p>\n\n\n\n<p><a href=\"https:\/\/cpaleo.uqam.ca\/en\/eastmain-1\/\" data-type=\"page\" data-id=\"166\">Learn more about the project<\/a>&nbsp;<\/p>\n<\/div><\/div>\n\n\n\n<div class=\"wp-block-media-text alignwide is-stacked-on-mobile\"><figure class=\"wp-block-media-text__media\"><img loading=\"lazy\" decoding=\"async\" width=\"1024\" height=\"768\" src=\"https:\/\/cpaleo.uqam.ca\/wp-content\/uploads\/2022\/04\/La-Grande7-1024x768.jpg\" alt=\"\" class=\"wp-image-1250 size-full\" srcset=\"https:\/\/cpaleo.uqam.ca\/wp-content\/uploads\/2022\/04\/La-Grande7-1024x768.jpg 1024w, https:\/\/cpaleo.uqam.ca\/wp-content\/uploads\/2022\/04\/La-Grande7-300x225.jpg 300w, https:\/\/cpaleo.uqam.ca\/wp-content\/uploads\/2022\/04\/La-Grande7-768x576.jpg 768w, https:\/\/cpaleo.uqam.ca\/wp-content\/uploads\/2022\/04\/La-Grande7.jpg 1280w\" sizes=\"auto, (max-width: 1024px) 100vw, 1024px\" \/><\/figure><div class=\"wp-block-media-text__content\">\n<p class=\"has-medium-font-size\">Louis Tremblay | Master's degree in Geography (2010)&nbsp;<\/p>\n\n\n\n<p><em><a rel=\"noreferrer noopener\" href=\"https:\/\/archipel.uqam.ca\/4704\/\" target=\"_blank\">Reconstitution pal\u00e9o\u00e9cologique du d\u00e9veloppement des mares dans deux tourbi\u00e8res min\u00e9rotrophes structur\u00e9es du Qu\u00e9bec subarctique<\/a><\/em>&nbsp;<br>Supervisor: Michelle Garneau (UQAM)&nbsp;<br><\/p>\n\n\n\n<p><a href=\"https:\/\/cpaleo.uqam.ca\/en\/aqualyse\/\" data-type=\"page\" data-id=\"170\">Learn more about the project<\/a>&nbsp;<\/p>\n<\/div><\/div>\n\n\n\n<div class=\"wp-block-media-text alignwide is-stacked-on-mobile\"><figure class=\"wp-block-media-text__media\"><img loading=\"lazy\" decoding=\"async\" width=\"1024\" height=\"683\" src=\"https:\/\/cpaleo.uqam.ca\/wp-content\/uploads\/2022\/04\/IMG_1862-1024x683.jpg\" alt=\"\" class=\"wp-image-974 size-full\" srcset=\"https:\/\/cpaleo.uqam.ca\/wp-content\/uploads\/2022\/04\/IMG_1862-1024x683.jpg 1024w, https:\/\/cpaleo.uqam.ca\/wp-content\/uploads\/2022\/04\/IMG_1862-300x200.jpg 300w, https:\/\/cpaleo.uqam.ca\/wp-content\/uploads\/2022\/04\/IMG_1862-768x512.jpg 768w, https:\/\/cpaleo.uqam.ca\/wp-content\/uploads\/2022\/04\/IMG_1862-1536x1024.jpg 1536w, https:\/\/cpaleo.uqam.ca\/wp-content\/uploads\/2022\/04\/IMG_1862-2048x1365.jpg 2048w\" sizes=\"auto, (max-width: 1024px) 100vw, 1024px\" \/><\/figure><div class=\"wp-block-media-text__content\">\n<p class=\"has-medium-font-size\">Gabriel Magnan | Doctorate in Environmental Sciences (2009 \u2013 2013)&nbsp;<\/p>\n\n\n\n<p><em><a rel=\"noreferrer noopener\" href=\"https:\/\/archipel.uqam.ca\/6167\/\" target=\"_blank\">Dynamique \u00e9cohydrologique et s\u00e9questration du carbone au cours de l&rsquo;Holoc\u00e8ne dans les tourbi\u00e8res ombrotrophes maritimes de l&rsquo;estuaire et du Golfe du St-Laurent<\/a><\/em>&nbsp;<br>Supervisor: Michelle Garneau (UQAM)&nbsp;<br>Co-supervisor: Serge Payette (Universit\u00e9 Laval)&nbsp;<br><\/p>\n\n\n\n<p><a href=\"https:\/\/cpaleo.uqam.ca\/en\/cote-nord\/\" data-type=\"page\" data-id=\"168\">Learn more about the project<\/a>&nbsp;<\/p>\n<\/div><\/div>\n\n\n\n<div class=\"wp-block-media-text alignwide is-stacked-on-mobile\"><figure class=\"wp-block-media-text__media\"><img loading=\"lazy\" decoding=\"async\" width=\"1024\" height=\"683\" src=\"https:\/\/cpaleo.uqam.ca\/wp-content\/uploads\/2022\/04\/IMG_1861-1024x683.jpg\" alt=\"\" class=\"wp-image-973 size-full\" srcset=\"https:\/\/cpaleo.uqam.ca\/wp-content\/uploads\/2022\/04\/IMG_1861-1024x683.jpg 1024w, https:\/\/cpaleo.uqam.ca\/wp-content\/uploads\/2022\/04\/IMG_1861-300x200.jpg 300w, https:\/\/cpaleo.uqam.ca\/wp-content\/uploads\/2022\/04\/IMG_1861-768x512.jpg 768w, https:\/\/cpaleo.uqam.ca\/wp-content\/uploads\/2022\/04\/IMG_1861-1536x1024.jpg 1536w, https:\/\/cpaleo.uqam.ca\/wp-content\/uploads\/2022\/04\/IMG_1861-2048x1365.jpg 2048w\" sizes=\"auto, (max-width: 1024px) 100vw, 1024px\" \/><\/figure><div class=\"wp-block-media-text__content\">\n<p class=\"has-medium-font-size\">Alexandre Lamarre | Master's degree in Geography (2009-2011)<\/p>\n\n\n\n<p><em><a rel=\"noreferrer noopener\" href=\"https:\/\/archipel.uqam.ca\/4106\/\" target=\"_blank\">D\u00e9veloppement d&rsquo;une fonction de transfert au moyen des th\u00e9camoebiens et reconstitution des conditions pal\u00e9oenvironnementales holoc\u00e8nes d&rsquo;une tourbi\u00e8re \u00e0 Palses, Kuujjurapik, Qu\u00e9bec nordique<\/a><\/em><br>Supervisor: Michelle Garneau (UQAM)<br><\/p>\n\n\n\n<p><a href=\"https:\/\/cpaleo.uqam.ca\/en\/kuujjuarapik\/\" data-type=\"page\" data-id=\"162\">Learn more about the project<\/a><\/p>\n<\/div><\/div>\n\n\n\n<div class=\"wp-block-media-text alignwide is-stacked-on-mobile\"><figure class=\"wp-block-media-text__media\"><img loading=\"lazy\" decoding=\"async\" width=\"1024\" height=\"622\" src=\"https:\/\/cpaleo.uqam.ca\/wp-content\/uploads\/2022\/04\/DSC00276-1024x622.jpg\" alt=\"\" class=\"wp-image-1013 size-full\" srcset=\"https:\/\/cpaleo.uqam.ca\/wp-content\/uploads\/2022\/04\/DSC00276-1024x622.jpg 1024w, https:\/\/cpaleo.uqam.ca\/wp-content\/uploads\/2022\/04\/DSC00276-300x182.jpg 300w, https:\/\/cpaleo.uqam.ca\/wp-content\/uploads\/2022\/04\/DSC00276-768x466.jpg 768w, https:\/\/cpaleo.uqam.ca\/wp-content\/uploads\/2022\/04\/DSC00276-1536x933.jpg 1536w, https:\/\/cpaleo.uqam.ca\/wp-content\/uploads\/2022\/04\/DSC00276-2048x1244.jpg 2048w\" sizes=\"auto, (max-width: 1024px) 100vw, 1024px\" \/><\/figure><div class=\"wp-block-media-text__content\">\n<p class=\"has-medium-font-size\">Marilou Hayes | Master's degree in Geography (2009 \u2013 2011)&nbsp;<\/p>\n\n\n\n<p><em><a rel=\"noreferrer noopener\" href=\"https:\/\/archipel.uqam.ca\/4107\/\" target=\"_blank\">Validation du signal \u03b418O dans la cellulose de bryophytes de tourbi\u00e8res comme indicateur pal\u00e9oclimatique et son application dans la reconstitution pal\u00e9oenvironnementale d&rsquo;une tourbi\u00e8re \u00e0 palses, Kuujjuarapik, Qu\u00e9bec<\/a><\/em>&nbsp;<br>Supervisor: Michelle Garneau (UQAM)&nbsp;<br><\/p>\n\n\n\n<p><a href=\"https:\/\/cpaleo.uqam.ca\/en\/kuujjuarapik\/\" data-type=\"page\" data-id=\"162\">Learn more about the project<\/a>&nbsp;&nbsp;<\/p>\n<\/div><\/div>\n\n\n\n<div class=\"wp-block-media-text alignwide is-stacked-on-mobile\"><figure class=\"wp-block-media-text__media\"><img loading=\"lazy\" decoding=\"async\" width=\"1024\" height=\"683\" src=\"https:\/\/cpaleo.uqam.ca\/wp-content\/uploads\/2022\/04\/IMG_4084-1-1024x683.jpg\" alt=\"\" class=\"wp-image-1006 size-full\" srcset=\"https:\/\/cpaleo.uqam.ca\/wp-content\/uploads\/2022\/04\/IMG_4084-1-1024x683.jpg 1024w, https:\/\/cpaleo.uqam.ca\/wp-content\/uploads\/2022\/04\/IMG_4084-1-300x200.jpg 300w, https:\/\/cpaleo.uqam.ca\/wp-content\/uploads\/2022\/04\/IMG_4084-1-768x512.jpg 768w, https:\/\/cpaleo.uqam.ca\/wp-content\/uploads\/2022\/04\/IMG_4084-1-1536x1024.jpg 1536w, https:\/\/cpaleo.uqam.ca\/wp-content\/uploads\/2022\/04\/IMG_4084-1-2048x1365.jpg 2048w\" sizes=\"auto, (max-width: 1024px) 100vw, 1024px\" \/><\/figure><div class=\"wp-block-media-text__content\">\n<p class=\"has-medium-font-size\">Jessica Lagac\u00e9 Banville | Master's degree in Geography (2009)&nbsp;<\/p>\n\n\n\n<p><em><a rel=\"noreferrer noopener\" href=\"https:\/\/archipel.uqam.ca\/2264\/\" target=\"_blank\">Caract\u00e9risation des stocks de carbone de 5 types de formations v\u00e9g\u00e9tales dans un secteur du bassin versant de la rivi\u00e8re Eastmain, Baie James<\/a><\/em>&nbsp;<br>Supervisor: Michelle Garneau (UQAM)&nbsp;<br><\/p>\n\n\n\n<p><a href=\"https:\/\/cpaleo.uqam.ca\/en\/eastmain-1\/\" data-type=\"page\" data-id=\"166\">Learn more about the project<\/a>&nbsp;<\/p>\n<\/div><\/div>\n\n\n\n<div class=\"wp-block-media-text alignwide is-stacked-on-mobile\"><figure class=\"wp-block-media-text__media\"><img loading=\"lazy\" decoding=\"async\" width=\"1024\" height=\"768\" src=\"https:\/\/cpaleo.uqam.ca\/wp-content\/uploads\/2022\/04\/La-Grande7-1024x768.jpg\" alt=\"\" class=\"wp-image-1250 size-full\" srcset=\"https:\/\/cpaleo.uqam.ca\/wp-content\/uploads\/2022\/04\/La-Grande7-1024x768.jpg 1024w, https:\/\/cpaleo.uqam.ca\/wp-content\/uploads\/2022\/04\/La-Grande7-300x225.jpg 300w, https:\/\/cpaleo.uqam.ca\/wp-content\/uploads\/2022\/04\/La-Grande7-768x576.jpg 768w, https:\/\/cpaleo.uqam.ca\/wp-content\/uploads\/2022\/04\/La-Grande7.jpg 1280w\" sizes=\"auto, (max-width: 1024px) 100vw, 1024px\" \/><\/figure><div class=\"wp-block-media-text__content\">\n<p class=\"has-medium-font-size\">Julie Loisel | Master's degree in Geography (2009)&nbsp;<\/p>\n\n\n\n<p><em><a rel=\"noreferrer noopener\" href=\"https:\/\/archipel.uqam.ca\/2291\/\" target=\"_blank\">Reconstitution pal\u00e9o\u00e9cologique de deux tourbi\u00e8res bor\u00e9ales \u00e0 l&rsquo;Holoc\u00e8ne r\u00e9cent dans le bassin versant de la Rivi\u00e8re Eastmain, Baie James, Qu\u00e9bec <\/a><\/em>&nbsp;<br>Supervisor: Michelle Garneau (UQAM)&nbsp;<br><\/p>\n\n\n\n<p><a href=\"https:\/\/cpaleo.uqam.ca\/en\/eastmain-1\/\" data-type=\"page\" data-id=\"166\">Learn more about the project<\/a>&nbsp;&nbsp;<\/p>\n<\/div><\/div>\n\n\n\n<div class=\"wp-block-media-text alignwide is-stacked-on-mobile\"><figure class=\"wp-block-media-text__media\"><img loading=\"lazy\" decoding=\"async\" width=\"1024\" height=\"768\" src=\"https:\/\/cpaleo.uqam.ca\/wp-content\/uploads\/2022\/04\/La-Grande7-1024x768.jpg\" alt=\"\" class=\"wp-image-1250 size-full\" srcset=\"https:\/\/cpaleo.uqam.ca\/wp-content\/uploads\/2022\/04\/La-Grande7-1024x768.jpg 1024w, https:\/\/cpaleo.uqam.ca\/wp-content\/uploads\/2022\/04\/La-Grande7-300x225.jpg 300w, https:\/\/cpaleo.uqam.ca\/wp-content\/uploads\/2022\/04\/La-Grande7-768x576.jpg 768w, https:\/\/cpaleo.uqam.ca\/wp-content\/uploads\/2022\/04\/La-Grande7.jpg 1280w\" sizes=\"auto, (max-width: 1024px) 100vw, 1024px\" \/><\/figure><div class=\"wp-block-media-text__content\">\n<p class=\"has-medium-font-size\">Lazar Augustin A. Aguiar | Doctorate in Environmental Sciences (2009)&nbsp;<\/p>\n\n\n\n<p><em><a rel=\"noreferrer noopener\" href=\"https:\/\/archipel.uqam.ca\/2222\/\" target=\"_blank\">Impact de la variabilit\u00e9 climatique r\u00e9cente sur les \u00e9cosyst\u00e8mes des Niayes du S\u00e9n\u00e9gal entre 1950 et 2004<\/a><\/em>&nbsp;<br>Supervisor: Michelle Garneau (UQAM)&nbsp;<br><\/p>\n\n\n\n<p><a rel=\"noreferrer noopener\" href=\"https:\/\/archipel.uqam.ca\/2222\/\" target=\"_blank\">Learn more about the project&nbsp;<\/a><\/p>\n<\/div><\/div>\n\n\n\n<div class=\"wp-block-media-text alignwide is-stacked-on-mobile\"><figure class=\"wp-block-media-text__media\"><img loading=\"lazy\" decoding=\"async\" width=\"1024\" height=\"768\" src=\"https:\/\/cpaleo.uqam.ca\/wp-content\/uploads\/2022\/04\/La-Grande7-1024x768.jpg\" alt=\"\" class=\"wp-image-1250 size-full\" srcset=\"https:\/\/cpaleo.uqam.ca\/wp-content\/uploads\/2022\/04\/La-Grande7-1024x768.jpg 1024w, https:\/\/cpaleo.uqam.ca\/wp-content\/uploads\/2022\/04\/La-Grande7-300x225.jpg 300w, https:\/\/cpaleo.uqam.ca\/wp-content\/uploads\/2022\/04\/La-Grande7-768x576.jpg 768w, https:\/\/cpaleo.uqam.ca\/wp-content\/uploads\/2022\/04\/La-Grande7.jpg 1280w\" sizes=\"auto, (max-width: 1024px) 100vw, 1024px\" \/><\/figure><div class=\"wp-block-media-text__content\">\n<p class=\"has-medium-font-size\">Marie Raphoz | Master's degree in Geography (2008)&nbsp;<\/p>\n\n\n\n<p><em><a rel=\"noreferrer noopener\" href=\"https:\/\/archipel.uqam.ca\/1000\/\" target=\"_blank\">Impacts des concentrations atmosph\u00e9riques d&rsquo;a\u00e9roallerg\u00e8nes de spores sur les visites \u00e0 l&rsquo;urgence pour asthme chez les enfants montr\u00e9alais, entre 1994 et 2004<\/a> <\/em>&nbsp;<br>Supervisor: Michelle Garneau (UQAM)&nbsp;<br>Co-supervisor: Mark Goldberg (McGill University)&nbsp;<br><\/p>\n\n\n\n<p><a rel=\"noreferrer noopener\" href=\"https:\/\/archipel.uqam.ca\/1000\/\" target=\"_blank\">Learn more about the project<\/a><\/p>\n<\/div><\/div>\n\n\n\n<div class=\"wp-block-media-text alignwide is-stacked-on-mobile\"><figure class=\"wp-block-media-text__media\"><img loading=\"lazy\" decoding=\"async\" width=\"1024\" height=\"768\" src=\"https:\/\/cpaleo.uqam.ca\/wp-content\/uploads\/2022\/04\/La-Grande7-1024x768.jpg\" alt=\"\" class=\"wp-image-1250 size-full\" srcset=\"https:\/\/cpaleo.uqam.ca\/wp-content\/uploads\/2022\/04\/La-Grande7-1024x768.jpg 1024w, https:\/\/cpaleo.uqam.ca\/wp-content\/uploads\/2022\/04\/La-Grande7-300x225.jpg 300w, https:\/\/cpaleo.uqam.ca\/wp-content\/uploads\/2022\/04\/La-Grande7-768x576.jpg 768w, https:\/\/cpaleo.uqam.ca\/wp-content\/uploads\/2022\/04\/La-Grande7.jpg 1280w\" sizes=\"auto, (max-width: 1024px) 100vw, 1024px\" \/><\/figure><div class=\"wp-block-media-text__content\">\n<p class=\"has-medium-font-size\">L\u00e9a H\u00e9guy | Master's degree in Geography (2007)&nbsp;<\/p>\n\n\n\n<p><em><a rel=\"noreferrer noopener\" href=\"https:\/\/archipel.uqam.ca\/932\/\" target=\"_blank\">Associations entre le pollen de gramin\u00e9es et d&rsquo;herbac\u00e9es et les visites \u00e0 l&rsquo;urgence pour asthme chez les enfants \u00e0 Montr\u00e9al, entre 1994 et 2004<\/a><\/em>&nbsp;<br>Supervisor: Michelle Garneau (UQAM)&nbsp;<br>Co-supervisor: Mark Goldberg (McGill University)&nbsp;<br><\/p>\n\n\n\n<p><a rel=\"noreferrer noopener\" href=\"https:\/\/archipel.uqam.ca\/932\/\" target=\"_blank\">Learn more about the project<\/a>&nbsp;<\/p>\n<\/div><\/div>\n\n\n\n<div class=\"wp-block-media-text alignwide is-stacked-on-mobile\"><figure class=\"wp-block-media-text__media\"><img loading=\"lazy\" decoding=\"async\" width=\"1024\" height=\"682\" src=\"https:\/\/cpaleo.uqam.ca\/wp-content\/uploads\/2022\/03\/SimonvanBellen1-1024x682.jpg\" alt=\"\" class=\"wp-image-645 size-full\" srcset=\"https:\/\/cpaleo.uqam.ca\/wp-content\/uploads\/2022\/03\/SimonvanBellen1-1024x682.jpg 1024w, https:\/\/cpaleo.uqam.ca\/wp-content\/uploads\/2022\/03\/SimonvanBellen1-300x200.jpg 300w, https:\/\/cpaleo.uqam.ca\/wp-content\/uploads\/2022\/03\/SimonvanBellen1-768x512.jpg 768w, https:\/\/cpaleo.uqam.ca\/wp-content\/uploads\/2022\/03\/SimonvanBellen1-1536x1023.jpg 1536w, https:\/\/cpaleo.uqam.ca\/wp-content\/uploads\/2022\/03\/SimonvanBellen1-2048x1365.jpg 2048w\" sizes=\"auto, (max-width: 1024px) 100vw, 1024px\" \/><\/figure><div class=\"wp-block-media-text__content\">\n<p class=\"has-medium-font-size\">Simon van Bellen | Doctorate in Environmental Sciences (2006 \u2013 2011)<\/p>\n\n\n\n<p><em><a rel=\"noreferrer noopener\" href=\"https:\/\/archipel.uqam.ca\/4015\/\" target=\"_blank\">Accumulation du carbone dans trois tourbi\u00e8res ombrotrophes de la r\u00e9gion d\u2019Eastmain, Qu\u00e9bec, Canada\u202f: influence de l\u2019hydrologie, de la v\u00e9g\u00e9tation et des feux dans le contexte climatique holoc\u00e8ne<\/a><\/em><br>Supervisor: Michelle Garneau (UQAM)&nbsp;<br>Co-supervisor: Yves Bergeron (UQAT)&nbsp;<br><\/p>\n\n\n\n<p><a href=\"https:\/\/cpaleo.uqam.ca\/en\/eastmain-1\/\" data-type=\"page\" data-id=\"166\">Learn more about the project<\/a><\/p>\n<\/div><\/div>\n\n\n\n<div class=\"wp-block-media-text alignwide is-stacked-on-mobile\"><figure class=\"wp-block-media-text__media\"><img loading=\"lazy\" decoding=\"async\" width=\"960\" height=\"647\" src=\"https:\/\/cpaleo.uqam.ca\/wp-content\/uploads\/2022\/03\/VeroniqueBeaulieu-Audy1.jpg\" alt=\"\" class=\"wp-image-646 size-full\" srcset=\"https:\/\/cpaleo.uqam.ca\/wp-content\/uploads\/2022\/03\/VeroniqueBeaulieu-Audy1.jpg 960w, https:\/\/cpaleo.uqam.ca\/wp-content\/uploads\/2022\/03\/VeroniqueBeaulieu-Audy1-300x202.jpg 300w, https:\/\/cpaleo.uqam.ca\/wp-content\/uploads\/2022\/03\/VeroniqueBeaulieu-Audy1-768x518.jpg 768w\" sizes=\"auto, (max-width: 960px) 100vw, 960px\" \/><\/figure><div class=\"wp-block-media-text__content\">\n<p class=\"has-medium-font-size\">V\u00e9ronique Beaulieu-Audy | Master's degree in Geography (2006)&nbsp;<\/p>\n\n\n\n<p><em><a rel=\"noreferrer noopener\" href=\"https:\/\/archipel.uqam.ca\/9035\/\" target=\"_blank\">Reconstitution pal\u00e9o\u00e9cologique et dynamique de la v\u00e9g\u00e9tation actuelle de trois tourbi\u00e8res dans la r\u00e9gion de la rivi\u00e8re La Grande, Qu\u00e9bec, Canada<\/a><\/em>&nbsp;<br>Supervisor: Michelle Garneau (UQAM)&nbsp;<br><\/p>\n\n\n\n<p><a href=\"https:\/\/cpaleo.uqam.ca\/en\/la-grande\/\" data-type=\"page\" data-id=\"152\">Learn more about the project<\/a>&nbsp;<\/p>\n<\/div><\/div>\n\n\n\n<div class=\"wp-block-media-text alignwide is-stacked-on-mobile\"><figure class=\"wp-block-media-text__media\"><img loading=\"lazy\" decoding=\"async\" width=\"1024\" height=\"768\" src=\"https:\/\/cpaleo.uqam.ca\/wp-content\/uploads\/2022\/04\/La-Grande7-1024x768.jpg\" alt=\"\" class=\"wp-image-1250 size-full\" srcset=\"https:\/\/cpaleo.uqam.ca\/wp-content\/uploads\/2022\/04\/La-Grande7-1024x768.jpg 1024w, https:\/\/cpaleo.uqam.ca\/wp-content\/uploads\/2022\/04\/La-Grande7-300x225.jpg 300w, https:\/\/cpaleo.uqam.ca\/wp-content\/uploads\/2022\/04\/La-Grande7-768x576.jpg 768w, https:\/\/cpaleo.uqam.ca\/wp-content\/uploads\/2022\/04\/La-Grande7.jpg 1280w\" sizes=\"auto, (max-width: 1024px) 100vw, 1024px\" \/><\/figure><div class=\"wp-block-media-text__content\">\n<p class=\"has-medium-font-size\">Anne Quillet | Doctorate in Environmental Sciences (2005 \u2013 2013)&nbsp;<\/p>\n\n\n\n<p><em><a rel=\"noreferrer noopener\" href=\"https:\/\/archipel.uqam.ca\/5502\/\" target=\"_blank\">Accumulation du carbone dans les tourbi\u00e8res bor\u00e9ales : analyse de sensibilit\u00e9 et int\u00e9gration de donn\u00e9es pal\u00e9o\u00e9cologiques <\/a><\/em>&nbsp;<br>Supervisor: Michelle Garneau (UQAM)&nbsp;<br>Co-supervisor: Changhui Peng (UQAM)&nbsp;<\/p>\n<\/div><\/div>\n\n\n\n<div class=\"wp-block-media-text alignwide is-stacked-on-mobile\"><figure class=\"wp-block-media-text__media\"><img loading=\"lazy\" decoding=\"async\" width=\"1024\" height=\"768\" src=\"https:\/\/cpaleo.uqam.ca\/wp-content\/uploads\/2022\/04\/La-Grande7-1024x768.jpg\" alt=\"\" class=\"wp-image-1250 size-full\" srcset=\"https:\/\/cpaleo.uqam.ca\/wp-content\/uploads\/2022\/04\/La-Grande7-1024x768.jpg 1024w, https:\/\/cpaleo.uqam.ca\/wp-content\/uploads\/2022\/04\/La-Grande7-300x225.jpg 300w, https:\/\/cpaleo.uqam.ca\/wp-content\/uploads\/2022\/04\/La-Grande7-768x576.jpg 768w, https:\/\/cpaleo.uqam.ca\/wp-content\/uploads\/2022\/04\/La-Grande7.jpg 1280w\" sizes=\"auto, (max-width: 1024px) 100vw, 1024px\" \/><\/figure><div class=\"wp-block-media-text__content\">\n<p class=\"has-medium-font-size\">M\u00e9lissa Collins | Master's degree in Geography (2005)&nbsp;<\/p>\n\n\n\n<p><em>Caract\u00e9risation des tourbi\u00e8res et suivi historique des unit\u00e9s morphologiques de surface en lien avec le climat dans le bassin versant de la rivi\u00e8re La Grande au Qu\u00e9bec<\/em>&nbsp;<br>Supervisor: Michelle Garneau (UQAM)&nbsp;<br><\/p>\n\n\n\n<p><a href=\"https:\/\/cpaleo.uqam.ca\/en\/la-grande\/\">Learn more about the project<\/a>&nbsp;<\/p>\n<\/div><\/div>\n\n\n\n<div class=\"wp-block-media-text alignwide is-stacked-on-mobile\"><figure class=\"wp-block-media-text__media\"><img loading=\"lazy\" decoding=\"async\" width=\"1024\" height=\"768\" src=\"https:\/\/cpaleo.uqam.ca\/wp-content\/uploads\/2022\/04\/La-Grande7-1024x768.jpg\" alt=\"\" class=\"wp-image-1250 size-full\" srcset=\"https:\/\/cpaleo.uqam.ca\/wp-content\/uploads\/2022\/04\/La-Grande7-1024x768.jpg 1024w, https:\/\/cpaleo.uqam.ca\/wp-content\/uploads\/2022\/04\/La-Grande7-300x225.jpg 300w, https:\/\/cpaleo.uqam.ca\/wp-content\/uploads\/2022\/04\/La-Grande7-768x576.jpg 768w, https:\/\/cpaleo.uqam.ca\/wp-content\/uploads\/2022\/04\/La-Grande7.jpg 1280w\" sizes=\"auto, (max-width: 1024px) 100vw, 1024px\" \/><\/figure><div class=\"wp-block-media-text__content\">\n<p class=\"has-medium-font-size\">Anne-Marie Demers | Master's degree in Geography (2005)<\/p>\n\n\n\n<p><em>Classification des environnements tourbeux \u00e0 partir d&rsquo;images RADARSAT-1 pour un secteur du bassin versant de La Grande Rivi\u00e8re, Baie James, Qu\u00e9bec<\/em><br>Supervisor: Michelle Garneau (UQAM)&nbsp;<\/p>\n\n\n\n<p><br><a href=\"https:\/\/cpaleo.uqam.ca\/en\/la-grande\/\">Learn more about the project<\/a><\/p>\n<\/div><\/div>\n\n\n\n<div class=\"wp-block-media-text alignwide is-stacked-on-mobile\"><figure class=\"wp-block-media-text__media\"><img loading=\"lazy\" decoding=\"async\" width=\"1024\" height=\"768\" src=\"https:\/\/cpaleo.uqam.ca\/wp-content\/uploads\/2022\/04\/La-Grande7-1024x768.jpg\" alt=\"\" class=\"wp-image-1250 size-full\" srcset=\"https:\/\/cpaleo.uqam.ca\/wp-content\/uploads\/2022\/04\/La-Grande7-1024x768.jpg 1024w, https:\/\/cpaleo.uqam.ca\/wp-content\/uploads\/2022\/04\/La-Grande7-300x225.jpg 300w, https:\/\/cpaleo.uqam.ca\/wp-content\/uploads\/2022\/04\/La-Grande7-768x576.jpg 768w, https:\/\/cpaleo.uqam.ca\/wp-content\/uploads\/2022\/04\/La-Grande7.jpg 1280w\" sizes=\"auto, (max-width: 1024px) 100vw, 1024px\" \/><\/figure><div class=\"wp-block-media-text__content\">\n<p class=\"has-medium-font-size\">Marie-Claude Breton | Master's degree in Environmental Sciences (2005)<\/p>\n\n\n\n<p><em>Suivi historique des concentrations polliniques d&rsquo;Ambrosia spp. et de la rhinite allergique \u00e0 Montr\u00e9al entre 1994 et 2002 et les cons\u00e9quences potentielles anticip\u00e9es dans un contexte de changement climatique<\/em><br>Supervisor: Michelle Garneau (UQAM)&nbsp;<\/p>\n<\/div><\/div>\n\n\n\n<div class=\"wp-block-media-text alignwide is-stacked-on-mobile\"><figure class=\"wp-block-media-text__media\"><img loading=\"lazy\" decoding=\"async\" width=\"1024\" height=\"768\" src=\"https:\/\/cpaleo.uqam.ca\/wp-content\/uploads\/2022\/04\/La-Grande7-1024x768.jpg\" alt=\"\" class=\"wp-image-1250 size-full\" srcset=\"https:\/\/cpaleo.uqam.ca\/wp-content\/uploads\/2022\/04\/La-Grande7-1024x768.jpg 1024w, https:\/\/cpaleo.uqam.ca\/wp-content\/uploads\/2022\/04\/La-Grande7-300x225.jpg 300w, https:\/\/cpaleo.uqam.ca\/wp-content\/uploads\/2022\/04\/La-Grande7-768x576.jpg 768w, https:\/\/cpaleo.uqam.ca\/wp-content\/uploads\/2022\/04\/La-Grande7.jpg 1280w\" sizes=\"auto, (max-width: 1024px) 100vw, 1024px\" \/><\/figure><div class=\"wp-block-media-text__content\">\n<p class=\"has-medium-font-size\">Caroline Chartrand | Master's degree in Geography (2004)<\/p>\n\n\n\n<p><em>L&rsquo;int\u00e9gration de l&rsquo;\u00e9tude des changements climatiques \u00e0 l&rsquo;enseignement au premier cycle du secondaire : le d\u00e9veloppement d&rsquo;une trousse p\u00e9dagogique portant sur les cons\u00e9quences de ces changements sur le Saint-Laurent<\/em>&nbsp;<br>Supervisor: Michelle Garneau (UQAM)&nbsp;<\/p>\n<\/div><\/div>\n\n\n\n<p><\/p>","protected":false},"excerpt":{"rendered":"<p>\u00c9tudiant.e.s actuel.le.s Sabrina St-Georges | Maitrise en biologie (2025 \u2013 &#8230;) \u00c9valuation de l\u2019impact des perturbations anthropiques sur la valeur des r\u00e9serves de carbone des complexes tourbeux du sud du Qu\u00e9bec Direction : Michelle Garneau (UQAM)Courriel : st-georges.sabrina@courrier.uqam.caEn savoir plus sur le projet\u00a0 Didier Philippo | Maitrise en biologie (2024 \u2013 &#8230;) Caract\u00e9risation des stocks&#8230;<\/p>","protected":false},"author":4,"featured_media":0,"parent":0,"menu_order":0,"comment_status":"closed","ping_status":"closed","template":"","meta":{"_kad_post_transparent":"","_kad_post_title":"","_kad_post_layout":"","_kad_post_sidebar_id":"","_kad_post_content_style":"","_kad_post_vertical_padding":"","_kad_post_feature":"","_kad_post_feature_position":"","_kad_post_header":false,"_kad_post_footer":false,"_kad_post_classname":"","footnotes":""},"class_list":["post-73","page","type-page","status-publish","hentry"],"_links":{"self":[{"href":"https:\/\/cpaleo.uqam.ca\/en\/wp-json\/wp\/v2\/pages\/73","targetHints":{"allow":["GET"]}}],"collection":[{"href":"https:\/\/cpaleo.uqam.ca\/en\/wp-json\/wp\/v2\/pages"}],"about":[{"href":"https:\/\/cpaleo.uqam.ca\/en\/wp-json\/wp\/v2\/types\/page"}],"author":[{"embeddable":true,"href":"https:\/\/cpaleo.uqam.ca\/en\/wp-json\/wp\/v2\/users\/4"}],"replies":[{"embeddable":true,"href":"https:\/\/cpaleo.uqam.ca\/en\/wp-json\/wp\/v2\/comments?post=73"}],"version-history":[{"count":52,"href":"https:\/\/cpaleo.uqam.ca\/en\/wp-json\/wp\/v2\/pages\/73\/revisions"}],"predecessor-version":[{"id":2171,"href":"https:\/\/cpaleo.uqam.ca\/en\/wp-json\/wp\/v2\/pages\/73\/revisions\/2171"}],"wp:attachment":[{"href":"https:\/\/cpaleo.uqam.ca\/en\/wp-json\/wp\/v2\/media?parent=73"}],"curies":[{"name":"wp","href":"https:\/\/api.w.org\/{rel}","templated":true}]}}