{"id":43,"date":"2022-03-14T00:55:43","date_gmt":"2022-03-14T00:55:43","guid":{"rendered":"https:\/\/cpaleo.uqam.ca\/?page_id=43"},"modified":"2026-02-07T22:27:51","modified_gmt":"2026-02-07T22:27:51","slug":"actualite","status":"publish","type":"page","link":"https:\/\/cpaleo.uqam.ca\/en\/actualite\/","title":{"rendered":"News"},"content":{"rendered":"\n<div class=\"wp-block-cover alignfull is-light has-custom-content-position is-position-top-center\" style=\"min-height:250px;aspect-ratio:unset;\"><img loading=\"lazy\" decoding=\"async\" width=\"2272\" height=\"1704\" class=\"wp-block-cover__image-background wp-image-361\" alt=\"\" src=\"https:\/\/cpaleo.uqam.ca\/wp-content\/uploads\/2022\/03\/Laforge7_Ours-1.jpg\" style=\"object-position:53% 25%\" data-object-fit=\"cover\" data-object-position=\"53% 25%\" srcset=\"https:\/\/cpaleo.uqam.ca\/wp-content\/uploads\/2022\/03\/Laforge7_Ours-1.jpg 2272w, https:\/\/cpaleo.uqam.ca\/wp-content\/uploads\/2022\/03\/Laforge7_Ours-1-300x225.jpg 300w, https:\/\/cpaleo.uqam.ca\/wp-content\/uploads\/2022\/03\/Laforge7_Ours-1-1024x768.jpg 1024w, https:\/\/cpaleo.uqam.ca\/wp-content\/uploads\/2022\/03\/Laforge7_Ours-1-768x576.jpg 768w, https:\/\/cpaleo.uqam.ca\/wp-content\/uploads\/2022\/03\/Laforge7_Ours-1-1536x1152.jpg 1536w, https:\/\/cpaleo.uqam.ca\/wp-content\/uploads\/2022\/03\/Laforge7_Ours-1-2048x1536.jpg 2048w\" sizes=\"auto, (max-width: 2272px) 100vw, 2272px\" \/><span aria-hidden=\"true\" class=\"wp-block-cover__background has-background-dim-0 has-background-dim\"><\/span><div class=\"wp-block-cover__inner-container is-layout-flow wp-block-cover-is-layout-flow\">\n<p class=\"has-text-align-center\" style=\"font-size:30px\"><\/p>\n<\/div><\/div>\n\n\n\n<h2 class=\"wp-block-heading has-text-align-center\">Actualit\u00e9<\/h2>\n\n\n\n<div class=\"wp-block-columns is-layout-flex wp-container-core-columns-is-layout-9d6595d7 wp-block-columns-is-layout-flex\">\n<div class=\"wp-block-column is-layout-flow wp-block-column-is-layout-flow\" style=\"flex-basis:66.66%\">\n<p><strong>21 novembre 2025 &#8211; <a href=\"https:\/\/www.acfas.ca\/prix-concours\/prix-acfas\/2025\/prix-michel-jurdant\/michelle-garneau?fbclid=IwY2xjawOTEO9leHRuA2FlbQIxMQBzcnRjBmFwcF9pZBAyMjIwMzkxNzg4MjAwODkyAAEe5NghjrCDRt7LAxXvJ_c9XKGF-ZPutB6wkxccWTxSs8vdDydsolEV5_Y8qaw_aem_KjNdOtUdhf7WJhoKRglEcg&amp;brid=pfmdafeLLQRXuCkPQPkERA\" target=\"_blank\" rel=\"noreferrer noopener\">Michelle Garneau laur\u00e9ate du prix ACFAS Michel-Jurdant 2025<\/a><\/strong><\/p>\n\n\n\n<p>F\u00e9licitation \u00e0 Michelle Garneau, laur\u00e9ate du prix Acfas Michel-Jurdant 2025 !!  <\/p>\n\n\n\n<p>Son expertise des tourbi\u00e8res en tant qu&rsquo;archives \u00e9cologiques et climatiques et sur leur r\u00f4le essentiel dans la s\u00e9questration du carbone contribue \u00e0 la mise en valeur de l&rsquo;importance des milieux humides dans la lutte contre les changements climatiques. <\/p>\n\n\n\n<p>\u00ab Chercheure engag\u00e9e et passionn\u00e9e, Michelle Garneau se distingue par des travaux de recherche dont les retomb\u00e9es durables contribuent \u00e0 l\u2019avancement de la science, de l\u2019\u00e9ducation et des politiques publiques. \u00bb Cette distinction a notamment fait l&rsquo;objet d&rsquo;articles parus dans le <a href=\"https:\/\/www.ledevoir.com\/actualites\/science\/935361\/quatre-scientifiques-chevet-climat-bien-commun\" target=\"_blank\" rel=\"noreferrer noopener\">Devoir <\/a>et sur <a href=\"https:\/\/actualites.uqam.ca\/2025\/lacfas-honore-pierre-chastenay-michelle-garneau-et-nathalie-lacelle\/\" target=\"_blank\" rel=\"noreferrer noopener\">Actualit\u00e9s UQAM.<\/a><\/p>\n\n\n\n<p><strong>19 juillet 2025 &#8211; <a href=\"https:\/\/ici.radio-canada.ca\/recit-numerique\/13342\/tourbieres-carbone-changements-climatiques-quebec\">Les tourbi\u00e8res, alli\u00e9es insoup\u00e7onn\u00e9es contre la&nbsp;crise climatique<\/a><\/strong><\/p>\n\n\n\n<p>Un r\u00e9cit num\u00e9rique de Radio-Canada suit la professeure Michelle Garneau, accompagn\u00e9e de quelques-uns de ces \u00e9tudiants et du professeur Scott Davidson alors qu&rsquo;ils \u00e9chantillonnent la tourbi\u00e8re bois\u00e9e du Lac-\u00e0-la-Tortue. <\/p>\n\n\n\n<p>\u00ab <q>Les tourbi\u00e8res, elles ont toujours \u00e9t\u00e9 per\u00e7ues comme une nuisance. C&rsquo;est pas facile de s&rsquo;y promener, on ne sait pas trop quoi en faire<\/q>, explique Mme&nbsp;Garneau, qui \u00e9tudie ces \u00e9cosyst\u00e8mes depuis plus de 30&nbsp;ans.&nbsp;<q>Elles nous aident pourtant \u00e0 s\u00e9questrer des gaz \u00e0 effet de serre, comme le CO2 et le m\u00e9thane, qu&rsquo;on ne voudrait pas retrouver dans l&rsquo;atmosph\u00e8re.<\/q> \u00bb<\/p>\n\n\n\n<p><strong>19 juin 2025<\/strong> &#8211; <a href=\"https:\/\/www.nature.com\/articles\/s43247-025-02375-1\" target=\"_blank\" rel=\"noreferrer noopener\"><strong>Satellite data indicates recent Arctic peatland expansion with warming<\/strong><\/a><\/p>\n\n\n\n<p>Un article r\u00e9cemment publi\u00e9 auquel a collabor\u00e9 Michelle Garneau pr\u00e9sente la r\u00e9ponse des tourbi\u00e8res de haute latitude au r\u00e9chauffement du climat.&nbsp;Des donn\u00e9es similaires ont d\u00e9j\u00e0 \u00e9t\u00e9 observ\u00e9es par plusieurs chercheurs.euses du laboratoire C-Pal\u00e9o et feront l\u2019objet d\u2019autres publications au cours de la prochaine ann\u00e9e. En 2023, P\u00e9n\u00e9lope Germain-Chartrand publiait <a href=\"https:\/\/iopscience.iop.org\/article\/10.1088\/1748-9326\/ace9ed\/meta\"><strong>un article<\/strong><\/a> portant sur les changements observ\u00e9s le long d\u2019un transect latitudinal dans les Territoires du Nord-Ouest. L\u2019allongement des saisons de croissance accompagn\u00e9 de temp\u00e9ratures plus cl\u00e9mentes sugg\u00e8re une augmentation de l\u2019activit\u00e9 photosynth\u00e9tique et un retour du processus d\u2019accumulation de la tourbe.<\/p>\n\n\n\n<p><strong>15 avril 2025<\/strong> &#8211; <a href=\"https:\/\/www.youtube.com\/watch?v=H0BmmfVAthQ\" target=\"_blank\" rel=\"noreferrer noopener\"><strong>Projet Carbonique : Installation des tours \u00e0 flux dans les tourbi\u00e8res du Lac-\u00e0-La-Tortue<\/strong><\/a><\/p>\n\n\n\n<p>Le projet de recherche CARBONIQUE a comme objectif de produire des bilans nets de carbone dans quatre types de milieux humides du sud du Qu\u00e9bec, en comparant les valeurs en conditions naturelles de celles en conditions perturb\u00e9es \u00e0 partir de l\u2019int\u00e9gration de diff\u00e9rentes mesures. Celles-ci incluent le carbone entrepos\u00e9 dans les sols, celui dans la biomasse ligneuse et les flux entrants et sortants du carbone atmosph\u00e9rique et aquatique. Pour atteindre cet objectif, le projet vise le d\u00e9ploiement de diff\u00e9rents \u00e9quipements sur le terrain dont neuf tours \u00e0 covariance de turbulence dans les diff\u00e9rents milieux humides. Depuis avril 2025, deux des neuf sites, soient ceux de tourbi\u00e8re ouverte et de tourbi\u00e8re bois\u00e9e, sont \u00e9quip\u00e9s d\u2019une tour \u00e0 covariance des turbulences de respectivement 5 m et 22 m de hauteur qui enregistrent en continu les \u00e9changes de carbone (CO2 et CH4).<\/p>\n\n\n\n<figure class=\"wp-block-embed is-type-video is-provider-youtube wp-block-embed-youtube wp-embed-aspect-16-9 wp-has-aspect-ratio\"><div class=\"wp-block-embed__wrapper\">\n<iframe loading=\"lazy\" title=\"Projet Carbonique : Installation des tours \u00e0 flux - Tourbi\u00e8res du Lac-\u00e0-La-Tortue\" width=\"720\" height=\"405\" src=\"https:\/\/www.youtube.com\/embed\/H0BmmfVAthQ?feature=oembed\" frameborder=\"0\" allow=\"accelerometer; autoplay; clipboard-write; encrypted-media; gyroscope; picture-in-picture; web-share\" referrerpolicy=\"strict-origin-when-cross-origin\" allowfullscreen><\/iframe>\n<\/div><\/figure>\n\n\n\n<p><\/p>\n\n\n\n<p><strong>1 avril 2025 &#8211; <a href=\"https:\/\/www.ledevoir.com\/opinion\/idees\/862612\/idees-nous-nous-indignons-contre-projet-agrandissement-stablex-grande-tourbiere-blainville\" target=\"_blank\" rel=\"noreferrer noopener\">Nous nous indignons contre le projet d\u2019agrandissement de Stablex dans la Grande Tourbi\u00e8re de Blainville<\/a><\/strong><\/p>\n\n\n\n<p>Michelle Garneau,&nbsp;Chlo\u00e9 Giraud,&nbsp;L\u00e9onie Perrier,&nbsp;Antonin Prijac et&nbsp;Guillaume Primeau sont les auteur.e.s d&rsquo;une lettre d&rsquo;opinion publi\u00e9e dans le quotidien Le Devoir cosign\u00e9e par 47 coll\u00e8gues professeur.e.s, chercheur.euse.s et \u00e9tudiant.e.s. Ils y font part de leur m\u00e9contentement envers le projet d&rsquo;agrandissement de Stablex dans la Grande Tourbi\u00e8re de Blainville :<\/p>\n\n\n\n<p>\u00ab\u00a0L\u2019acceptation de ce projet nous appara\u00eet un non-sens et va \u00e0 l\u2019encontre des engagements du gouvernement en mati\u00e8re de protection des milieux humides, de l\u2019environnement et de lutte contre la crise climatique. Maintenir le carbone dans les sols des milieux humides constitue l\u2019un des plus grands engagements que nous pouvons faire pour lutter contre le r\u00e9chauffement climatique. Il est temps d\u2019agir.\u00a0\u00bb<\/p>\n\n\n\n<p><strong>20 d\u00e9cembre 2024 \u2013 <\/strong><a href=\"https:\/\/www.ledevoir.com\/environnement\/826589\/force-cachee-marecages\" data-type=\"link\" data-id=\"https:\/\/www.youtube.com\/watch?v=bXmRu7g5FJ4&amp;ab_channel=Hydro-Qu%C3%A9bec\" target=\"_blank\" rel=\"noreferrer noopener\"><strong>La force cach\u00e9e des mar\u00e9cages<\/strong><\/a><\/p>\n\n\n\n<p>\u00ab Au beau milieu d\u2019une terre agricole de Baie-du-Febvre, ancienne prairie humide du lac Saint-Pierre, se dresse une curieuse tour de m\u00e9tal, haute d\u2019une dizaine de m\u00e8tres. \u00c0 son sommet, des instruments mesurent les \u00e9changes gazeux de carbone entre le sol \u2014 un amalgame de glace et de boue, en cette mi-d\u00e9cembre \u2014 et l\u2019atmosph\u00e8re. Malgr\u00e9 son air anodin, cette \u00ab&nbsp;tour \u00e0 flux&nbsp;\u00bb participe \u00e0 l\u2019un des programmes de recherche les plus ambitieux jamais men\u00e9s au Qu\u00e9bec au sujet du carbone qui se cache sous nos pieds. \u00bb<\/p>\n\n\n\n<figure class=\"wp-block-image size-large\"><img loading=\"lazy\" decoding=\"async\" width=\"1024\" height=\"683\" src=\"https:\/\/cpaleo.uqam.ca\/wp-content\/uploads\/2025\/01\/David_dec_2024_UQAM1-1024x683.webp\" alt=\"\" class=\"wp-image-2156\" srcset=\"https:\/\/cpaleo.uqam.ca\/wp-content\/uploads\/2025\/01\/David_dec_2024_UQAM1-1024x683.webp 1024w, https:\/\/cpaleo.uqam.ca\/wp-content\/uploads\/2025\/01\/David_dec_2024_UQAM1-300x200.webp 300w, https:\/\/cpaleo.uqam.ca\/wp-content\/uploads\/2025\/01\/David_dec_2024_UQAM1-768x512.webp 768w, https:\/\/cpaleo.uqam.ca\/wp-content\/uploads\/2025\/01\/David_dec_2024_UQAM1-18x12.webp 18w, https:\/\/cpaleo.uqam.ca\/wp-content\/uploads\/2025\/01\/David_dec_2024_UQAM1.webp 1500w\" sizes=\"auto, (max-width: 1024px) 100vw, 1024px\" \/><\/figure>\n\n\n\n<p><a href=\"https:\/\/www.youtube.com\/@cpaleolab\"><\/a><\/p>\n\n\n\n<p><strong>11 novembre 2024 \u2013 <\/strong><a href=\"https:\/\/actualites.uqam.ca\/2024\/plus-de-12-m-pour-etudier-le-carbone-en-milieu-humide\/\" data-type=\"link\" data-id=\"https:\/\/www.youtube.com\/watch?v=bXmRu7g5FJ4&amp;ab_channel=Hydro-Qu%C3%A9bec\" target=\"_blank\" rel=\"noreferrer noopener\"><strong>Plus de 12 M$ pour \u00e9tudier le carbone en milieu humide<\/strong><\/a><\/p>\n\n\n\n<p>\u00ab Une \u00e9quipe de recherche interuniversitaire dirig\u00e9e par la professeure du D\u00e9partement de g\u00e9ographie Michelle Garneau a re\u00e7u des subventions totalisant plus de 12 millions de dollars afin de mesurer, en continu, la quantit\u00e9 de carbone capt\u00e9e par les milieux humides naturels et perturb\u00e9s. L\u2019obtention de cet important financement a \u00e9t\u00e9 annonc\u00e9e par l\u2019UQAM le 11 novembre, de concert avec le minist\u00e8re de l\u2019Environnement, de la Lutte contre les changements climatiques, de la Faune et des Parcs, Conservation de la nature Canada (CNC), Canards Illimit\u00e9s Canada et quatre autres universit\u00e9s qu\u00e9b\u00e9coises (McGill, Laval, l\u2019Universit\u00e9 de Montr\u00e9al et l\u2019UQTR). \u00bb<\/p>\n\n\n\n<p><strong>20 ao\u00fbt 2024 \u2013 <\/strong><a href=\"https:\/\/actualites.uqam.ca\/2024\/michelle-garneau-et-vanessa-blais-tremblay-honorees-par-le-frq\/\" data-type=\"link\" data-id=\"https:\/\/www.youtube.com\/watch?v=bXmRu7g5FJ4&amp;ab_channel=Hydro-Qu%C3%A9bec\" target=\"_blank\" rel=\"noreferrer noopener\"><strong>Michelle Garneau et L\u00e9onie Perrier obtiennent le prix Publication en fran\u00e7ais Gis\u00e8le-Lamoureux<\/strong><\/a><\/p>\n\n\n\n<p>\u00ab Michelle Garneau a re\u00e7u le prix pour l\u2019article intitul\u00e9 \u00ab<a href=\"https:\/\/www.erudit.org\/fr\/revues\/natcan\/2023-v147-n1-natcan07865\/1098172ar\/\">Les tourbi\u00e8res de l\u2019\u00eele d\u2019Anticosti: un patrimoine naturel unique \u00e0 \u00e9tudier et \u00e0 conserver<\/a>\u00bb, cosign\u00e9 avec la chercheuse L\u00e9onie Perrier. Toutes deux sont membres du Centre de recherche Geotop et du Groupe de recherche interuniversitaire en limnologie (GRIL) bas\u00e9s \u00e0 l\u2019UQAM. \u00bb<\/p>\n\n\n\n<p><strong>1 juillet 2024 \u2013 <\/strong><a href=\"https:\/\/www.youtube.com\/watch?v=hV21r7Xodyw\" data-type=\"link\" data-id=\"https:\/\/www.youtube.com\/watch?v=bXmRu7g5FJ4&amp;ab_channel=Hydro-Qu%C3%A9bec\" target=\"_blank\" rel=\"noreferrer noopener\"><strong>Guide vid\u00e9o d&rsquo;inventaire pour l&rsquo;estimation des stocks de carbone<\/strong><\/a><\/p>\n\n\n\n<p>D\u00e9couvrez notre vid\u00e9o qui illustre l&rsquo;utilisation de notre m\u00e9thode simplifi\u00e9e pour estimer la masse de carbone dans les sols et la biomasse ligneuse des milieux humides. Voyez comment, gr\u00e2ce \u00e0 des mesures sur le terrain de l\u2019\u00e9paisseur de l\u2019horizon organique et du diam\u00e8tre des arbres et arbustes, nous parvenons \u00e0 calculer pr\u00e9cis\u00e9ment les stocks de carbone.<\/p>\n\n\n\n<figure class=\"wp-block-embed is-type-video is-provider-youtube wp-block-embed-youtube wp-embed-aspect-16-9 wp-has-aspect-ratio\"><div class=\"wp-block-embed__wrapper\">\n<iframe loading=\"lazy\" title=\"Guide d&#039;inventaire pour l&#039;estimation des stocks de carbone dans les milieux humides\" width=\"720\" height=\"405\" src=\"https:\/\/www.youtube.com\/embed\/hV21r7Xodyw?feature=oembed\" frameborder=\"0\" allow=\"accelerometer; autoplay; clipboard-write; encrypted-media; gyroscope; picture-in-picture; web-share\" referrerpolicy=\"strict-origin-when-cross-origin\" allowfullscreen><\/iframe>\n<\/div><\/figure>\n\n\n\n<p><strong>1 juin 2024 \u2013 <\/strong><a href=\"https:\/\/www.environnement.gouv.qc.ca\/eau\/rives\/guide-inventaire-estimation-carbone-milieux-humides.pdf\" data-type=\"link\" data-id=\"https:\/\/www.youtube.com\/watch?v=bXmRu7g5FJ4&amp;ab_channel=Hydro-Qu%C3%A9bec\" target=\"_blank\" rel=\"noreferrer noopener\"><strong>Guide d\u2019inventaire pour l\u2019estimation des stocks de carbone dans les milieux humides<\/strong><\/a><\/p>\n\n\n\n<p>Ce projet financ\u00e9 par le MELCCFP vise \u00e0 d\u00e9velopper une m\u00e9thode simple pour estimer la masse de carbone dans les sols et la biomasse ligneuse des milieux humides. En mesurant l\u2019\u00e9paisseur de l\u2019horizon organique du sol et le diam\u00e8tre des arbres et arbustes, cette m\u00e9thode permet de calculer la masse de carbone organique du sol (COS) et de la biomasse ligneuse. Actuellement utilis\u00e9e pour inventorier les stocks de carbone de divers milieux humides, elle aide \u00e0 cartographier ces stocks \u00e0 diff\u00e9rentes \u00e9chelles et \u00e0 am\u00e9liorer les strat\u00e9gies de conservation face aux changements climatiques. <\/p>\n\n\n\n<p><strong>24 mars 2024 \u2013 <a href=\"https:\/\/cpaleo.uqam.ca\/2e-prix-pour-la-meilleure-presentation-au-24e-congres-des-etudiants-du-geotop\/\" target=\"_blank\" rel=\"noreferrer noopener\">Climate change, a peat odyssey<\/a> &#8211; Congr\u00e8s du GEOTOP 2024<\/strong><\/p>\n\n\n\n<div class=\"wp-block-group\"><div class=\"wp-block-group__inner-container is-layout-constrained wp-block-group-is-layout-constrained\">\n<div class=\"wp-block-group\"><div class=\"wp-block-group__inner-container is-layout-constrained wp-block-group-is-layout-constrained\">\n<p>Le 24e Congr\u00e8s des \u00e9tudiant\u00b7e\u00b7s du Geotop s&rsquo;est tenu du 22 au 24 mars au Manoir du Lac Delage. Toutes nos f\u00e9licitations aux r\u00e9cipiendaires des prix pour les meilleures pr\u00e9sentations et affiches : 2e prix : \u00c9dith Auclair-Fournier, U. Laval\/UQAM (affiche).<\/p>\n<\/div><\/div>\n<\/div><\/div>\n\n\n\n<p><strong>21 novembre 2023 \u2013 <\/strong><a href=\"https:\/\/www.youtube.com\/watch?v=bXmRu7g5FJ4&amp;ab_channel=Hydro-Qu%C3%A9bec\" data-type=\"link\" data-id=\"https:\/\/www.youtube.com\/watch?v=bXmRu7g5FJ4&amp;ab_channel=Hydro-Qu%C3%A9bec\" target=\"_blank\" rel=\"noreferrer noopener\"><strong>L\u2019\u00e9lectricit\u00e9 du Qu\u00e9bec a une faible empreinte carbone<\/strong><\/a><\/p>\n\n\n\n<p>Des \u00e9tudes en collaboration avec plusieurs partenaires permettent de mieux comprendre les \u00e9missions de GES et le cycle du carbone des r\u00e9servoirs d&rsquo;Hydro-Qu\u00e9bec. On peut y voir des images des installations de notre laboratoire ainsi que de notre \u00e9quipe en action \u00e0 la tourbi\u00e8re Bouleau. <\/p>\n\n\n\n<figure class=\"wp-block-embed is-type-video is-provider-youtube wp-block-embed-youtube wp-embed-aspect-16-9 wp-has-aspect-ratio\"><div class=\"wp-block-embed__wrapper\">\n<iframe loading=\"lazy\" title=\"L\u2019\u00e9lectricit\u00e9 du Qu\u00e9bec a une faible empreinte carbone\" width=\"720\" height=\"405\" src=\"https:\/\/www.youtube.com\/embed\/bXmRu7g5FJ4?feature=oembed\" frameborder=\"0\" allow=\"accelerometer; autoplay; clipboard-write; encrypted-media; gyroscope; picture-in-picture; web-share\" referrerpolicy=\"strict-origin-when-cross-origin\" allowfullscreen><\/iframe>\n<\/div><\/figure>\n\n\n\n<p class=\"wp-embed-aspect-16-9 wp-has-aspect-ratio\"><strong>27 octobre 2023 \u2013 <\/strong><a href=\"https:\/\/www.natureconservancy.ca\/fr\/nous-trouver\/quebec\/projets-vedettes\/quebec\/grande-tourbiere-de-la-jacques-cartier.html\" data-type=\"URL\" data-id=\"https:\/\/actualites.uqam.ca\/2023\/sequestration-du-carbone-quebec-octroie-pres-de-9-m-a-luqam\/\" target=\"_blank\" rel=\"noreferrer noopener\"><strong>Capitale-Nationale : une tourbi\u00e8re au c\u0153ur de recherches novatrices<\/strong><\/a><\/p>\n\n\n\n<p class=\"wp-embed-aspect-16-9 wp-has-aspect-ratio\">Les tourbi\u00e8res sont des milieux naturels humides o\u00f9 s\u2019accumulent d\u2019\u00e9paisses couches de mati\u00e8re organique. Ces d\u00e9p\u00f4ts satur\u00e9s d\u2019eau ne se d\u00e9composent que partiellement et se transforment ainsi, au fil de milliers d\u2019ann\u00e9es, en tourbe. La Grande tourbi\u00e8re de la Jacques-Cartier est l\u2019un de ces impressionnants milieux d\u2019\u00e2ge v\u00e9n\u00e9rable. Mais ce n\u2019est pas tout! Ce vaste milieu humide est rare \u00e0 un autre point de vue : il s\u2019agit de l\u2019une des derni\u00e8res grandes tourbi\u00e8res peu perturb\u00e9es par l\u2019activit\u00e9 humaine dans le sud du Qu\u00e9bec. Toutes ces caract\u00e9ristiques en font le lieu id\u00e9al pour le projet de recherche men\u00e9 par l\u2019UQAM : la quantification et cartographie du carbone emmagasin\u00e9 dans le d\u00e9p\u00f4t de tourbe.<\/p>\n\n\n\n<figure class=\"wp-block-image size-large\"><img loading=\"lazy\" decoding=\"async\" width=\"1405\" height=\"790\" src=\"https:\/\/cpaleo.uqam.ca\/wp-content\/uploads\/2023\/11\/Reno_JAC_1-edited.png\" alt=\"\" class=\"wp-image-1954\" srcset=\"https:\/\/cpaleo.uqam.ca\/wp-content\/uploads\/2023\/11\/Reno_JAC_1-edited.png 1405w, https:\/\/cpaleo.uqam.ca\/wp-content\/uploads\/2023\/11\/Reno_JAC_1-edited-300x169.png 300w, https:\/\/cpaleo.uqam.ca\/wp-content\/uploads\/2023\/11\/Reno_JAC_1-edited-1024x576.png 1024w, https:\/\/cpaleo.uqam.ca\/wp-content\/uploads\/2023\/11\/Reno_JAC_1-edited-768x432.png 768w, https:\/\/cpaleo.uqam.ca\/wp-content\/uploads\/2023\/11\/Reno_JAC_1-edited-18x10.png 18w\" sizes=\"auto, (max-width: 1405px) 100vw, 1405px\" \/><\/figure>\n\n\n\n<p class=\"wp-embed-aspect-16-9 wp-has-aspect-ratio\"><strong>5 octobre 2023 \u2013 <\/strong><a href=\"https:\/\/www.youtube.com\/watch?v=gFMnbhbiHjU&amp;t=8s&amp;ab_channel=NousTV\" data-type=\"URL\" data-id=\"https:\/\/actualites.uqam.ca\/2023\/sequestration-du-carbone-quebec-octroie-pres-de-9-m-a-luqam\/\" target=\"_blank\" rel=\"noreferrer noopener\"><strong>Mordus du Marais &#8211; E\u0301mission 1<\/strong><\/a><\/p>\n\n\n\n<p class=\"wp-embed-aspect-16-9 wp-has-aspect-ratio\">Nous TV et LAMRAC sont tr\u00e8s fiers de vous annoncer une nouvelle s\u00e9rie intitul\u00e9e Mordus du Marais pr\u00e9sentant 12 \u00e9pisodes.&nbsp;J\u2019aime mon Marais et son \u00e9cosyst\u00e8me pr\u00e9sente la naissance et la formation du Marais. Vous en apprendrez, entre autres choses, sur les diff\u00e9rents types de milieux humides. Gabriel Magnan explique le contexte de d\u00e9veloppement de la tourbi\u00e8re et des mar\u00e9cages ainsi que le projet de quantification des stocks de carbone dans le sol et la biomasse des arbres.<\/p>\n\n\n\n<figure class=\"wp-block-embed is-type-video is-provider-youtube wp-block-embed-youtube wp-embed-aspect-16-9 wp-has-aspect-ratio\"><div class=\"wp-block-embed__wrapper\">\nhttps:\/\/www.youtube.com\/watch?v=gFMnbhbiHjU&#038;t=8s&#038;ab_channel=NousTV\n<\/div><\/figure>\n\n\n\n<p class=\"wp-embed-aspect-16-9 wp-has-aspect-ratio\"><strong>17 avril 2023 \u2013 <a href=\"https:\/\/actualites.uqam.ca\/2023\/sequestration-du-carbone-quebec-octroie-pres-de-9-m-a-luqam\/\" data-type=\"URL\" data-id=\"https:\/\/actualites.uqam.ca\/2023\/sequestration-du-carbone-quebec-octroie-pres-de-9-m-a-luqam\/\" target=\"_blank\" rel=\"noreferrer noopener\">Bilans de carbone en milieu humide: Qu\u00e9bec octroie pr\u00e8s de 9 M$ \u00e0 l\u2019UQAM<\/a><\/strong><\/p>\n\n\n\n<p class=\"wp-embed-aspect-16-9 wp-has-aspect-ratio\">Un projet de Michelle Garneau vise \u00e0 documenter la contribution des milieux naturels \u00e0 l\u2019att\u00e9nuation des changements climatiques. Le gouvernement du Qu\u00e9bec octroie une subvention de 8,67 millions de dollars sur trois ans \u00e0 l\u2019UQAM afin qu\u2019elle r\u00e9alise l\u2019\u00e9tude des bilans de carbone dans les milieux humides naturels et perturb\u00e9s du Qu\u00e9bec m\u00e9ridional. Ce projet r\u00e9pond \u00e0 l\u2019action 1.13.1.1 du Plan pour une \u00e9conomie verte 2030, qui vise \u00e0 acqu\u00e9rir des connaissances sur le potentiel de contribution des milieux humides \u00e0 l\u2019att\u00e9nuation des changements climatiques. Le gouvernement se positionne ainsi en chef de file en ce qui a trait \u00e0 l\u2019\u00e9tude de la dynamique du carbone dans les milieux humides.<\/p>\n\n\n\n<figure class=\"wp-block-image size-large\"><img loading=\"lazy\" decoding=\"async\" width=\"1024\" height=\"683\" src=\"https:\/\/cpaleo.uqam.ca\/wp-content\/uploads\/2023\/05\/bcharette-mgarneau-3001-w-1024x683.jpg\" alt=\"\" class=\"wp-image-1661\" srcset=\"https:\/\/cpaleo.uqam.ca\/wp-content\/uploads\/2023\/05\/bcharette-mgarneau-3001-w-1024x683.jpg 1024w, https:\/\/cpaleo.uqam.ca\/wp-content\/uploads\/2023\/05\/bcharette-mgarneau-3001-w-300x200.jpg 300w, https:\/\/cpaleo.uqam.ca\/wp-content\/uploads\/2023\/05\/bcharette-mgarneau-3001-w-768x512.jpg 768w, https:\/\/cpaleo.uqam.ca\/wp-content\/uploads\/2023\/05\/bcharette-mgarneau-3001-w-1536x1025.jpg 1536w, https:\/\/cpaleo.uqam.ca\/wp-content\/uploads\/2023\/05\/bcharette-mgarneau-3001-w.jpg 2000w\" sizes=\"auto, (max-width: 1024px) 100vw, 1024px\" \/><\/figure>\n\n\n\n<p><strong>30 mars 2023 \u2013 <a href=\"https:\/\/www.erudit.org\/fr\/revues\/natcan\/2023-v147-n1-natcan07865\/1098172ar\/\" data-type=\"URL\" data-id=\"https:\/\/www.erudit.org\/fr\/revues\/natcan\/2023-v147-n1-natcan07865\/1098172ar\/\" target=\"_blank\" rel=\"noreferrer noopener\">Les enjeux de la recherche \u00e0 Anticosti : \u00e9tat des lieux et perspectives<\/a><\/strong><\/p>\n\n\n\n<p>Le comit\u00e9 de r\u00e9daction du Naturaliste canadien et la Soci\u00e9t\u00e9 Provancher sont fiers de lancer un num\u00e9ro th\u00e9matique enti\u00e8rement consacr\u00e9 \u00e0 l\u2019\u00eele d\u2019Anticosti pour le printemps 2023. Ce num\u00e9ro a \u00e9t\u00e9 pens\u00e9 par la municipalit\u00e9 de l\u2019\u00eele d\u2019Anticosti dans le contexte de la candidature de l\u2019\u00eele d\u2019Anticosti \u00e0 la Liste du Patrimoine mondial de l\u2019UNESCO. En vedette dans ce num\u00e9ro : 11 articles portant sur un grand \u00e9ventail de disciplines dont un article sous la rubrique botanique&nbsp;: Les tourbi\u00e8res de l\u2019\u00eele d\u2019Anticosti : un patrimoine naturel unique \u00e0 \u00e9tudier et \u00e0 conserver par L\u00e9onie Perrier et Michelle Garneau.<\/p>\n\n\n\n<p><strong>23 f\u00e9vrier 2023 \u2013 <a href=\"https:\/\/actualites.uqam.ca\/2023\/proteger-les-tourbieres-une-priorite\/\" data-type=\"URL\" data-id=\"https:\/\/actualites.uqam.ca\/2023\/proteger-les-tourbieres-une-priorite\/\" target=\"_blank\" rel=\"noreferrer noopener\">Prot\u00e9ger les tourbi\u00e8res, une priorit\u00e9<\/a><\/strong><\/p>\n\n\n\n<p>Michelle Garneau collabore au nouveau projet de recherche pancanadien Can-Peat \u2013 \u00abLes tourbi\u00e8res du Canada comme solutions naturelles aux changements climatiques\u00bb visant \u00e0 soutenir des politiques de conservation.<\/p>\n\n\n\n<p><strong>7 d\u00e9cembre 2022 \u2013 <a rel=\"noreferrer noopener\" href=\"https:\/\/ici.radio-canada.ca\/carbone\/reportage\/document\/nouvelles\/article\/1939526\/tourbe-saskatchewan-autochtone-ecosysteme-carbone\" data-type=\"URL\" data-id=\"https:\/\/ici.radio-canada.ca\/carbone\/reportage\/document\/nouvelles\/article\/1939526\/tourbe-saskatchewan-autochtone-ecosysteme-carbone\" target=\"_blank\">Des \u00e9cosyst\u00e8mes vitaux transform\u00e9s en terre \u00e0 jardin<\/a><\/strong><\/p>\n\n\n\n<p>Les tourbi\u00e8res sont des milieux humides peupl\u00e9s de mousses. Bien qu\u2019elles n\u2019occupent que 3 % de la superficie terrestre, elles stockent environ 30 % de tout le carbone contenu dans le sol, soit plus que tous les arbres de toutes les for\u00eats du monde r\u00e9unies. Elles sont toutefois menac\u00e9es par des activit\u00e9s industrielles, dont la production de tourbe horticole, employ\u00e9e pour fabriquer des terreaux pour l\u2019horticulture et le jardinage. En plus de rendre de nombreux services \u00e9cosyst\u00e9miques, les tourbi\u00e8res sont des milieux de vie culturellement importants pour les Premi\u00e8res Nations. \u00c0 La Ronge, dans le nord de la Saskatchewan, un regroupement citoyen se mobilise pour contrer le projet d\u2019une compagnie qu\u00e9b\u00e9coise qui souhaite exploiter des tourbi\u00e8res dans leur r\u00e9gion pendant pr\u00e8s d\u2019un si\u00e8cle.<\/p>\n\n\n\n<figure class=\"wp-block-embed is-type-video is-provider-youtube wp-block-embed-youtube wp-embed-aspect-16-9 wp-has-aspect-ratio\"><div class=\"wp-block-embed__wrapper\">\n<iframe loading=\"lazy\" title=\"Carbone | Des \u00e9cosyst\u00e8mes vitaux transform\u00e9s en terre \u00e0 jardin\" width=\"720\" height=\"405\" src=\"https:\/\/www.youtube.com\/embed\/wz0hNBm8r10?feature=oembed\" frameborder=\"0\" allow=\"accelerometer; autoplay; clipboard-write; encrypted-media; gyroscope; picture-in-picture; web-share\" referrerpolicy=\"strict-origin-when-cross-origin\" allowfullscreen><\/iframe>\n<\/div><\/figure>\n\n\n\n<p><strong>28 mars 2022 \u2013 <a href=\"https:\/\/reporterre.net\/Pour-faire-des-voitures-electriques-le-Canada-veut-detruire-des-tourbieres?fbclid=IwAR3hcpUg2AIokx95R_v0UUZ5QeJh-MYEBgiF0im1rbSZRtCKmAxxb_xCF1c\" data-type=\"URL\" data-id=\"https:\/\/reporterre.net\/Pour-faire-des-voitures-electriques-le-Canada-veut-detruire-des-tourbieres?fbclid=IwAR3hcpUg2AIokx95R_v0UUZ5QeJh-MYEBgiF0im1rbSZRtCKmAxxb_xCF1c\" target=\"_blank\" rel=\"noreferrer noopener\">Un reportage au lac aux Castors pour Michelle Garneau<\/a><br><\/strong>\u00ab Pour parler tourbi\u00e8res, Michelle Garneau, qui y a d\u00e9di\u00e9 sa carri\u00e8re, nous a donn\u00e9 rendez-vous \u00e0 la patinoire du lac, un lieu au charme ind\u00e9niable. \u00ab Cet endroit, c\u2019est un d\u00e9sastre \u00e9cologique, je voulais que vous le voyiez \u00bb, lance la chercheuse. \u00bb<\/p>\n\n\n\n<p><strong>8 f\u00e9vrier 2022 &#8211; Camille Girard remporte le prix de la meilleure communication orale (MSc) au colloque du CEN 2022<\/strong>&nbsp;<br>Lors du colloque du CEN en f\u00e9vrier 2022, Camille Girard, \u00e9tudiante dirig\u00e9e par Michelle Garneau, a remport\u00e9 le prix de la meilleure communication orale (MSc) pour sa pr\u00e9sentation. Celle-ci \u00e9tait intitul\u00e9e\u202f\u00ab Acc\u00e9l\u00e9ration r\u00e9cente de l\u2019accumulation du carbone et expansion de la sphaigne dans les tourbi\u00e8res \u00e0 perg\u00e9lisol du Nunavik depuis la fin du 20<sup>e<\/sup> si\u00e8cle \u00bb. Bravo Camille\u202f!&nbsp;<\/p>\n\n\n\n<figure class=\"wp-block-image size-large\"><img loading=\"lazy\" decoding=\"async\" width=\"1024\" height=\"576\" src=\"https:\/\/cpaleo.uqam.ca\/wp-content\/uploads\/2022\/03\/image-1-1024x576.jpeg\" alt=\"\" class=\"wp-image-574\" srcset=\"https:\/\/cpaleo.uqam.ca\/wp-content\/uploads\/2022\/03\/image-1-1024x576.jpeg 1024w, https:\/\/cpaleo.uqam.ca\/wp-content\/uploads\/2022\/03\/image-1-300x169.jpeg 300w, https:\/\/cpaleo.uqam.ca\/wp-content\/uploads\/2022\/03\/image-1-768x432.jpeg 768w, https:\/\/cpaleo.uqam.ca\/wp-content\/uploads\/2022\/03\/image-1-1536x864.jpeg 1536w, https:\/\/cpaleo.uqam.ca\/wp-content\/uploads\/2022\/03\/image-1.jpeg 1600w\" sizes=\"auto, (max-width: 1024px) 100vw, 1024px\" \/><\/figure>\n\n\n\n<p><strong>6 janvier 2022 &#8211; <a rel=\"noreferrer noopener\" href=\"https:\/\/www.quebecscience.qc.ca\/sciences\/les-10-decouvertes-de-2021\/tourbieres-sequestration-carbone\/\" target=\"_blank\">Joannie Beaulne dans le top 10 des d\u00e9couvertes de l\u2019ann\u00e9e de Qu\u00e9bec Science<\/a><\/strong>&nbsp;<br>L\u2019\u00e9tude de Joannie Beaulne, \u00e9tudiante gradu\u00e9e \u00e0 la ma\u00eetrise sous la direction de Michelle Garneau et d\u2019\u00c9tienne Boucher, a \u00e9t\u00e9 s\u00e9lectionn\u00e9e comme faisant partie des 10 d\u00e9couvertes majeures en science au Qu\u00e9bec en 2021. Son article porte sur la s\u00e9questration du carbone dans les tourbi\u00e8res foresti\u00e8res du biome bor\u00e9al. Elle a prouv\u00e9 que les tourbi\u00e8res bois\u00e9es s\u00e9questrent davantage de carbone que la for\u00eat pour une m\u00eame p\u00e9riode. Cette d\u00e9couverte pourrait affecter la vision avec laquelle l\u2019industrie foresti\u00e8re observe ce type de milieu.&nbsp;<\/p>\n\n\n\n<figure class=\"wp-block-image size-large\"><img loading=\"lazy\" decoding=\"async\" width=\"1024\" height=\"683\" src=\"https:\/\/cpaleo.uqam.ca\/wp-content\/uploads\/2023\/05\/portrait-equipe-1200x800-1-1024x683.jpg\" alt=\"\" class=\"wp-image-1664\" srcset=\"https:\/\/cpaleo.uqam.ca\/wp-content\/uploads\/2023\/05\/portrait-equipe-1200x800-1-1024x683.jpg 1024w, https:\/\/cpaleo.uqam.ca\/wp-content\/uploads\/2023\/05\/portrait-equipe-1200x800-1-300x200.jpg 300w, https:\/\/cpaleo.uqam.ca\/wp-content\/uploads\/2023\/05\/portrait-equipe-1200x800-1-768x512.jpg 768w, https:\/\/cpaleo.uqam.ca\/wp-content\/uploads\/2023\/05\/portrait-equipe-1200x800-1.jpg 1200w\" sizes=\"auto, (max-width: 1024px) 100vw, 1024px\" \/><\/figure>\n\n\n\n<p><strong>22 novembre 2021 &#8211; <a rel=\"noreferrer noopener\" href=\"https:\/\/ici.radio-canada.ca\/ohdio\/premiere\/emissions\/l-heure-du-monde\/episodes\/586225\/rattrapage-du-lundi-22-novembre-2021\/8?fbclid=IwAR247PGrWA3MSU-HISN62i0NkfbZFserNF3vG7eXuKnquGfF8Wc1wVsiNBs\" data-type=\"URL\" data-id=\"https:\/\/ici.radio-canada.ca\/ohdio\/premiere\/emissions\/l-heure-du-monde\/episodes\/586225\/rattrapage-du-lundi-22-novembre-2021\/8?fbclid=IwAR247PGrWA3MSU-HISN62i0NkfbZFserNF3vG7eXuKnquGfF8Wc1wVsiNBs\" target=\"_blank\">La tourbi\u00e8re Lanoraie \u00e0 L\u2019heure du monde<\/a><\/strong>&nbsp;<br>Michelle Garneau est pass\u00e9e \u00e0 l\u2019\u00e9mission L\u2019heure du monde pour parler de l\u2019importance des tourbi\u00e8res lors d\u2019un bref reportage dans la tourbi\u00e8re Lanoraie, dans Lanaudi\u00e8re.&nbsp;&nbsp;<\/p>\n\n\n\n<p><strong>14 juin 2021 &#8211; <a rel=\"noreferrer noopener\" href=\"https:\/\/actualites.uqam.ca\/2021\/etudier-milieux-humides-long-138\" target=\"_blank\">\u00c9tudier les milieux humides le long de la 138<\/a><\/strong>&nbsp;<br>Un article d\u2019Actualit\u00e9s UQAM fait l\u2019annonce d\u2019un contrat de recherche ayant \u00e9t\u00e9 conclu entre l\u2019UQAM et le minist\u00e8re des Transports du Qu\u00e9bec pour r\u00e9aliser un projet de recherche visant \u00e0 \u00e9valuer l\u2019impact de la construction d\u2019un nouveau tron\u00e7on de route sur les services \u00e9cosyst\u00e9miques rendus par les milieux humides en Basse-C\u00f4te-Nord, en particulier les tourbi\u00e8res. Michelle Garneau sera une des collaboratrices et y apportera son expertise sur la dynamique du carbone.&nbsp;&nbsp;<\/p>\n\n\n\n<p><strong>7 d\u00e9cembre 2020 &#8211; <a rel=\"noreferrer noopener\" href=\"https:\/\/actualites.uqam.ca\/2020\/tourbieres-peril-article-nature-climate-change\" target=\"_blank\">Tourbi\u00e8res en p\u00e9ril<\/a><\/strong>&nbsp;<br>Un article d\u2019Actualit\u00e9s UQAM pr\u00e9sente une \u00e9tude publi\u00e9e dans la revue Nature Climate Change, r\u00e9it\u00e9rant l\u2019importance de pr\u00e9server les stocks de carbone des tourbi\u00e8res afin de limiter le r\u00e9chauffement climatique. Plusieurs chercheurs de l\u2019\u00e9quipe ont particip\u00e9 \u00e0 la r\u00e9daction de l\u2019\u00e9tude, notamment Michelle Garneau, Simon van Bellen et Gabriel Magnan.&nbsp;&nbsp;<\/p>\n\n\n\n<figure class=\"wp-block-image size-full\"><img loading=\"lazy\" decoding=\"async\" width=\"1000\" height=\"707\" src=\"https:\/\/cpaleo.uqam.ca\/wp-content\/uploads\/2023\/05\/20190807-195846-w.jpg\" alt=\"\" class=\"wp-image-1663\" srcset=\"https:\/\/cpaleo.uqam.ca\/wp-content\/uploads\/2023\/05\/20190807-195846-w.jpg 1000w, https:\/\/cpaleo.uqam.ca\/wp-content\/uploads\/2023\/05\/20190807-195846-w-300x212.jpg 300w, https:\/\/cpaleo.uqam.ca\/wp-content\/uploads\/2023\/05\/20190807-195846-w-768x543.jpg 768w\" sizes=\"auto, (max-width: 1000px) 100vw, 1000px\" \/><\/figure>\n\n\n\n<p><strong>11 novembre 2020 &#8211; <a rel=\"noreferrer noopener\" href=\"https:\/\/www.acfas.ca\/publications\/magazine\/2020\/09\/faire-recherche-collaborative-nord-canadien?fbclid=IwAR1B-IzLdrAF-z3p4X5HJIHVHL6zvJJ9U5k_mFpdrlLgSxr-9kTJMuqUTj0\" target=\"_blank\">Faire de la recherche collaborative dans le Nord canadien<\/a><\/strong>&nbsp;<br>P\u00e9n\u00e9lope Germain-Chartrand, \u00e9tudiante \u00e0 la ma\u00eetrise en g\u00e9ographie \u00e0 l\u2019UQAM, et Nia Perron, candidate au doctorat en g\u00e9ographie \u00e0 l\u2019Universit\u00e9 de Montr\u00e9al, ont publi\u00e9 une chronique pour le magazine de l\u2019Acfas racontant leur terrain r\u00e9alis\u00e9 \u00e0 l\u2019\u00e9t\u00e9 2019 dans les Territoires du Nord-Ouest.&nbsp;&nbsp;<\/p>\n\n\n\n<p><strong>20 mai 2020 &#8211; <a rel=\"noreferrer noopener\" href=\"https:\/\/www.actualites.uqam.ca\/2020\/deux-etudiants-finalistes-au-concours-la-preuve-par-image\" target=\"_blank\">P\u00e9n\u00e9lope Germain-Chartrand finaliste au concours La preuve par l\u2019image 2020 de l\u2019Acfas<\/a><\/strong>&nbsp;<br>P\u00e9n\u00e9lope Germain-Chartrand, \u00e9tudiante \u00e0 la ma\u00eetrise en g\u00e9ographie, figure parmi les 20 finalistes de la 11e \u00e9dition du concours La preuve par l\u2019image de l\u2019Association francophone pour le savoir (Acfas) pour la photo intitul\u00e9e \u00ab CO2 mon amour \u00bb cor\u00e9alis\u00e9e avec Nia Perron de l\u2019Universit\u00e9 de Montr\u00e9al. Bravo P\u00e9n\u00e9lope et bonne chance\u202f!&nbsp;<\/p>\n\n\n\n<figure class=\"wp-block-image size-large\"><img loading=\"lazy\" decoding=\"async\" width=\"1024\" height=\"768\" src=\"https:\/\/cpaleo.uqam.ca\/wp-content\/uploads\/2023\/05\/10_chartrand_lamuse_larg.2k_res.leger_-1024x768.jpg\" alt=\"\" class=\"wp-image-1662\" srcset=\"https:\/\/cpaleo.uqam.ca\/wp-content\/uploads\/2023\/05\/10_chartrand_lamuse_larg.2k_res.leger_-1024x768.jpg 1024w, https:\/\/cpaleo.uqam.ca\/wp-content\/uploads\/2023\/05\/10_chartrand_lamuse_larg.2k_res.leger_-300x225.jpg 300w, https:\/\/cpaleo.uqam.ca\/wp-content\/uploads\/2023\/05\/10_chartrand_lamuse_larg.2k_res.leger_-768x576.jpg 768w, https:\/\/cpaleo.uqam.ca\/wp-content\/uploads\/2023\/05\/10_chartrand_lamuse_larg.2k_res.leger_-1536x1152.jpg 1536w, https:\/\/cpaleo.uqam.ca\/wp-content\/uploads\/2023\/05\/10_chartrand_lamuse_larg.2k_res.leger_.jpg 2000w\" sizes=\"auto, (max-width: 1024px) 100vw, 1024px\" \/><\/figure>\n\n\n\n<p><strong>17 novembre 2019 &#8211; <a rel=\"noreferrer noopener\" href=\"https:\/\/ici.radio-canada.ca\/ohdio\/premiere\/emissions\/les-annees-lumiere\/segments\/reportage\/142343\/barrage-reservoir-climat-serre-gaz-hydro-electricite\" target=\"_blank\">Le bilan environnemental des barrages hydro\u00e9lectriques\u202f: Vraiment verte, l\u2019\u00e9nergie de l\u2019or bleu\u202f?<\/a><\/strong>&nbsp;<br>\u00ab Une nouvelle \u00e9tude parue dans la revue&nbsp;<em>Environmental Science &amp;&nbsp;Technology<\/em>&nbsp;met en \u00e9vidence des \u00e9carts dans la performance environnementale des centrales hydro\u00e9lectriques.\u00bb<\/p>\n\n\n\n<p><strong>23 f\u00e9vrier  2019 &#8211; <a rel=\"noreferrer noopener\" href=\"https:\/\/www.natureconservancy.ca\/en\/blog\/archive\/in-the-depths-of-the-lac-a-la-tortue-bog.html\" data-type=\"URL\" data-id=\"https:\/\/www.natureconservancy.ca\/en\/blog\/archive\/in-the-depths-of-the-lac-a-la-tortue-bog.html\" target=\"_blank\">In the depths of the Lac-\u00e0-la-Tortue bog<\/a>&nbsp;<\/strong><br>\u00ab Peatlands are wetlands composed of plant residues accumulated over thousands of years. Although they are widespread in Quebec, many people don&rsquo;t know about them. However they provide us with many essential services, such as water filtration and flood control. They are also important in mitigating climate change, since they capture and store carbon.\u00bb<\/p>\n\n\n\n<p><strong>22 novembre 2018 &#8211; <a href=\"https:\/\/www.lequotidien.com\/2018\/11\/22\/depuis-une-tourbiere-quebecoise-le-premier-bilan-carbone-des-barrages-photos-ba21625c5535e285b4394a5a41a57112\" target=\"_blank\" rel=\"noreferrer noopener\">Depuis une tourbi\u00e8re qu\u00e9b\u00e9coise, le premier bilan carbone des barrages<\/a><\/strong>&nbsp;<br>\u00ab Accroupie sur le sol spongieux, la scientifique d\u00e9pose une petite cloche pour \u00abmesurer la respiration\u00bb de cette tourbi\u00e8re du nord du Qu\u00e9bec: elle esp\u00e8re ainsi dresser le premier bilan carbone des zones inond\u00e9es par la construction de barrages, des donn\u00e9es cruciales pour la lutte contre le r\u00e9chauffement climatique. \u00bb&nbsp;<\/p>\n\n\n\n<figure class=\"wp-block-image size-large\"><img loading=\"lazy\" decoding=\"async\" width=\"1024\" height=\"683\" src=\"https:\/\/cpaleo.uqam.ca\/wp-content\/uploads\/2023\/05\/B7NT26FPDVCW3M72ME66OOA57A-1024x683.jpg\" alt=\"\" class=\"wp-image-1665\" srcset=\"https:\/\/cpaleo.uqam.ca\/wp-content\/uploads\/2023\/05\/B7NT26FPDVCW3M72ME66OOA57A-1024x683.jpg 1024w, https:\/\/cpaleo.uqam.ca\/wp-content\/uploads\/2023\/05\/B7NT26FPDVCW3M72ME66OOA57A-300x200.jpg 300w, https:\/\/cpaleo.uqam.ca\/wp-content\/uploads\/2023\/05\/B7NT26FPDVCW3M72ME66OOA57A-768x512.jpg 768w, https:\/\/cpaleo.uqam.ca\/wp-content\/uploads\/2023\/05\/B7NT26FPDVCW3M72ME66OOA57A.jpg 1440w\" sizes=\"auto, (max-width: 1024px) 100vw, 1024px\" \/><\/figure>\n\n\n\n<p><strong>27 septembre 2018 &#8211; <a rel=\"noreferrer noopener\" href=\"https:\/\/ici.radio-canada.ca\/nouvelle\/1082792\/quebec-milieux-humides-hydriques-nord-boreale-gouvernement-compensation\" target=\"_blank\">Qu\u00e9bec permet la destruction gratuite de l&rsquo;environnement au nord du 49e parall\u00e8le<\/a><\/strong>&nbsp;<br>\u00ab Un nouveau r\u00e8glement, entr\u00e9 en vigueur le 20 septembre, suscite l&rsquo;\u00e9tonnement chez des fonctionnaires, des juristes, des scientifiques et des environnementalistes. Au nord du 49e parall\u00e8le, le gouvernement du Qu\u00e9bec permet la destruction de milieux humides et hydriques sans exiger de compensation par de l&rsquo;argent ou des travaux, ce qui pourrait aller \u00e0 l&rsquo;encontre de l&rsquo;objectif de la loi. \u00bb Michelle Garneau, et son \u00e9tude de 2015 r\u00e9v\u00e9lant que 95% du carbone stock\u00e9 dans les tourbi\u00e8res et les for\u00eats du Qu\u00e9bec se situe au nord du 49<sup>e<\/sup> parall\u00e8le, sont d\u2019ailleurs cit\u00e9es.&nbsp;<\/p>\n\n\n\n<p><strong>22 ao\u00fbt 2018 &#8211; <a rel=\"noreferrer noopener\" href=\"http:\/\/22 ao\u00fbt 2018 - Prot\u00e9ger une tourbi\u00e8re, au T\u00e9l\u00e9journal&nbsp; Louis-Martin Pilote, \u00e9tudiant \u00e0 la ma\u00eetrise dirig\u00e9 par Michelle Garneau, a r\u00e9alis\u00e9 une entrevue t\u00e9l\u00e9vis\u00e9e \u00e0 l\u2019\u00e9mission Le T\u00e9l\u00e9journal (Mauricie) pour discuter de la protection de la tourbi\u00e8re Lac-\u00e0-la-Tortue. &nbsp; \u00c0 partir de 15:25 minutes.&nbsp; https:\/\/ici.radio-canada.ca\/tele\/le-telejournal-mauricie\/site\/episodes\/413958\/episode-du-22-aout-2018\" target=\"_blank\">Prot\u00e9ger une tourbi\u00e8re, au T\u00e9l\u00e9journal<\/a><\/strong>&nbsp;<br>Louis-Martin Pilote, \u00e9tudiant \u00e0 la ma\u00eetrise dirig\u00e9 par Michelle Garneau, a r\u00e9alis\u00e9 une entrevue t\u00e9l\u00e9vis\u00e9e \u00e0 l\u2019\u00e9mission Le T\u00e9l\u00e9journal (Mauricie) pour discuter de la protection de la tourbi\u00e8re Lac-\u00e0-la-Tortue. &nbsp;<br>\u00c0 partir de 15:25 minutes.&nbsp;<\/p>\n\n\n\n<p><strong>22 ao\u00fbt 2018 &#8211; <a rel=\"noreferrer noopener\" href=\"https:\/\/ici.radio-canada.ca\/nouvelle\/1119458\/tourbe-especes-plantes-ecosysteme-milieu-humide-shawinigan\" target=\"_blank\">La tourbi\u00e8re de Lac-\u00e0-la-Tortue mieux prot\u00e9g\u00e9e<\/a><\/strong>&nbsp;<br>La tourbi\u00e8re de Lac-\u00e0-la-Tortue, sur laquelle travaillent plusieurs \u00e9tudiants \u00e0 la ma\u00eetrise dirig\u00e9s par Michelle Garneau, sera davantage prot\u00e9g\u00e9e.&nbsp;&nbsp;<br>\u00ab Un territoire additionnel de 27 kilom\u00e8tres carr\u00e9s dans la tourbi\u00e8re de Lac-\u00e0-la-Tortue sera prot\u00e9g\u00e9. [\u2026] Avec cet ajout, c\u2019est maintenant environ 75 % de la tourbi\u00e8re du secteur qui sera d\u00e9sormais pr\u00e9serv\u00e9. \u00bb&nbsp;<\/p>\n\n\n\n<p><strong>21 ao\u00fbt 2018 &#8211; <strong><a rel=\"noreferrer noopener\" href=\"https:\/\/www.ledevoir.com\/societe\/science\/534933\/grandeur-nature-des-chercheurs-etudient-les-emissions-de-ges-dans-les-tourbieres\" target=\"_blank\">Les pieds dans les tourbi\u00e8res de la rivi\u00e8re Romaine<\/a><\/strong><\/strong>&nbsp;<br>Une journaliste du journal a accompagn\u00e9 sur le terrain Michelle Garneau, Pierre Taillardat, Camille Girard et L\u00e9onie Perrier lors de leur \u00e9chantillonnage de la tourbi\u00e8re Bouleau au nord de Havre-Saint-Pierre. En partenariat avec Hydro-Qu\u00e9bec, qui souhaite comptabiliser les \u00e9missions de GES g\u00e9n\u00e9r\u00e9es par la construction d\u2019un complexe de quatre barrages hydro\u00e9lectriques sur la rivi\u00e8re Romaine, ils ont \u00e9tudi\u00e9 la dynamique du carbone de cette tourbi\u00e8re afin qu\u2019elle serve de mesure de r\u00e9f\u00e9rence.&nbsp;&nbsp;<\/p>\n\n\n\n<figure class=\"wp-block-image size-large\"><img loading=\"lazy\" decoding=\"async\" width=\"1024\" height=\"655\" src=\"https:\/\/cpaleo.uqam.ca\/wp-content\/uploads\/2023\/05\/image-1024x655.webp\" alt=\"\" class=\"wp-image-1666\" srcset=\"https:\/\/cpaleo.uqam.ca\/wp-content\/uploads\/2023\/05\/image-1024x655.webp 1024w, https:\/\/cpaleo.uqam.ca\/wp-content\/uploads\/2023\/05\/image-300x192.webp 300w, https:\/\/cpaleo.uqam.ca\/wp-content\/uploads\/2023\/05\/image-768x492.webp 768w, https:\/\/cpaleo.uqam.ca\/wp-content\/uploads\/2023\/05\/image-1536x983.webp 1536w, https:\/\/cpaleo.uqam.ca\/wp-content\/uploads\/2023\/05\/image.webp 1656w\" sizes=\"auto, (max-width: 1024px) 100vw, 1024px\" \/><\/figure>\n\n\n\n<p><strong>27 juin 2018 &#8211; <a rel=\"noreferrer noopener\" href=\"https:\/\/ici.radio-canada.ca\/ohdio\/premiere\/emissions\/bonjour-la-cote\/segments\/entrevue\/77809\/etudiants-geographie-chantier-romaine-hydroelectrique-territoire-bilan-carbone-amenagements\" target=\"_blank\">Des \u00e9tudiants de l\u2019UQAM reviennent de la Romaine<\/a><\/strong>&nbsp;<br>\u00ab Des \u00e9tudiants de l&rsquo;UQAM reviennent d&rsquo;une campagne de terrain de 10 jours \u00e0 la Romaine. Il s&rsquo;agit d&rsquo;un projet r\u00e9alis\u00e9 en partenariat avec l&rsquo;UQAM et Hydro-Qu\u00e9bec, sous le leadership de la professeure Michelle Garneau du Geotop-UQAM, visant \u00e0 quantifier le bilan net du carbone du territoire (lacs, for\u00eats, tourbi\u00e8res) suite \u00e0 la mise en eau de quatre am\u00e9nagements hydro-\u00e9lectriques le long de la rivi\u00e8re Romaine. Guillaume en a parl\u00e9 avec Louis-Martin Pilote, agent de recherche pour Geotop-UQAM. \u00bb&nbsp;<\/p>\n\n\n\n<p><strong>15 octobre 2017 &#8211; <a href=\"https:\/\/www.youtube.com\/watch?v=QSLlN5mNrvU\" target=\"_blank\" rel=\"noreferrer noopener\">Conservation des stocks de carbone dans les tourbi\u00e8res<\/a><\/strong>&nbsp;<br>Michelle Garneau a particip\u00e9 au Symposium Sols Vivants Montr\u00e9al, qui a eu lieu du 13 au 15 octobre 2017 \u00e0 l\u2019Universit\u00e9 Concordia, pour y pr\u00e9senter ses recherches sur la conservation des stocks de carbone dans les tourbi\u00e8res.&nbsp;&nbsp;<\/p>\n\n\n\n<figure class=\"wp-block-embed is-type-video is-provider-youtube wp-block-embed-youtube wp-embed-aspect-16-9 wp-has-aspect-ratio\"><div class=\"wp-block-embed__wrapper\">\n<iframe loading=\"lazy\" title=\"Michelle Garneau - Conservation des stocks de carbone dans les tourbi\u00e8res\" width=\"720\" height=\"405\" src=\"https:\/\/www.youtube.com\/embed\/QSLlN5mNrvU?feature=oembed\" frameborder=\"0\" allow=\"accelerometer; autoplay; clipboard-write; encrypted-media; gyroscope; picture-in-picture; web-share\" referrerpolicy=\"strict-origin-when-cross-origin\" allowfullscreen><\/iframe>\n<\/div><\/figure>\n\n\n\n<p><strong>17 avril 2017 &#8211; <a rel=\"noreferrer noopener\" href=\"https:\/\/www.sciencepresse.qc.ca\/actualite\/2017\/04\/11\/tourbieres-aleas-climat\" target=\"_blank\">Nos tourbi\u00e8res sont vuln\u00e9rables<\/a><\/strong>&nbsp;<br>Michelle Garneau a r\u00e9alis\u00e9 une entrevue avec Isabelle Burgun de l\u2019Agence Science-Presse pour discuter de la capacit\u00e9 de s\u00e9questration du carbone des tourbi\u00e8res.&nbsp;&nbsp;<\/p>\n\n\n\n<p><strong>13 mars 2017 &#8211; <a href=\"https:\/\/actualites.uqam.ca\/2017\/proteger-tourbieres-pour-mieux-sequestrer-carbone\/\" target=\"_blank\" rel=\"noreferrer noopener\">Prot\u00e9ger les tourbi\u00e8res<\/a><\/strong>&nbsp;<br>Un article d\u2019Actualit\u00e9s UQAM pr\u00e9sente l&rsquo;\u00e9tude r\u00e9alis\u00e9e par Michelle Garneau, qui constitue le premier inventaire au Canada des stocks de carbone contenus dans les \u00e9cosyst\u00e8mes tourbeux et forestiers du nord du Qu\u00e9bec.&nbsp;<\/p>\n\n\n\n<p><strong>13 d\u00e9cembre 2016 &#8211; <a rel=\"noreferrer noopener\" href=\"http:\/\/www.mddelcc.gouv.qc.ca\/infuseur\/communique.asp?no=3622\" target=\"_blank\">Communiqu\u00e9 de presse<\/a><\/strong>&nbsp;<br>Dans un communiqu\u00e9 de presse, le ministre Heurtel revient sur le projet d\u2019inventaire des stocks de carbone terrestre des r\u00e9gions bor\u00e9ale et subarctique du Qu\u00e9bec.&nbsp;&nbsp;<br>\u00ab Cette \u00e9tude visait \u00e0 mieux conna\u00eetre le potentiel de stockage du territoire nordique, qui constitue un important puits naturel de carbone, \u00e0 le quantifier et \u00e0 d\u00e9terminer sa distribution sur le territoire qu\u00e9b\u00e9cois. Le Qu\u00e9bec est la seule province canadienne \u00e0 poss\u00e9der des donn\u00e9es sur la valeur de ses stocks de carbone terrestre. Les r\u00e9sultats obtenus permettent de positionner le Qu\u00e9bec sur la sc\u00e8ne internationale \u00e0 l\u2019\u00e9gard du r\u00f4le jou\u00e9 par les \u00e9cosyst\u00e8mes bor\u00e9aux dans la s\u00e9questration du carbone et l\u2019att\u00e9nuation des GES. Cette \u00e9tude nous permettra d\u2019\u00e9laborer les meilleures strat\u00e9gies de conservation et de d\u00e9veloppement responsable du Nord, dans un contexte de changements climatiques \u00bb, a soulign\u00e9 le ministre Heurtel.&nbsp;<\/p>\n\n\n\n<p><strong>7 d\u00e9cembre 2016 &#8211; <a rel=\"noreferrer noopener\" href=\"http:\/\/plus.lapresse.ca\/screens\/6a0b3284-0f0a-42fb-acc0-a8330e44c190__7C___0.html\" target=\"_blank\">Fuites de carbone et d\u00e9gel massif d\u00e9tect\u00e9s dans l\u2019Arctique<\/a><\/strong>&nbsp;<br>\u00ab De nouvelles recherches publi\u00e9es r\u00e9cemment permettent de comprendre comment le carbone contenu dans le sol est lib\u00e9r\u00e9 par le r\u00e9chauffement, particuli\u00e8rement dans l\u2019Arctique, ce qui laisse pr\u00e9sager un cercle vicieux de mauvais augure pour le climat. \u00bb&nbsp;<br>Michelle Garneau a \u00e9t\u00e9 questionn\u00e9 sur les liens complexes entre la v\u00e9g\u00e9tation, les sols et les conditions climatiques, et a r\u00e9it\u00e9r\u00e9 l\u2019incertitude sur la r\u00e9action des plantes \u00e0 leur nouveau climat.&nbsp;&nbsp;&nbsp;<\/p>\n\n\n\n<p><strong>13 mai 2016 &#8211; Gabriel Magnan \u00e0 L\u2019heure du monde<\/strong>&nbsp;<br>Gabriel Magnan a r\u00e9alis\u00e9 une entrevue radiophonique \u00e0 l\u2019\u00e9mission L\u2019heure du monde (Jean-S\u00e9bastien Bernatchez) pour discuter des cons\u00e9quences des feux de for\u00eat albertains sur les \u00e9cosyst\u00e8mes locaux.&nbsp;&nbsp;<\/p>\n\n\n\n<p><strong>14 d\u00e9cembre 2015 &#8211; <a rel=\"noreferrer noopener\" href=\"http:\/\/www.actualites.uqam.ca\/2015\/effets-rechauffement-climatique-pergelisol-tourbieres-arctiques\" target=\"_blank\">Tourbi\u00e8res en p\u00e9ril<\/a><\/strong>&nbsp;<br>\u00ab Le r\u00e9chauffement climatique fait fondre peu \u00e0 peu le perg\u00e9lisol des tourbi\u00e8res arctiques. \u00c0 terme, cela entra\u00eenera une augmentation des \u00e9missions de m\u00e9thane vers l&rsquo;atmosph\u00e8re. Voil\u00e0 le principal constat effectu\u00e9 par une \u00e9quipe de chercheurs du Royaume-Uni, du Danemark, de la Su\u00e8de et du Canada, dont faisaient partie la professeure Michelle Garneau, du D\u00e9partement de g\u00e9ographie, chercheuse au GEOTOP, et Steve Pratte, doctorant en sciences de la Terre et de l&rsquo;atmosph\u00e8re. \u00bb&nbsp;&nbsp;<\/p>\n\n\n\n<figure class=\"wp-block-image size-full\"><img loading=\"lazy\" decoding=\"async\" width=\"800\" height=\"536\" src=\"https:\/\/cpaleo.uqam.ca\/wp-content\/uploads\/2023\/05\/palses-tourbieres.jpg\" alt=\"\" class=\"wp-image-1667\" srcset=\"https:\/\/cpaleo.uqam.ca\/wp-content\/uploads\/2023\/05\/palses-tourbieres.jpg 800w, https:\/\/cpaleo.uqam.ca\/wp-content\/uploads\/2023\/05\/palses-tourbieres-300x201.jpg 300w, https:\/\/cpaleo.uqam.ca\/wp-content\/uploads\/2023\/05\/palses-tourbieres-768x515.jpg 768w\" sizes=\"auto, (max-width: 800px) 100vw, 800px\" \/><figcaption class=\"wp-element-caption\">SONY DSC<\/figcaption><\/figure>\n\n\n\n<p><strong>10 octobre 2015 &#8211; <\/strong><a rel=\"noreferrer noopener\" href=\"https:\/\/ici.radio-canada.ca\/nouvelle\/743668\/stockage-co2-tourbieres-foret-boreale\" target=\"_blank\"><strong>Les tourbi\u00e8res bor\u00e9ales peuvent stocker pr\u00e8s de 700 fois les \u00e9missions annuelles de CO2 du Qu\u00e9bec<\/strong>&nbsp;<\/a><br>\u00ab Les tourbi\u00e8res bor\u00e9ales peuvent stocker l&rsquo;\u00e9quivalent d&rsquo;environ 55 000 millions de tonnes de CO2. Cela correspond \u00e0 pr\u00e8s de 700 fois les \u00e9missions annuelles du Qu\u00e9bec, estim\u00e9es \u00e0 78 millions de tonnes en 2012.&nbsp;<br>Le ministre de l&rsquo;Environnement, David Heurtel, a r\u00e9v\u00e9l\u00e9 ces donn\u00e9es, vendredi, d&rsquo;une \u00e9tude r\u00e9alis\u00e9e par la professeure Michelle Garneau, titulaire de la Chaire de recherche sur la dynamique des \u00e9cosyst\u00e8mes tourbeux et changements climatiques. \u00bb&nbsp;<\/p>\n\n\n\n<p><strong>9 octobre 2015 &#8211; <a rel=\"noreferrer noopener\" href=\"http:\/\/www.mddelcc.gouv.qc.ca\/infuseur\/communique.asp?no=3329\" target=\"_blank\">Le ministre Heurtel d\u00e9voile les r\u00e9sultats pr\u00e9liminaires d&rsquo;une \u00e9tude scientifique sur les stocks de carbone du Nord qu\u00e9b\u00e9cois<\/a><\/strong>&nbsp;<br>Les premiers r\u00e9sultats de cette \u00e9tude r\u00e9alis\u00e9e par la professeure Michelle Garneau, titulaire de la Chaire de recherche sur la dynamique des \u00e9cosyst\u00e8mes tourbeux et changements climatiques, permettent de constater que les stocks de carbone du domaine bor\u00e9al ont fort probablement \u00e9t\u00e9 sous-estim\u00e9s et que le potentiel de la for\u00eat bor\u00e9ale, de ses sols et des milieux humides \u00e0 s\u00e9questrer le CO2 atmosph\u00e9rique est plus \u00e9lev\u00e9 qu\u2019on le pensait. [ \u2026 ]&nbsp;<br>La masse de carbone accumul\u00e9e dans les tourbi\u00e8res est environ dix fois plus \u00e9lev\u00e9e que celle qu\u2019on trouve dans les for\u00eats. Les r\u00e9sultats pr\u00e9liminaires de l\u2019\u00e9tude indiquent que le stock de carbone des tourbi\u00e8res bor\u00e9ales est d\u2019environ 55 000 Mt \u00e9q. CO2, ce qui correspond \u00e0 environ 700 fois les \u00e9missions annuelles du Qu\u00e9bec, estim\u00e9es \u00e0 78 Mt en 2012. \u00bb&nbsp;<\/p>\n\n\n\n<p><strong>22 mai 2015 &#8211; <\/strong><a rel=\"noreferrer noopener\" href=\"\/\/www.acfas.ca\/publications\/decouvrir\/2015\/05\/service-tourbe\" target=\"_blank\"><strong>Service de tourbe<\/strong>&nbsp;<\/a><br>Marc-Andr\u00e9 Bourgault, candidat au doctorat sous la direction de Marie Larocque et avec la collaboration de Michelle Garneau, s\u2019int\u00e9resse \u00e0 la capacit\u00e9 d\u2019emmagasinement des tourbi\u00e8res et \u00e0 leurs propri\u00e9t\u00e9s hydrodynamiques.&nbsp;&nbsp;<\/p>\n\n\n\n<p><strong>20 octobre 2014 &#8211; <a rel=\"noreferrer noopener\" href=\"https:\/\/actualites.uqam.ca\/2014\/deux-uqamiens-remportent-prix-concours-preuve-par-image-acfas\" target=\"_blank\">Meilleure image scientifique au concours La Preuve par l\u2019image de l\u2019Acfas<\/a><\/strong>&nbsp;<br>Michelle Garneau, professeure au D\u00e9partement de g\u00e9ographie, et Alexandre Lamarre (M.Sc. g\u00e9ographie, 2011), \u00e9tudiant au D.E.S.S. en syst\u00e8mes d&rsquo;information g\u00e9ographique, ont remport\u00e9 le premier prix au concours La Preuve par l&rsquo;image 2014.&nbsp;&nbsp;<\/p>\n\n\n\n<figure class=\"wp-block-image size-full\"><img loading=\"lazy\" decoding=\"async\" width=\"800\" height=\"600\" src=\"https:\/\/cpaleo.uqam.ca\/wp-content\/uploads\/2023\/05\/prix-acfas-preuve-par-image.jpg\" alt=\"\" class=\"wp-image-1668\" srcset=\"https:\/\/cpaleo.uqam.ca\/wp-content\/uploads\/2023\/05\/prix-acfas-preuve-par-image.jpg 800w, https:\/\/cpaleo.uqam.ca\/wp-content\/uploads\/2023\/05\/prix-acfas-preuve-par-image-300x225.jpg 300w, https:\/\/cpaleo.uqam.ca\/wp-content\/uploads\/2023\/05\/prix-acfas-preuve-par-image-768x576.jpg 768w\" sizes=\"auto, (max-width: 800px) 100vw, 800px\" \/><\/figure>\n\n\n\n<p><strong>24 juillet 2014 &#8211; MEETING PALSEA-2014<\/strong>&nbsp;<br>Le 23 et 24 septembre 2014, Robert Barnett, stagiaire postdoctoral, pr\u00e9sentera ses recherches au congr\u00e8s PALSEA-2014 qui aura lieu dans la ville de Lochinver,\u202fen \u00c9cosse.&nbsp;<\/p>\n\n\n\n<p><strong>11 juillet 2014 &#8211; 7<sup>e<\/sup> International Symposium on Testate Amoebae<\/strong>&nbsp;<br>Du 8 au 12 septembre 2014, Julien Minville, candidat \u00e0 la ma\u00eetrise, et Michelle Garneau participeront au 7<sup>e<\/sup> International Symposium on Testate Amoebae (ITSA) dans la ville de Pozna\u0144\u202fen Pologne. Il pr\u00e9sentera ses recherches sous forme d&rsquo;affiche.&nbsp;<\/p>\n\n\n\n<p><strong>18 mars 2014 &#8211; Congr\u00e8s annuel du GEOTOP 2014<\/strong>&nbsp;<br>Sept \u00e9tudiants supervis\u00e9s par Michelle Garneau ont particip\u00e9 au Congr\u00e8s annuel du GEOTOP 2014, qui a eu lieu du 14 au 16 mars \u00e0 la base de plein-air de Poh\u00e9n\u00e9gamook. Parmi eux, le doctorant Steve Pratte a brillamment remport\u00e9 le 2<sup>e<\/sup> prix pour la meilleure affiche.\u202f&nbsp;<\/p>\n\n\n\n<p><strong>1<sup>er<\/sup> f\u00e9vrier 2014 &#8211; 20<sup>e<\/sup> symposium du GRET<\/strong>&nbsp;<br>Val\u00e9rie Lefran\u00e7ois, Luc Pelletier et Christophe Jenkins participeront au 20<sup>e<\/sup> colloque du GRET, \u00ab\u00a0Symposium on responsible management of peatlands :\u202fImplications of the industrial sector\u00a0\u00bb, le 19 f\u00e9vrier 2014 prochain \u00e0 l&rsquo;Universit\u00e9 Laval, Qu\u00e9bec.&nbsp;<\/p>\n\n\n\n<p><strong>1<sup>er<\/sup> novembre 2013 &#8211; <a rel=\"noreferrer noopener\" href=\"https:\/\/www.ipcc-nggip.iges.or.jp\/home\/wetlands.html\" data-type=\"URL\" data-id=\"https:\/\/www.ipcc-nggip.iges.or.jp\/home\/wetlands.html\" target=\"_blank\">37<sup>e<\/sup> pl\u00e9ni\u00e8re du GIEC<\/a><\/strong>&nbsp;<br>Le GIEC a tenu sa 37<sup>e<\/sup>\u202fpl\u00e9ni\u00e8re \u00e0 Batuma, en Georgie, du 14 au 18 octobre 2013, \u00e0 laquelle Michelle Garneau a particip\u00e9 \u00e0 titre d\u2019\u00e9diteure-r\u00e9viseure.&nbsp;<br>Durant cette pl\u00e9ni\u00e8re, une nouvelle annexe concernant les milieux humides a \u00e9t\u00e9 adopt\u00e9e et sera ajout\u00e9e aux \u00ab\u202fLignes directrices 2006 du GIEC pour les inventaires nationaux de gaz \u00e0 effet de serre\u202f\u00bb. Cette annexe porte notamment sur la m\u00e9thodologie d\u2019inventaire des gaz \u00e0 effet de serre dans les zones humides.&nbsp;<\/p>\n\n\n\n<p><strong>20 septembre 2013 &#8211; Soutenance de Gabriel Magnan<\/strong>&nbsp;<br>Gabriel Magnan a soutenu sa th\u00e8se de doctorat : \u00ab Dynamique \u00e9cohydrologique et s\u00e9questration du carbone au cours de l&rsquo;Holoc\u00e8ne dans les tourbi\u00e8res ombrotrophes maritimes de l&rsquo;estuaire et du golfe du Saint-Laurent \u00bb&nbsp;<br>Vendredi 20 septembre 2013, \u00e0 9h30&nbsp;<br>PK-3210&nbsp;<\/p>\n\n\n\n<p><strong>8 f\u00e9vrier 2013 &#8211; Soutenance de Simon van Bellen<\/strong>&nbsp;<br>Simon van Bellen soutiendra sa th\u00e8se de doctorat : \u00ab Accumulation du carbone dans trois tourbi\u00e8res ombrotrophes de la r\u00e9gion d\u2019Eastmain, Qu\u00e9bec, Canada: influence de l\u2019hydrologie, de la v\u00e9g\u00e9tation et des feux dans le contexte climatique Holoc\u00e8ne \u00bb&nbsp;<br>Mercredi 13 avril \u00e0 9h30&nbsp;<br>PK-3150&nbsp;<\/p>\n\n\n\n<p><strong>22 octobre 2011 &#8211; <a rel=\"noreferrer noopener\" href=\"https:\/\/www.ledevoir.com\/societe\/science\/334137\/hydro-quebec-et-l-uqam-arbres-tourbieres-et-autres-ecosystemes\" data-type=\"URL\" data-id=\"https:\/\/www.ledevoir.com\/societe\/science\/334137\/hydro-quebec-et-l-uqam-arbres-tourbieres-et-autres-ecosystemes\" target=\"_blank\">Hydro-Qu\u00e9bec et l&rsquo;UQAM &#8211; Arbres, tourbi\u00e8res et autres \u00e9cosyst\u00e8mes<\/a><\/strong>&nbsp;<br>Michelle Garneau, titulaire de la Chaire des \u00e9cosyst\u00e8mes tourbeux et changements climatiques de l&rsquo;UQAM, cherche \u00e0 comprendre l\u2019effet du climat sur la captation du carbone. Hydro-Qu\u00e9bec s\u2019int\u00e9resse particuli\u00e8rement \u00e0 ses recherches, car la soci\u00e9t\u00e9 d\u2019\u00c9tat effectue des travaux dans les r\u00e9gions nordiques et que certaines tourbi\u00e8res risquent d\u2019\u00eatre perturb\u00e9es.&nbsp;&nbsp;<\/p>\n\n\n\n<p><strong>30 novembre 2010 &#8211; <a rel=\"noreferrer noopener\" href=\"https:\/\/actualites.uqam.ca\/2010\/lancement-chaire-hydro-quebec-dynamique-ecosystemes-tourbeux-changements-climatiques\" target=\"_blank\">Lancement de la Chaire Hydro-Qu\u00e9bec sur la dynamique des \u00e9cosyst\u00e8mes tourbeux et changements climatiques<\/a><\/strong>&nbsp;<br>Inauguration de la nouvelle Chaire de recherche de Hydro-Qu\u00e9bec portant sur la dynamique des \u00e9cosyst\u00e8mes tourbeux et les changements climatiques. Cette nouvelle chaire de recherche sera dirig\u00e9e par Michelle Garneau au GEOTOP et aura pour objectif d\u2019\u00e9tudier l\u2019impact des changements climatiques sur les \u00e9cosyst\u00e8mes tourbeux de diff\u00e9rentes r\u00e9gions bioclimatiques du Qu\u00e9bec et du nord-est canadien.&nbsp;&nbsp;<\/p>\n<\/div>\n\n\n\n<div class=\"wp-block-column is-layout-flow wp-block-column-is-layout-flow\" style=\"flex-basis:33.33%\">\n<figure class=\"wp-block-embed is-type-rich is-provider-twitter wp-block-embed-twitter\"><div class=\"wp-block-embed__wrapper\">\nhttps:\/\/bsky.app\/profile\/cpaleolab.bsky.social\n<\/div><\/figure>\n<\/div>\n<\/div>\n","protected":false},"excerpt":{"rendered":"<p>Actualit\u00e9 21 novembre 2025 &#8211; Michelle Garneau laur\u00e9ate du prix ACFAS Michel-Jurdant 2025 F\u00e9licitation \u00e0 Michelle Garneau, laur\u00e9ate du prix Acfas Michel-Jurdant 2025 !! Son expertise des tourbi\u00e8res en tant qu&rsquo;archives \u00e9cologiques et climatiques et sur leur r\u00f4le essentiel dans la s\u00e9questration du carbone contribue \u00e0 la mise en valeur de l&rsquo;importance des milieux humides&#8230;<\/p>","protected":false},"author":4,"featured_media":0,"parent":0,"menu_order":0,"comment_status":"closed","ping_status":"closed","template":"","meta":{"_kad_post_transparent":"","_kad_post_title":"","_kad_post_layout":"","_kad_post_sidebar_id":"","_kad_post_content_style":"","_kad_post_vertical_padding":"","_kad_post_feature":"","_kad_post_feature_position":"","_kad_post_header":false,"_kad_post_footer":false,"_kad_post_classname":"","footnotes":""},"class_list":["post-43","page","type-page","status-publish","hentry"],"_links":{"self":[{"href":"https:\/\/cpaleo.uqam.ca\/en\/wp-json\/wp\/v2\/pages\/43","targetHints":{"allow":["GET"]}}],"collection":[{"href":"https:\/\/cpaleo.uqam.ca\/en\/wp-json\/wp\/v2\/pages"}],"about":[{"href":"https:\/\/cpaleo.uqam.ca\/en\/wp-json\/wp\/v2\/types\/page"}],"author":[{"embeddable":true,"href":"https:\/\/cpaleo.uqam.ca\/en\/wp-json\/wp\/v2\/users\/4"}],"replies":[{"embeddable":true,"href":"https:\/\/cpaleo.uqam.ca\/en\/wp-json\/wp\/v2\/comments?post=43"}],"version-history":[{"count":44,"href":"https:\/\/cpaleo.uqam.ca\/en\/wp-json\/wp\/v2\/pages\/43\/revisions"}],"predecessor-version":[{"id":2198,"href":"https:\/\/cpaleo.uqam.ca\/en\/wp-json\/wp\/v2\/pages\/43\/revisions\/2198"}],"wp:attachment":[{"href":"https:\/\/cpaleo.uqam.ca\/en\/wp-json\/wp\/v2\/media?parent=43"}],"curies":[{"name":"wp","href":"https:\/\/api.w.org\/{rel}","templated":true}]}}